{"id":13613,"date":"2023-12-15T18:21:52","date_gmt":"2023-12-15T18:21:52","guid":{"rendered":"https:\/\/courchevelchalets.fr\/traiteur-2\/"},"modified":"2024-01-29T16:37:39","modified_gmt":"2024-01-29T16:37:39","slug":"traiteur-2","status":"publish","type":"page","link":"https:\/\/courchevelchalets.fr\/fr\/traiteur-2\/","title":{"rendered":"Autosuffisance"},"content":{"rendered":"\t\t<div data-elementor-type=\"wp-page\" data-elementor-id=\"13613\" class=\"elementor elementor-13613 elementor-5859\" data-elementor-post-type=\"page\">\n\t\t\t\t\t\t<section class=\"elementor-section elementor-top-section elementor-element elementor-element-7775676 elementor-section-height-min-height elementor-section-boxed elementor-section-height-default elementor-section-items-middle\" data-id=\"7775676\" data-element_type=\"section\" data-e-type=\"section\" data-settings=\"{&quot;background_background&quot;:&quot;classic&quot;}\">\n\t\t\t\t\t\t<div class=\"elementor-container elementor-column-gap-default\">\n\t\t\t\t\t<div class=\"elementor-column elementor-col-100 elementor-top-column elementor-element elementor-element-9cb90af\" data-id=\"9cb90af\" data-element_type=\"column\" data-e-type=\"column\">\n\t\t\t<div class=\"elementor-widget-wrap elementor-element-populated\">\n\t\t\t\t\t\t<div class=\"elementor-element elementor-element-bc06590 elementor-widget elementor-widget-heading\" data-id=\"bc06590\" data-element_type=\"widget\" data-e-type=\"widget\" data-widget_type=\"heading.default\">\n\t\t\t\t<div class=\"elementor-widget-container\">\n\t\t\t\t\t<h2 class=\"elementor-heading-title elementor-size-default\">chalets de luxe ind\u00e9pendants<\/h2>\t\t\t\t<\/div>\n\t\t\t\t<\/div>\n\t\t\t\t\t<\/div>\n\t\t<\/div>\n\t\t\t\t\t<\/div>\n\t\t<\/section>\n\t\t\t\t<section class=\"elementor-section elementor-top-section elementor-element elementor-element-9da68ef elementor-section-boxed elementor-section-height-default elementor-section-height-default\" data-id=\"9da68ef\" data-element_type=\"section\" data-e-type=\"section\">\n\t\t\t\t\t\t<div class=\"elementor-container elementor-column-gap-default\">\n\t\t\t\t\t<div class=\"elementor-column elementor-col-100 elementor-top-column elementor-element elementor-element-6726422\" data-id=\"6726422\" data-element_type=\"column\" data-e-type=\"column\">\n\t\t\t<div class=\"elementor-widget-wrap elementor-element-populated\">\n\t\t\t\t\t\t<div class=\"elementor-element elementor-element-61f4c80 elementor-widget elementor-widget-heading\" data-id=\"61f4c80\" data-element_type=\"widget\" data-e-type=\"widget\" data-widget_type=\"heading.default\">\n\t\t\t\t<div class=\"elementor-widget-container\">\n\t\t\t\t\t<h1 class=\"elementor-heading-title elementor-size-default\">Location de chalets de luxe<\/h1>\t\t\t\t<\/div>\n\t\t\t\t<\/div>\n\t\t\t\t<div class=\"elementor-element elementor-element-f341bd7 elementor-widget elementor-widget-text-editor\" data-id=\"f341bd7\" data-element_type=\"widget\" data-e-type=\"widget\" data-widget_type=\"text-editor.default\">\n\t\t\t\t<div class=\"elementor-widget-container\">\n\t\t\t\t\t\t\t\t\t<p>Nich\u00e9s dans les 3 Vall\u00e9es, le plus grand domaine skiable du monde, nos luxueux chalets de location autog\u00e9r\u00e9s red\u00e9finissent l&rsquo;opulence alpine. Alliant le charme traditionnel savoyard \u00e0 l&rsquo;\u00e9l\u00e9gance contemporaine, chaque chalet pr\u00e9sente des int\u00e9rieurs somptueux, un mobilier luxueux et des fen\u00eatres panoramiques offrant une vue imprenable sur les montagnes. Les cuisines ultramodernes permettent aux h\u00f4tes de s&rsquo;adonner \u00e0 des cr\u00e9ations gastronomiques, tandis que l&rsquo;attrait d&rsquo;un acc\u00e8s facile aux pistes et les exp\u00e9riences exclusives d&rsquo;apr\u00e8s-ski rehaussent le summum de la vie de luxe au c\u0153ur des Alpes fran\u00e7aises.<\/p>\n\t\t\t\t\t\t\t\t<\/div>\n\t\t\t\t<\/div>\n\t\t\t\t\t<\/div>\n\t\t<\/div>\n\t\t\t\t\t<\/div>\n\t\t<\/section>\n\t\t\t\t<section class=\"elementor-section elementor-top-section elementor-element elementor-element-70decb7 elementor-section-boxed elementor-section-height-default elementor-section-height-default\" data-id=\"70decb7\" data-element_type=\"section\" data-e-type=\"section\">\n\t\t\t\t\t\t<div class=\"elementor-container elementor-column-gap-default\">\n\t\t\t\t\t<div class=\"elementor-column elementor-col-100 elementor-top-column elementor-element elementor-element-8a6d6c1\" data-id=\"8a6d6c1\" data-element_type=\"column\" data-e-type=\"column\">\n\t\t\t<div class=\"elementor-widget-wrap elementor-element-populated\">\n\t\t\t\t\t\t<div class=\"elementor-element elementor-element-f5b93a2 elementor-widget elementor-widget-heading\" data-id=\"f5b93a2\" data-element_type=\"widget\" data-e-type=\"widget\" data-widget_type=\"heading.default\">\n\t\t\t\t<div class=\"elementor-widget-container\">\n\t\t\t\t\t<h3 class=\"elementor-heading-title elementor-size-default\">Location de chalets de luxe<\/h3>\t\t\t\t<\/div>\n\t\t\t\t<\/div>\n\t\t\t\t<div class=\"elementor-element elementor-element-1341b27 elementor-widget elementor-widget-text-editor\" data-id=\"1341b27\" data-element_type=\"widget\" data-e-type=\"widget\" data-widget_type=\"text-editor.default\">\n\t\t\t\t<div class=\"elementor-widget-container\">\n\t\t\t\t\t\t\t\t\t<p>Parcourez notre s\u00e9lection des meilleurs<span style=\"color: var(--global--color-primary);\"> chalets<\/span> de luxe en libre-service \u00e0 Courchevel :<\/p>\n\t\t\t\t\t\t\t\t<\/div>\n\t\t\t\t<\/div>\n\t\t\t\t<div class=\"elementor-element elementor-element-99103da elementor-posts--align-center elementor-grid-3 elementor-grid-tablet-2 elementor-grid-mobile-1 elementor-posts--thumbnail-top elementor-card-shadow-yes elementor-posts__hover-gradient elementor-widget elementor-widget-posts\" data-id=\"99103da\" data-element_type=\"widget\" data-e-type=\"widget\" data-settings=\"{&quot;cards_masonry&quot;:&quot;yes&quot;,&quot;cards_columns&quot;:&quot;3&quot;,&quot;cards_columns_tablet&quot;:&quot;2&quot;,&quot;cards_columns_mobile&quot;:&quot;1&quot;,&quot;cards_row_gap&quot;:{&quot;unit&quot;:&quot;px&quot;,&quot;size&quot;:35,&quot;sizes&quot;:[]},&quot;cards_row_gap_tablet&quot;:{&quot;unit&quot;:&quot;px&quot;,&quot;size&quot;:&quot;&quot;,&quot;sizes&quot;:[]},&quot;cards_row_gap_mobile&quot;:{&quot;unit&quot;:&quot;px&quot;,&quot;size&quot;:&quot;&quot;,&quot;sizes&quot;:[]}}\" data-widget_type=\"posts.cards\">\n\t\t\t\t<div class=\"elementor-widget-container\">\n\t\t\t\t\t\t\t<div class=\"elementor-posts-container elementor-posts elementor-posts--skin-cards elementor-grid\" role=\"list\">\n\t\t\t\t<article class=\"elementor-post elementor-grid-item post-14176 chalets type-chalets status-publish has-post-thumbnail hentry category-non-classifiee location-val-disere amenities-parking amenities-self-catered amenities-ski-in-ski-out type_of_rental-apartment entry\" role=\"listitem\">\n\t\t\t<div class=\"elementor-post__card\">\n\t\t\t\t<a class=\"elementor-post__thumbnail__link\" href=\"https:\/\/courchevelchalets.fr\/fr\/rentals\/appartement-tournesol\/\" tabindex=\"-1\" ><div class=\"elementor-post__thumbnail\"><img fetchpriority=\"high\" decoding=\"async\" width=\"750\" height=\"500\" src=\"https:\/\/courchevelchalets.fr\/wp-content\/uploads\/2025\/07\/Apartment-Tournesol-Val-d_Isere-Consensio-Lounge-3-e1748429846915-1-1024x683.jpg\" class=\"attachment-large size-large wp-image-18157\" alt=\"\" srcset=\"https:\/\/courchevelchalets.fr\/wp-content\/uploads\/2025\/07\/Apartment-Tournesol-Val-d_Isere-Consensio-Lounge-3-e1748429846915-1-1024x683.jpg 1024w, https:\/\/courchevelchalets.fr\/wp-content\/uploads\/2025\/07\/Apartment-Tournesol-Val-d_Isere-Consensio-Lounge-3-e1748429846915-1-300x200.jpg 300w, https:\/\/courchevelchalets.fr\/wp-content\/uploads\/2025\/07\/Apartment-Tournesol-Val-d_Isere-Consensio-Lounge-3-e1748429846915-1-768x512.jpg 768w, https:\/\/courchevelchalets.fr\/wp-content\/uploads\/2025\/07\/Apartment-Tournesol-Val-d_Isere-Consensio-Lounge-3-e1748429846915-1-1536x1024.jpg 1536w, https:\/\/courchevelchalets.fr\/wp-content\/uploads\/2025\/07\/Apartment-Tournesol-Val-d_Isere-Consensio-Lounge-3-e1748429846915-1-1568x1046.jpg 1568w, https:\/\/courchevelchalets.fr\/wp-content\/uploads\/2025\/07\/Apartment-Tournesol-Val-d_Isere-Consensio-Lounge-3-e1748429846915-1.jpg 1600w\" sizes=\"(max-width: 750px) 100vw, 750px\" style=\"width:100%;height:66.69%;max-width:1600px;\" \/><\/div><\/a>\n\t\t\t\t<div class=\"elementor-post__text\">\n\t\t\t\t<h3 class=\"elementor-post__title\">\n\t\t\t<a href=\"https:\/\/courchevelchalets.fr\/fr\/rentals\/appartement-tournesol\/\" >\n\t\t\t\tAppartement Tournesol\t\t\t<\/a>\n\t\t<\/h3>\n\t\t\t\t<div class=\"elementor-post__excerpt\">\n\t\t\t<p>135m\u00b2 &#8211; 4 Chambres &#8211; POA<\/p>\n\t\t<\/div>\n\t\t\t\t<\/div>\n\t\t\t\t\t<\/div>\n\t\t<\/article>\n\t\t\t\t<article class=\"elementor-post elementor-grid-item post-17568 chalets type-chalets status-publish has-post-thumbnail hentry amenities-parking amenities-self-catered amenities-staff amenities-steam-room type_of_rental-chalets entry\" role=\"listitem\">\n\t\t\t<div class=\"elementor-post__card\">\n\t\t\t\t<a class=\"elementor-post__thumbnail__link\" href=\"https:\/\/courchevelchalets.fr\/fr\/rentals\/chalet-hygge\/\" tabindex=\"-1\" ><div class=\"elementor-post__thumbnail\"><img decoding=\"async\" width=\"750\" height=\"563\" src=\"https:\/\/courchevelchalets.fr\/wp-content\/uploads\/2024\/10\/Chalet-Hygge-1-1024x768.jpg\" class=\"attachment-large size-large wp-image-16074\" alt=\"\" srcset=\"https:\/\/courchevelchalets.fr\/wp-content\/uploads\/2024\/10\/Chalet-Hygge-1-1024x768.jpg 1024w, https:\/\/courchevelchalets.fr\/wp-content\/uploads\/2024\/10\/Chalet-Hygge-1-300x225.jpg 300w, https:\/\/courchevelchalets.fr\/wp-content\/uploads\/2024\/10\/Chalet-Hygge-1-768x576.jpg 768w, https:\/\/courchevelchalets.fr\/wp-content\/uploads\/2024\/10\/Chalet-Hygge-1.jpg 1425w\" sizes=\"(max-width: 750px) 100vw, 750px\" style=\"width:100%;height:75.02%;max-width:1425px;\" \/><\/div><\/a>\n\t\t\t\t<div class=\"elementor-post__text\">\n\t\t\t\t<h3 class=\"elementor-post__title\">\n\t\t\t<a href=\"https:\/\/courchevelchalets.fr\/fr\/rentals\/chalet-hygge\/\" >\n\t\t\t\tChalet Hygge\t\t\t<\/a>\n\t\t<\/h3>\n\t\t\t\t<div class=\"elementor-post__excerpt\">\n\t\t\t<p>175m\u00b2 &#8211; 4 Chambres &#8211; \u20ac7,500<\/p>\n\t\t<\/div>\n\t\t\t\t<\/div>\n\t\t\t\t\t<\/div>\n\t\t<\/article>\n\t\t\t\t<article class=\"elementor-post elementor-grid-item post-17564 chalets type-chalets status-publish has-post-thumbnail hentry location-val-thorens amenities-cinema amenities-garage amenities-gym amenities-non-serviced amenities-parking amenities-pool amenities-sauna amenities-self-catered amenities-ski-in-ski-out amenities-ski-room amenities-spa amenities-staff amenities-steam-room type_of_rental-chalets entry\" role=\"listitem\">\n\t\t\t<div class=\"elementor-post__card\">\n\t\t\t\t<a class=\"elementor-post__thumbnail__link\" href=\"https:\/\/courchevelchalets.fr\/fr\/rentals\/chalet-orlov\/\" tabindex=\"-1\" ><div class=\"elementor-post__thumbnail\"><img decoding=\"async\" width=\"750\" height=\"563\" src=\"https:\/\/courchevelchalets.fr\/wp-content\/uploads\/2024\/10\/Chalet-Orlov-3-1024x768.jpg\" class=\"attachment-large size-large wp-image-15476\" alt=\"\" srcset=\"https:\/\/courchevelchalets.fr\/wp-content\/uploads\/2024\/10\/Chalet-Orlov-3-1024x768.jpg 1024w, https:\/\/courchevelchalets.fr\/wp-content\/uploads\/2024\/10\/Chalet-Orlov-3-300x225.jpg 300w, https:\/\/courchevelchalets.fr\/wp-content\/uploads\/2024\/10\/Chalet-Orlov-3-768x576.jpg 768w, https:\/\/courchevelchalets.fr\/wp-content\/uploads\/2024\/10\/Chalet-Orlov-3-1536x1152.jpg 1536w, https:\/\/courchevelchalets.fr\/wp-content\/uploads\/2024\/10\/Chalet-Orlov-3-1568x1176.jpg 1568w, https:\/\/courchevelchalets.fr\/wp-content\/uploads\/2024\/10\/Chalet-Orlov-3.jpg 1695w\" sizes=\"(max-width: 750px) 100vw, 750px\" style=\"width:100%;height:74.99%;max-width:1695px;\" \/><\/div><\/a>\n\t\t\t\t<div class=\"elementor-post__text\">\n\t\t\t\t<h3 class=\"elementor-post__title\">\n\t\t\t<a href=\"https:\/\/courchevelchalets.fr\/fr\/rentals\/chalet-orlov\/\" >\n\t\t\t\tChalet Orlov\t\t\t<\/a>\n\t\t<\/h3>\n\t\t\t\t<div class=\"elementor-post__excerpt\">\n\t\t\t<p>320m\u00b2 &#8211; 5 pi\u00e8ces &#8211; 9 800<\/p>\n\t\t<\/div>\n\t\t\t\t<\/div>\n\t\t\t\t\t<\/div>\n\t\t<\/article>\n\t\t\t\t<article class=\"elementor-post elementor-grid-item post-17561 chalets type-chalets status-publish has-post-thumbnail hentry amenities-garage amenities-self-catered amenities-ski-room amenities-steam-room type_of_rental-apartment entry\" role=\"listitem\">\n\t\t\t<div class=\"elementor-post__card\">\n\t\t\t\t<a class=\"elementor-post__thumbnail__link\" href=\"https:\/\/courchevelchalets.fr\/fr\/rentals\/petit-chamois-2\/\" tabindex=\"-1\" ><div class=\"elementor-post__thumbnail\"><img loading=\"lazy\" decoding=\"async\" width=\"750\" height=\"563\" src=\"https:\/\/courchevelchalets.fr\/wp-content\/uploads\/2024\/10\/Apartment-Petit-Chamois-Meribel-1-1024x768.jpg\" class=\"attachment-large size-large wp-image-15304\" alt=\"\" srcset=\"https:\/\/courchevelchalets.fr\/wp-content\/uploads\/2024\/10\/Apartment-Petit-Chamois-Meribel-1-1024x768.jpg 1024w, https:\/\/courchevelchalets.fr\/wp-content\/uploads\/2024\/10\/Apartment-Petit-Chamois-Meribel-1-300x225.jpg 300w, https:\/\/courchevelchalets.fr\/wp-content\/uploads\/2024\/10\/Apartment-Petit-Chamois-Meribel-1-768x576.jpg 768w, https:\/\/courchevelchalets.fr\/wp-content\/uploads\/2024\/10\/Apartment-Petit-Chamois-Meribel-1.jpg 1500w\" sizes=\"(max-width: 750px) 100vw, 750px\" style=\"width:100%;height:75%;max-width:1500px;\" \/><\/div><\/a>\n\t\t\t\t<div class=\"elementor-post__text\">\n\t\t\t\t<h3 class=\"elementor-post__title\">\n\t\t\t<a href=\"https:\/\/courchevelchalets.fr\/fr\/rentals\/petit-chamois-2\/\" >\n\t\t\t\tPetit Chamois\t\t\t<\/a>\n\t\t<\/h3>\n\t\t\t\t<div class=\"elementor-post__excerpt\">\n\t\t\t<p>290m\u00b2 &#8211; 5 Chambres &#8211; POA<\/p>\n\t\t<\/div>\n\t\t\t\t<\/div>\n\t\t\t\t\t<\/div>\n\t\t<\/article>\n\t\t\t\t<article class=\"elementor-post elementor-grid-item post-14188 chalets type-chalets status-publish has-post-thumbnail hentry location-meribel amenities-parking amenities-self-catered amenities-ski-in-ski-out amenities-ski-room type_of_rental-apartment entry\" role=\"listitem\">\n\t\t\t<div class=\"elementor-post__card\">\n\t\t\t\t<a class=\"elementor-post__thumbnail__link\" href=\"https:\/\/courchevelchalets.fr\/fr\/rentals\/petit-chamois\/\" tabindex=\"-1\" ><div class=\"elementor-post__thumbnail\"><img loading=\"lazy\" decoding=\"async\" width=\"750\" height=\"563\" src=\"https:\/\/courchevelchalets.fr\/wp-content\/uploads\/2024\/01\/Petit-Chamois-living-room-1-1024x768.jpg\" class=\"attachment-large size-large wp-image-13357\" alt=\"\" srcset=\"https:\/\/courchevelchalets.fr\/wp-content\/uploads\/2024\/01\/Petit-Chamois-living-room-1-1024x768.jpg 1024w, https:\/\/courchevelchalets.fr\/wp-content\/uploads\/2024\/01\/Petit-Chamois-living-room-1-300x225.jpg 300w, https:\/\/courchevelchalets.fr\/wp-content\/uploads\/2024\/01\/Petit-Chamois-living-room-1-768x576.jpg 768w, https:\/\/courchevelchalets.fr\/wp-content\/uploads\/2024\/01\/Petit-Chamois-living-room-1-1536x1152.jpg 1536w, https:\/\/courchevelchalets.fr\/wp-content\/uploads\/2024\/01\/Petit-Chamois-living-room-1-1568x1176.jpg 1568w, https:\/\/courchevelchalets.fr\/wp-content\/uploads\/2024\/01\/Petit-Chamois-living-room-1.jpg 1822w\" sizes=\"(max-width: 750px) 100vw, 750px\" style=\"width:100%;height:74.97%;max-width:1822px;\" \/><\/div><\/a>\n\t\t\t\t<div class=\"elementor-post__text\">\n\t\t\t\t<h3 class=\"elementor-post__title\">\n\t\t\t<a href=\"https:\/\/courchevelchalets.fr\/fr\/rentals\/petit-chamois\/\" >\n\t\t\t\tPetit Chamois\t\t\t<\/a>\n\t\t<\/h3>\n\t\t\t\t<div class=\"elementor-post__excerpt\">\n\t\t\t<p>290m\u00b2 &#8211; 5 Chambres &#8211; POA<\/p>\n\t\t<\/div>\n\t\t\t\t<\/div>\n\t\t\t\t\t<\/div>\n\t\t<\/article>\n\t\t\t\t<article class=\"elementor-post elementor-grid-item post-14200 chalets type-chalets status-publish has-post-thumbnail hentry location-courchevel-1850 amenities-self-catered amenities-ski-in-ski-out amenities-ski-room type_of_rental-apartment entry\" role=\"listitem\">\n\t\t\t<div class=\"elementor-post__card\">\n\t\t\t\t<a class=\"elementor-post__thumbnail__link\" href=\"https:\/\/courchevelchalets.fr\/fr\/rentals\/pied-a-terre\/\" tabindex=\"-1\" ><div class=\"elementor-post__thumbnail\"><img loading=\"lazy\" decoding=\"async\" width=\"750\" height=\"563\" src=\"https:\/\/courchevelchalets.fr\/wp-content\/uploads\/2023\/11\/Apartment-Courchevel-4-e1698944521847-1024x768.jpeg\" class=\"attachment-large size-large wp-image-12031\" alt=\"\" srcset=\"https:\/\/courchevelchalets.fr\/wp-content\/uploads\/2023\/11\/Apartment-Courchevel-4-e1698944521847-1024x768.jpeg 1024w, https:\/\/courchevelchalets.fr\/wp-content\/uploads\/2023\/11\/Apartment-Courchevel-4-e1698944521847-300x225.jpeg 300w, https:\/\/courchevelchalets.fr\/wp-content\/uploads\/2023\/11\/Apartment-Courchevel-4-e1698944521847-768x576.jpeg 768w, https:\/\/courchevelchalets.fr\/wp-content\/uploads\/2023\/11\/Apartment-Courchevel-4-e1698944521847-1536x1152.jpeg 1536w, https:\/\/courchevelchalets.fr\/wp-content\/uploads\/2023\/11\/Apartment-Courchevel-4-e1698944521847-1568x1176.jpeg 1568w, https:\/\/courchevelchalets.fr\/wp-content\/uploads\/2023\/11\/Apartment-Courchevel-4-e1698944521847.jpeg 1822w\" sizes=\"(max-width: 750px) 100vw, 750px\" style=\"width:100%;height:74.97%;max-width:1822px;\" \/><\/div><\/a>\n\t\t\t\t<div class=\"elementor-post__text\">\n\t\t\t\t<h3 class=\"elementor-post__title\">\n\t\t\t<a href=\"https:\/\/courchevelchalets.fr\/fr\/rentals\/pied-a-terre\/\" >\n\t\t\t\tPied \u00e0 Terre\t\t\t<\/a>\n\t\t<\/h3>\n\t\t\t\t<div class=\"elementor-post__excerpt\">\n\t\t\t<p>90m\u00b2 &#8211; 2 Chambres &#8211; \u20ac3,800<\/p>\n\t\t<\/div>\n\t\t\t\t<\/div>\n\t\t\t\t\t<\/div>\n\t\t<\/article>\n\t\t\t\t<article class=\"elementor-post elementor-grid-item post-14192 chalets type-chalets status-publish has-post-thumbnail hentry location-courchevel-1550 amenities-self-catered amenities-ski-in-ski-out amenities-ski-room amenities-spa type_of_rental-apartment entry\" role=\"listitem\">\n\t\t\t<div class=\"elementor-post__card\">\n\t\t\t\t<a class=\"elementor-post__thumbnail__link\" href=\"https:\/\/courchevelchalets.fr\/fr\/rentals\/les-rois\/\" tabindex=\"-1\" ><div class=\"elementor-post__thumbnail\"><img loading=\"lazy\" decoding=\"async\" width=\"750\" height=\"562\" src=\"https:\/\/courchevelchalets.fr\/wp-content\/uploads\/2023\/11\/Les-Rois-1-e1698944101462-1024x767.jpg\" class=\"attachment-large size-large wp-image-11983\" alt=\"\" srcset=\"https:\/\/courchevelchalets.fr\/wp-content\/uploads\/2023\/11\/Les-Rois-1-e1698944101462-1024x767.jpg 1024w, https:\/\/courchevelchalets.fr\/wp-content\/uploads\/2023\/11\/Les-Rois-1-e1698944101462-300x225.jpg 300w, https:\/\/courchevelchalets.fr\/wp-content\/uploads\/2023\/11\/Les-Rois-1-e1698944101462-768x575.jpg 768w, https:\/\/courchevelchalets.fr\/wp-content\/uploads\/2023\/11\/Les-Rois-1-e1698944101462-1536x1151.jpg 1536w, https:\/\/courchevelchalets.fr\/wp-content\/uploads\/2023\/11\/Les-Rois-1-e1698944101462-1568x1175.jpg 1568w, https:\/\/courchevelchalets.fr\/wp-content\/uploads\/2023\/11\/Les-Rois-1-e1698944101462.jpg 1775w\" sizes=\"(max-width: 750px) 100vw, 750px\" style=\"width:100%;height:74.93%;max-width:1775px;\" \/><\/div><\/a>\n\t\t\t\t<div class=\"elementor-post__text\">\n\t\t\t\t<h3 class=\"elementor-post__title\">\n\t\t\t<a href=\"https:\/\/courchevelchalets.fr\/fr\/rentals\/les-rois\/\" >\n\t\t\t\tLes Rois\t\t\t<\/a>\n\t\t<\/h3>\n\t\t\t\t<div class=\"elementor-post__excerpt\">\n\t\t\t<p>150m\u00b2 &#8211; 5 Chambres &#8211; \u20ac6,000<\/p>\n\t\t<\/div>\n\t\t\t\t<\/div>\n\t\t\t\t\t<\/div>\n\t\t<\/article>\n\t\t\t\t<article class=\"elementor-post elementor-grid-item post-14144 chalets type-chalets status-publish has-post-thumbnail hentry location-courchevel-1850 amenities-self-catered amenities-ski-in-ski-out amenities-ski-room type_of_rental-apartment entry\" role=\"listitem\">\n\t\t\t<div class=\"elementor-post__card\">\n\t\t\t\t<a class=\"elementor-post__thumbnail__link\" href=\"https:\/\/courchevelchalets.fr\/fr\/rentals\/chanteloup\/\" tabindex=\"-1\" ><div class=\"elementor-post__thumbnail\"><img loading=\"lazy\" decoding=\"async\" width=\"750\" height=\"562\" src=\"https:\/\/courchevelchalets.fr\/wp-content\/uploads\/2023\/11\/Apartment-Chanteloup-1-e1698943201830-1024x767.jpg\" class=\"attachment-large size-large wp-image-11932\" alt=\"\" srcset=\"https:\/\/courchevelchalets.fr\/wp-content\/uploads\/2023\/11\/Apartment-Chanteloup-1-e1698943201830-1024x767.jpg 1024w, https:\/\/courchevelchalets.fr\/wp-content\/uploads\/2023\/11\/Apartment-Chanteloup-1-e1698943201830-300x225.jpg 300w, https:\/\/courchevelchalets.fr\/wp-content\/uploads\/2023\/11\/Apartment-Chanteloup-1-e1698943201830-768x576.jpg 768w, https:\/\/courchevelchalets.fr\/wp-content\/uploads\/2023\/11\/Apartment-Chanteloup-1-e1698943201830.jpg 1333w\" sizes=\"(max-width: 750px) 100vw, 750px\" style=\"width:100%;height:74.94%;max-width:1333px;\" \/><\/div><\/a>\n\t\t\t\t<div class=\"elementor-post__text\">\n\t\t\t\t<h3 class=\"elementor-post__title\">\n\t\t\t<a href=\"https:\/\/courchevelchalets.fr\/fr\/rentals\/chanteloup\/\" >\n\t\t\t\tChanteloup\t\t\t<\/a>\n\t\t<\/h3>\n\t\t\t\t<div class=\"elementor-post__excerpt\">\n\t\t\t<p>138m\u00b2 &#8211; 4 Chambres &#8211; POA<\/p>\n\t\t<\/div>\n\t\t\t\t<\/div>\n\t\t\t\t\t<\/div>\n\t\t<\/article>\n\t\t\t\t<article class=\"elementor-post elementor-grid-item post-14115 chalets type-chalets status-publish has-post-thumbnail hentry location-courchevel-1850 amenities-self-catered amenities-ski-in-ski-out amenities-ski-room type_of_rental-apartment entry\" role=\"listitem\">\n\t\t\t<div class=\"elementor-post__card\">\n\t\t\t\t<a class=\"elementor-post__thumbnail__link\" href=\"https:\/\/courchevelchalets.fr\/fr\/rentals\/pralong-08\/\" tabindex=\"-1\" ><div class=\"elementor-post__thumbnail\"><img loading=\"lazy\" decoding=\"async\" width=\"750\" height=\"562\" src=\"https:\/\/courchevelchalets.fr\/wp-content\/uploads\/2023\/11\/Les-Balcons-De-Pralong-08-8-e1698942933756-1024x767.jpg\" class=\"attachment-large size-large wp-image-11926\" alt=\"\" srcset=\"https:\/\/courchevelchalets.fr\/wp-content\/uploads\/2023\/11\/Les-Balcons-De-Pralong-08-8-e1698942933756-1024x767.jpg 1024w, https:\/\/courchevelchalets.fr\/wp-content\/uploads\/2023\/11\/Les-Balcons-De-Pralong-08-8-e1698942933756-300x225.jpg 300w, https:\/\/courchevelchalets.fr\/wp-content\/uploads\/2023\/11\/Les-Balcons-De-Pralong-08-8-e1698942933756-768x576.jpg 768w, https:\/\/courchevelchalets.fr\/wp-content\/uploads\/2023\/11\/Les-Balcons-De-Pralong-08-8-e1698942933756.jpg 1333w\" sizes=\"(max-width: 750px) 100vw, 750px\" style=\"width:100%;height:74.94%;max-width:1333px;\" \/><\/div><\/a>\n\t\t\t\t<div class=\"elementor-post__text\">\n\t\t\t\t<h3 class=\"elementor-post__title\">\n\t\t\t<a href=\"https:\/\/courchevelchalets.fr\/fr\/rentals\/pralong-08\/\" >\n\t\t\t\tPralong 08\t\t\t<\/a>\n\t\t<\/h3>\n\t\t\t\t<div class=\"elementor-post__excerpt\">\n\t\t\t<p>55m\u00b2 &#8211; 2 Chambres &#8211; POA<\/p>\n\t\t<\/div>\n\t\t\t\t<\/div>\n\t\t\t\t\t<\/div>\n\t\t<\/article>\n\t\t\t\t<article class=\"elementor-post elementor-grid-item post-14137 chalets type-chalets status-publish has-post-thumbnail hentry location-courchevel-1850 amenities-self-catered amenities-ski-in-ski-out amenities-ski-room type_of_rental-apartment entry\" role=\"listitem\">\n\t\t\t<div class=\"elementor-post__card\">\n\t\t\t\t<a class=\"elementor-post__thumbnail__link\" href=\"https:\/\/courchevelchalets.fr\/fr\/rentals\/jardin-alpin\/\" tabindex=\"-1\" ><div class=\"elementor-post__thumbnail\"><img loading=\"lazy\" decoding=\"async\" width=\"750\" height=\"563\" src=\"https:\/\/courchevelchalets.fr\/wp-content\/uploads\/2023\/11\/Jardin-Alpin-6-scaled-e1698940189212-1024x768.jpg\" class=\"attachment-large size-large wp-image-11893\" alt=\"\" srcset=\"https:\/\/courchevelchalets.fr\/wp-content\/uploads\/2023\/11\/Jardin-Alpin-6-scaled-e1698940189212-1024x768.jpg 1024w, https:\/\/courchevelchalets.fr\/wp-content\/uploads\/2023\/11\/Jardin-Alpin-6-scaled-e1698940189212-300x225.jpg 300w, https:\/\/courchevelchalets.fr\/wp-content\/uploads\/2023\/11\/Jardin-Alpin-6-scaled-e1698940189212-768x576.jpg 768w, https:\/\/courchevelchalets.fr\/wp-content\/uploads\/2023\/11\/Jardin-Alpin-6-scaled-e1698940189212-1536x1152.jpg 1536w, https:\/\/courchevelchalets.fr\/wp-content\/uploads\/2023\/11\/Jardin-Alpin-6-scaled-e1698940189212-2048x1536.jpg 2048w, https:\/\/courchevelchalets.fr\/wp-content\/uploads\/2023\/11\/Jardin-Alpin-6-scaled-e1698940189212-1568x1176.jpg 1568w\" sizes=\"(max-width: 750px) 100vw, 750px\" style=\"width:100%;height:74.98%;max-width:2278px;\" \/><\/div><\/a>\n\t\t\t\t<div class=\"elementor-post__text\">\n\t\t\t\t<h3 class=\"elementor-post__title\">\n\t\t\t<a href=\"https:\/\/courchevelchalets.fr\/fr\/rentals\/jardin-alpin\/\" >\n\t\t\t\tJardin Alpin\t\t\t<\/a>\n\t\t<\/h3>\n\t\t\t\t<div class=\"elementor-post__excerpt\">\n\t\t\t<p>90m\u00b2 &#8211; 2 Chambres &#8211; \u20ac4,000<\/p>\n\t\t<\/div>\n\t\t\t\t<\/div>\n\t\t\t\t\t<\/div>\n\t\t<\/article>\n\t\t\t\t<article class=\"elementor-post elementor-grid-item post-14159 chalets type-chalets status-publish has-post-thumbnail hentry location-courchevel-1850 amenities-self-catered amenities-ski-in-ski-out amenities-ski-room type_of_rental-apartment entry\" role=\"listitem\">\n\t\t\t<div class=\"elementor-post__card\">\n\t\t\t\t<a class=\"elementor-post__thumbnail__link\" href=\"https:\/\/courchevelchalets.fr\/fr\/rentals\/chardon-bleu\/\" tabindex=\"-1\" ><div class=\"elementor-post__thumbnail\"><img loading=\"lazy\" decoding=\"async\" width=\"750\" height=\"562\" src=\"https:\/\/courchevelchalets.fr\/wp-content\/uploads\/2023\/11\/Chardon-Bleu-min-scaled-e1698938557702-1024x767.jpg\" class=\"attachment-large size-large wp-image-11875\" alt=\"\" srcset=\"https:\/\/courchevelchalets.fr\/wp-content\/uploads\/2023\/11\/Chardon-Bleu-min-scaled-e1698938557702-1024x767.jpg 1024w, https:\/\/courchevelchalets.fr\/wp-content\/uploads\/2023\/11\/Chardon-Bleu-min-scaled-e1698938557702-300x225.jpg 300w, https:\/\/courchevelchalets.fr\/wp-content\/uploads\/2023\/11\/Chardon-Bleu-min-scaled-e1698938557702-768x575.jpg 768w, https:\/\/courchevelchalets.fr\/wp-content\/uploads\/2023\/11\/Chardon-Bleu-min-scaled-e1698938557702-1536x1151.jpg 1536w, https:\/\/courchevelchalets.fr\/wp-content\/uploads\/2023\/11\/Chardon-Bleu-min-scaled-e1698938557702-2048x1535.jpg 2048w, https:\/\/courchevelchalets.fr\/wp-content\/uploads\/2023\/11\/Chardon-Bleu-min-scaled-e1698938557702-1568x1175.jpg 1568w\" sizes=\"(max-width: 750px) 100vw, 750px\" style=\"width:100%;height:74.93%;max-width:2278px;\" \/><\/div><\/a>\n\t\t\t\t<div class=\"elementor-post__text\">\n\t\t\t\t<h3 class=\"elementor-post__title\">\n\t\t\t<a href=\"https:\/\/courchevelchalets.fr\/fr\/rentals\/chardon-bleu\/\" >\n\t\t\t\tChardon Bleu\t\t\t<\/a>\n\t\t<\/h3>\n\t\t\t\t<div class=\"elementor-post__excerpt\">\n\t\t\t<p>80m\u00b2 &#8211; 3 Chambres &#8211; \u20ac4,500<\/p>\n\t\t<\/div>\n\t\t\t\t<\/div>\n\t\t\t\t\t<\/div>\n\t\t<\/article>\n\t\t\t\t<article class=\"elementor-post elementor-grid-item post-14127 chalets type-chalets status-publish has-post-thumbnail hentry location-courchevel-1850 amenities-self-catered amenities-ski-in-ski-out amenities-ski-room type_of_rental-apartment entry\" role=\"listitem\">\n\t\t\t<div class=\"elementor-post__card\">\n\t\t\t\t<a class=\"elementor-post__thumbnail__link\" href=\"https:\/\/courchevelchalets.fr\/fr\/rentals\/gadin-6\/\" tabindex=\"-1\" ><div class=\"elementor-post__thumbnail\"><img loading=\"lazy\" decoding=\"async\" width=\"750\" height=\"563\" src=\"https:\/\/courchevelchalets.fr\/wp-content\/uploads\/2023\/11\/Gadin-6-2-min-scaled-e1698937233121-1024x768.jpg\" class=\"attachment-large size-large wp-image-11821\" alt=\"\" srcset=\"https:\/\/courchevelchalets.fr\/wp-content\/uploads\/2023\/11\/Gadin-6-2-min-scaled-e1698937233121-1024x768.jpg 1024w, https:\/\/courchevelchalets.fr\/wp-content\/uploads\/2023\/11\/Gadin-6-2-min-scaled-e1698937233121-300x225.jpg 300w, https:\/\/courchevelchalets.fr\/wp-content\/uploads\/2023\/11\/Gadin-6-2-min-scaled-e1698937233121-768x576.jpg 768w, https:\/\/courchevelchalets.fr\/wp-content\/uploads\/2023\/11\/Gadin-6-2-min-scaled-e1698937233121-1536x1152.jpg 1536w, https:\/\/courchevelchalets.fr\/wp-content\/uploads\/2023\/11\/Gadin-6-2-min-scaled-e1698937233121-2048x1536.jpg 2048w, https:\/\/courchevelchalets.fr\/wp-content\/uploads\/2023\/11\/Gadin-6-2-min-scaled-e1698937233121-1568x1176.jpg 1568w\" sizes=\"(max-width: 750px) 100vw, 750px\" style=\"width:100%;height:74.98%;max-width:2278px;\" \/><\/div><\/a>\n\t\t\t\t<div class=\"elementor-post__text\">\n\t\t\t\t<h3 class=\"elementor-post__title\">\n\t\t\t<a href=\"https:\/\/courchevelchalets.fr\/fr\/rentals\/gadin-6\/\" >\n\t\t\t\tGadin 6\t\t\t<\/a>\n\t\t<\/h3>\n\t\t\t\t<div class=\"elementor-post__excerpt\">\n\t\t\t<p>90m\u00b2 &#8211; 3 Chambres &#8211; \u20ac6,000<\/p>\n\t\t<\/div>\n\t\t\t\t<\/div>\n\t\t\t\t\t<\/div>\n\t\t<\/article>\n\t\t\t\t<article class=\"elementor-post elementor-grid-item post-14150 chalets type-chalets status-publish has-post-thumbnail hentry category-luxe location-meribel amenities-parking amenities-pool amenities-self-catered amenities-ski-in-ski-out amenities-ski-room type_of_rental-chalets entry\" role=\"listitem\">\n\t\t\t<div class=\"elementor-post__card\">\n\t\t\t\t<a class=\"elementor-post__thumbnail__link\" href=\"https:\/\/courchevelchalets.fr\/fr\/rentals\/chalet-ayla\/\" tabindex=\"-1\" ><div class=\"elementor-post__thumbnail\"><img loading=\"lazy\" decoding=\"async\" width=\"750\" height=\"562\" src=\"https:\/\/courchevelchalets.fr\/wp-content\/uploads\/2023\/10\/Chalet-Alya-35-e1697816300575.jpeg\" class=\"attachment-large size-large wp-image-11653\" alt=\"\" srcset=\"https:\/\/courchevelchalets.fr\/wp-content\/uploads\/2023\/10\/Chalet-Alya-35-e1697816300575.jpeg 911w, https:\/\/courchevelchalets.fr\/wp-content\/uploads\/2023\/10\/Chalet-Alya-35-e1697816300575-300x225.jpeg 300w, https:\/\/courchevelchalets.fr\/wp-content\/uploads\/2023\/10\/Chalet-Alya-35-e1697816300575-768x576.jpeg 768w\" sizes=\"(max-width: 750px) 100vw, 750px\" style=\"width:100%;height:74.97%;max-width:911px;\" \/><\/div><\/a>\n\t\t\t\t<div class=\"elementor-post__text\">\n\t\t\t\t<h3 class=\"elementor-post__title\">\n\t\t\t<a href=\"https:\/\/courchevelchalets.fr\/fr\/rentals\/chalet-ayla\/\" >\n\t\t\t\tChalet Ayla\t\t\t<\/a>\n\t\t<\/h3>\n\t\t\t\t<div class=\"elementor-post__excerpt\">\n\t\t\t<p>285m\u00b2 &#8211; 5 Chambres &#8211; \u20ac8,000<\/p>\n\t\t<\/div>\n\t\t\t\t<\/div>\n\t\t\t\t\t<\/div>\n\t\t<\/article>\n\t\t\t\t<article class=\"elementor-post elementor-grid-item post-14128 chalets type-chalets status-publish has-post-thumbnail hentry location-meribel amenities-parking amenities-self-catered amenities-ski-room type_of_rental-chalets entry\" role=\"listitem\">\n\t\t\t<div class=\"elementor-post__card\">\n\t\t\t\t<a class=\"elementor-post__thumbnail__link\" href=\"https:\/\/courchevelchalets.fr\/fr\/rentals\/chalet-le-yeti\/\" tabindex=\"-1\" ><div class=\"elementor-post__thumbnail\"><img loading=\"lazy\" decoding=\"async\" width=\"750\" height=\"564\" src=\"https:\/\/courchevelchalets.fr\/wp-content\/uploads\/2023\/10\/Chalet-Le-Yeti-Featured-Image-1024x770.jpg\" class=\"attachment-large size-large wp-image-11674\" alt=\"\" srcset=\"https:\/\/courchevelchalets.fr\/wp-content\/uploads\/2023\/10\/Chalet-Le-Yeti-Featured-Image-1024x770.jpg 1024w, https:\/\/courchevelchalets.fr\/wp-content\/uploads\/2023\/10\/Chalet-Le-Yeti-Featured-Image-300x226.jpg 300w, https:\/\/courchevelchalets.fr\/wp-content\/uploads\/2023\/10\/Chalet-Le-Yeti-Featured-Image-768x578.jpg 768w, https:\/\/courchevelchalets.fr\/wp-content\/uploads\/2023\/10\/Chalet-Le-Yeti-Featured-Image.jpg 1264w\" sizes=\"(max-width: 750px) 100vw, 750px\" style=\"width:100%;height:75.24%;max-width:1264px;\" \/><\/div><\/a>\n\t\t\t\t<div class=\"elementor-post__text\">\n\t\t\t\t<h3 class=\"elementor-post__title\">\n\t\t\t<a href=\"https:\/\/courchevelchalets.fr\/fr\/rentals\/chalet-le-yeti\/\" >\n\t\t\t\tChalet Le Yeti\t\t\t<\/a>\n\t\t<\/h3>\n\t\t\t\t<div class=\"elementor-post__excerpt\">\n\t\t\t<p>250m\u00b2 &#8211; 8 Chambres &#8211; POA<\/p>\n\t\t<\/div>\n\t\t\t\t<\/div>\n\t\t\t\t\t<\/div>\n\t\t<\/article>\n\t\t\t\t<article class=\"elementor-post elementor-grid-item post-14069 chalets type-chalets status-publish has-post-thumbnail hentry location-courchevel-1850 amenities-self-catered amenities-ski-room amenities-staff type_of_rental-chalets entry\" role=\"listitem\">\n\t\t\t<div class=\"elementor-post__card\">\n\t\t\t\t<a class=\"elementor-post__thumbnail__link\" href=\"https:\/\/courchevelchalets.fr\/fr\/rentals\/chalet-gros-gaillou\/\" tabindex=\"-1\" ><div class=\"elementor-post__thumbnail\"><img loading=\"lazy\" decoding=\"async\" width=\"750\" height=\"562\" src=\"https:\/\/courchevelchalets.fr\/wp-content\/uploads\/2023\/05\/Header-Gros-Caillou-1024x767.jpg\" class=\"attachment-large size-large wp-image-10417\" alt=\"\" srcset=\"https:\/\/courchevelchalets.fr\/wp-content\/uploads\/2023\/05\/Header-Gros-Caillou-1024x767.jpg 1024w, https:\/\/courchevelchalets.fr\/wp-content\/uploads\/2023\/05\/Header-Gros-Caillou-300x225.jpg 300w, https:\/\/courchevelchalets.fr\/wp-content\/uploads\/2023\/05\/Header-Gros-Caillou-768x575.jpg 768w, https:\/\/courchevelchalets.fr\/wp-content\/uploads\/2023\/05\/Header-Gros-Caillou.jpg 1420w\" sizes=\"(max-width: 750px) 100vw, 750px\" style=\"width:100%;height:74.93%;max-width:1420px;\" \/><\/div><\/a>\n\t\t\t\t<div class=\"elementor-post__text\">\n\t\t\t\t<h3 class=\"elementor-post__title\">\n\t\t\t<a href=\"https:\/\/courchevelchalets.fr\/fr\/rentals\/chalet-gros-gaillou\/\" >\n\t\t\t\tChalet Gros Gaillou\t\t\t<\/a>\n\t\t<\/h3>\n\t\t\t\t<div class=\"elementor-post__excerpt\">\n\t\t\t<p>250m\u00b2 &#8211; 7 Chambres &#8211; \u20ac18,000<\/p>\n\t\t<\/div>\n\t\t\t\t<\/div>\n\t\t\t\t\t<\/div>\n\t\t<\/article>\n\t\t\t\t<\/div>\n\t\t\n\t\t\t\t\t\t<\/div>\n\t\t\t\t<\/div>\n\t\t\t\t\t<\/div>\n\t\t<\/div>\n\t\t\t\t\t<\/div>\n\t\t<\/section>\n\t\t\t\t<\/div>\n\t\t","protected":false},"excerpt":{"rendered":"<p>chalets de luxe ind\u00e9pendants Location de chalets de luxe Nich\u00e9s dans les 3 Vall\u00e9es, le plus grand domaine skiable du monde, nos luxueux chalets de location autog\u00e9r\u00e9s red\u00e9finissent l&rsquo;opulence alpine. Alliant le charme traditionnel savoyard \u00e0 l&rsquo;\u00e9l\u00e9gance contemporaine, chaque chalet pr\u00e9sente des int\u00e9rieurs somptueux, un mobilier luxueux et des fen\u00eatres panoramiques offrant une vue imprenable&hellip; <a class=\"more-link\" href=\"https:\/\/courchevelchalets.fr\/fr\/rentals\/chalet-gros-gaillou\/\">Poursuivre la lecture <span class=\"screen-reader-text\">Chalet Gros Gaillou<\/span><\/a><\/p>\n","protected":false},"author":2,"featured_media":9610,"parent":0,"menu_order":0,"comment_status":"closed","ping_status":"closed","template":"elementor_header_footer","meta":{"_acf_changed":false,"footnotes":""},"class_list":["post-13613","page","type-page","status-publish","has-post-thumbnail","hentry","entry"],"acf":[],"yoast_head":"<!-- This site is optimized with the Yoast SEO plugin v25.6 - https:\/\/yoast.com\/wordpress\/plugins\/seo\/ -->\n<title>Location de chalet avec service \u00e0 Courchevel - Location de chalet avec service de traiteur<\/title>\n<meta name=\"description\" content=\"D\u00e9couvrez votre prochaine location de chalet \u00e0 Courchevel pour les vacances d&#039;hiver et louez un chalet \u00e0 Courchevel.\" \/>\n<meta name=\"robots\" content=\"index, follow, max-snippet:-1, max-image-preview:large, max-video-preview:-1\" \/>\n<meta property=\"og:locale\" content=\"fr_FR\" \/>\n<meta property=\"og:type\" content=\"article\" \/>\n<meta property=\"og:title\" content=\"Location de chalet avec service \u00e0 Courchevel - Location de chalet avec service de traiteur\" \/>\n<meta property=\"og:description\" content=\"D\u00e9couvrez votre prochaine location de chalet \u00e0 Courchevel pour les vacances d&#039;hiver et louez un chalet \u00e0 Courchevel.\" \/>\n<meta property=\"og:url\" content=\"https:\/\/courchevelchalets.fr\/fr\/traiteur-2\/\" \/>\n<meta property=\"og:site_name\" content=\"Courchevel Chalets\" \/>\n<meta property=\"article:modified_time\" content=\"2024-01-29T16:37:39+00:00\" \/>\n<meta property=\"og:image\" content=\"https:\/\/courchevelchalets.fr\/wp-content\/uploads\/2023\/05\/chalet-edelweiss-29.jpg\" \/>\n\t<meta property=\"og:image:width\" content=\"2100\" \/>\n\t<meta property=\"og:image:height\" content=\"1243\" \/>\n\t<meta property=\"og:image:type\" content=\"image\/jpeg\" \/>\n<meta name=\"twitter:card\" content=\"summary_large_image\" \/>\n<meta name=\"twitter:label1\" content=\"Dur\u00e9e de lecture estim\u00e9e\" \/>\n\t<meta name=\"twitter:data1\" content=\"1 minute\" \/>\n<script type=\"application\/ld+json\" class=\"yoast-schema-graph\">{\"@context\":\"https:\/\/schema.org\",\"@graph\":[{\"@type\":\"WebPage\",\"@id\":\"https:\/\/courchevelchalets.fr\/fr\/traiteur-2\/\",\"url\":\"https:\/\/courchevelchalets.fr\/fr\/traiteur-2\/\",\"name\":\"Location de chalet avec service \u00e0 Courchevel - Location de chalet avec service de traiteur\",\"isPartOf\":{\"@id\":\"https:\/\/courchevelchalets.fr\/fr\/#website\"},\"primaryImageOfPage\":{\"@id\":\"https:\/\/courchevelchalets.fr\/fr\/traiteur-2\/#primaryimage\"},\"image\":{\"@id\":\"https:\/\/courchevelchalets.fr\/fr\/traiteur-2\/#primaryimage\"},\"thumbnailUrl\":\"https:\/\/courchevelchalets.fr\/wp-content\/uploads\/2023\/05\/chalet-edelweiss-29.jpg\",\"datePublished\":\"2023-12-15T18:21:52+00:00\",\"dateModified\":\"2024-01-29T16:37:39+00:00\",\"description\":\"D\u00e9couvrez votre prochaine location de chalet \u00e0 Courchevel pour les vacances d'hiver et louez un chalet \u00e0 Courchevel.\",\"breadcrumb\":{\"@id\":\"https:\/\/courchevelchalets.fr\/fr\/traiteur-2\/#breadcrumb\"},\"inLanguage\":\"fr-FR\",\"potentialAction\":[{\"@type\":\"ReadAction\",\"target\":[\"https:\/\/courchevelchalets.fr\/fr\/traiteur-2\/\"]}]},{\"@type\":\"ImageObject\",\"inLanguage\":\"fr-FR\",\"@id\":\"https:\/\/courchevelchalets.fr\/fr\/traiteur-2\/#primaryimage\",\"url\":\"https:\/\/courchevelchalets.fr\/wp-content\/uploads\/2023\/05\/chalet-edelweiss-29.jpg\",\"contentUrl\":\"https:\/\/courchevelchalets.fr\/wp-content\/uploads\/2023\/05\/chalet-edelweiss-29.jpg\",\"width\":2100,\"height\":1243},{\"@type\":\"BreadcrumbList\",\"@id\":\"https:\/\/courchevelchalets.fr\/fr\/traiteur-2\/#breadcrumb\",\"itemListElement\":[{\"@type\":\"ListItem\",\"position\":1,\"name\":\"Home\",\"item\":\"https:\/\/courchevelchalets.fr\/fr\/\"},{\"@type\":\"ListItem\",\"position\":2,\"name\":\"Autosuffisance\"}]},{\"@type\":\"WebSite\",\"@id\":\"https:\/\/courchevelchalets.fr\/fr\/#website\",\"url\":\"https:\/\/courchevelchalets.fr\/fr\/\",\"name\":\"Courchevel Chalets\",\"description\":\"Courchevel Chalets\",\"publisher\":{\"@id\":\"https:\/\/courchevelchalets.fr\/fr\/#organization\"},\"potentialAction\":[{\"@type\":\"SearchAction\",\"target\":{\"@type\":\"EntryPoint\",\"urlTemplate\":\"https:\/\/courchevelchalets.fr\/fr\/?s={search_term_string}\"},\"query-input\":{\"@type\":\"PropertyValueSpecification\",\"valueRequired\":true,\"valueName\":\"search_term_string\"}}],\"inLanguage\":\"fr-FR\"},{\"@type\":\"Organization\",\"@id\":\"https:\/\/courchevelchalets.fr\/fr\/#organization\",\"name\":\"Courchevel Chalets\",\"url\":\"https:\/\/courchevelchalets.fr\/fr\/\",\"logo\":{\"@type\":\"ImageObject\",\"inLanguage\":\"fr-FR\",\"@id\":\"https:\/\/courchevelchalets.fr\/fr\/#\/schema\/logo\/image\/\",\"url\":\"\",\"contentUrl\":\"\",\"caption\":\"Courchevel Chalets\"},\"image\":{\"@id\":\"https:\/\/courchevelchalets.fr\/fr\/#\/schema\/logo\/image\/\"}}]}<\/script>\n<!-- \/ Yoast SEO plugin. -->","yoast_head_json":{"title":"Location de chalet avec service \u00e0 Courchevel - Location de chalet avec service de traiteur","description":"D\u00e9couvrez votre prochaine location de chalet \u00e0 Courchevel pour les vacances d'hiver et louez un chalet \u00e0 Courchevel.","robots":{"index":"index","follow":"follow","max-snippet":"max-snippet:-1","max-image-preview":"max-image-preview:large","max-video-preview":"max-video-preview:-1"},"og_locale":"fr_FR","og_type":"article","og_title":"Location de chalet avec service \u00e0 Courchevel - Location de chalet avec service de traiteur","og_description":"D\u00e9couvrez votre prochaine location de chalet \u00e0 Courchevel pour les vacances d'hiver et louez un chalet \u00e0 Courchevel.","og_url":"https:\/\/courchevelchalets.fr\/fr\/traiteur-2\/","og_site_name":"Courchevel Chalets","article_modified_time":"2024-01-29T16:37:39+00:00","og_image":[{"width":2100,"height":1243,"url":"https:\/\/courchevelchalets.fr\/wp-content\/uploads\/2023\/05\/chalet-edelweiss-29.jpg","type":"image\/jpeg"}],"twitter_card":"summary_large_image","twitter_misc":{"Dur\u00e9e de lecture estim\u00e9e":"1 minute"},"schema":{"@context":"https:\/\/schema.org","@graph":[{"@type":"WebPage","@id":"https:\/\/courchevelchalets.fr\/fr\/traiteur-2\/","url":"https:\/\/courchevelchalets.fr\/fr\/traiteur-2\/","name":"Location de chalet avec service \u00e0 Courchevel - Location de chalet avec service de traiteur","isPartOf":{"@id":"https:\/\/courchevelchalets.fr\/fr\/#website"},"primaryImageOfPage":{"@id":"https:\/\/courchevelchalets.fr\/fr\/traiteur-2\/#primaryimage"},"image":{"@id":"https:\/\/courchevelchalets.fr\/fr\/traiteur-2\/#primaryimage"},"thumbnailUrl":"https:\/\/courchevelchalets.fr\/wp-content\/uploads\/2023\/05\/chalet-edelweiss-29.jpg","datePublished":"2023-12-15T18:21:52+00:00","dateModified":"2024-01-29T16:37:39+00:00","description":"D\u00e9couvrez votre prochaine location de chalet \u00e0 Courchevel pour les vacances d'hiver et louez un chalet \u00e0 Courchevel.","breadcrumb":{"@id":"https:\/\/courchevelchalets.fr\/fr\/traiteur-2\/#breadcrumb"},"inLanguage":"fr-FR","potentialAction":[{"@type":"ReadAction","target":["https:\/\/courchevelchalets.fr\/fr\/traiteur-2\/"]}]},{"@type":"ImageObject","inLanguage":"fr-FR","@id":"https:\/\/courchevelchalets.fr\/fr\/traiteur-2\/#primaryimage","url":"https:\/\/courchevelchalets.fr\/wp-content\/uploads\/2023\/05\/chalet-edelweiss-29.jpg","contentUrl":"https:\/\/courchevelchalets.fr\/wp-content\/uploads\/2023\/05\/chalet-edelweiss-29.jpg","width":2100,"height":1243},{"@type":"BreadcrumbList","@id":"https:\/\/courchevelchalets.fr\/fr\/traiteur-2\/#breadcrumb","itemListElement":[{"@type":"ListItem","position":1,"name":"Home","item":"https:\/\/courchevelchalets.fr\/fr\/"},{"@type":"ListItem","position":2,"name":"Autosuffisance"}]},{"@type":"WebSite","@id":"https:\/\/courchevelchalets.fr\/fr\/#website","url":"https:\/\/courchevelchalets.fr\/fr\/","name":"Courchevel Chalets","description":"Courchevel Chalets","publisher":{"@id":"https:\/\/courchevelchalets.fr\/fr\/#organization"},"potentialAction":[{"@type":"SearchAction","target":{"@type":"EntryPoint","urlTemplate":"https:\/\/courchevelchalets.fr\/fr\/?s={search_term_string}"},"query-input":{"@type":"PropertyValueSpecification","valueRequired":true,"valueName":"search_term_string"}}],"inLanguage":"fr-FR"},{"@type":"Organization","@id":"https:\/\/courchevelchalets.fr\/fr\/#organization","name":"Courchevel Chalets","url":"https:\/\/courchevelchalets.fr\/fr\/","logo":{"@type":"ImageObject","inLanguage":"fr-FR","@id":"https:\/\/courchevelchalets.fr\/fr\/#\/schema\/logo\/image\/","url":"","contentUrl":"","caption":"Courchevel Chalets"},"image":{"@id":"https:\/\/courchevelchalets.fr\/fr\/#\/schema\/logo\/image\/"}}]}},"distributor_meta":false,"distributor_terms":false,"distributor_media":false,"distributor_original_site_name":"Courchevel Chalets","distributor_original_site_url":"https:\/\/courchevelchalets.fr\/fr\/","push-errors":false,"_links":{"self":[{"href":"https:\/\/courchevelchalets.fr\/fr\/wp-json\/wp\/v2\/pages\/13613"}],"collection":[{"href":"https:\/\/courchevelchalets.fr\/fr\/wp-json\/wp\/v2\/pages"}],"about":[{"href":"https:\/\/courchevelchalets.fr\/fr\/wp-json\/wp\/v2\/types\/page"}],"author":[{"embeddable":true,"href":"https:\/\/courchevelchalets.fr\/fr\/wp-json\/wp\/v2\/users\/2"}],"replies":[{"embeddable":true,"href":"https:\/\/courchevelchalets.fr\/fr\/wp-json\/wp\/v2\/comments?post=13613"}],"version-history":[{"count":0,"href":"https:\/\/courchevelchalets.fr\/fr\/wp-json\/wp\/v2\/pages\/13613\/revisions"}],"wp:featuredmedia":[{"embeddable":true,"href":"https:\/\/courchevelchalets.fr\/fr\/wp-json\/wp\/v2\/media\/9610"}],"wp:attachment":[{"href":"https:\/\/courchevelchalets.fr\/fr\/wp-json\/wp\/v2\/media?parent=13613"}],"curies":[{"name":"wp","href":"https:\/\/api.w.org\/{rel}","templated":true}]}}