{"id":13548,"date":"2023-05-03T13:49:29","date_gmt":"2023-05-03T13:49:29","guid":{"rendered":"https:\/\/courchevelchalets.fr\/courchevel-1650\/"},"modified":"2024-01-29T11:43:05","modified_gmt":"2024-01-29T11:43:05","slug":"courchevel-1650","status":"publish","type":"page","link":"https:\/\/courchevelchalets.fr\/fr\/courchevel-1650\/","title":{"rendered":"Courchevel 1650"},"content":{"rendered":"\t\t<div data-elementor-type=\"wp-page\" data-elementor-id=\"13548\" class=\"elementor elementor-13548 elementor-4057\" data-elementor-post-type=\"page\">\n\t\t\t\t\t\t<section class=\"elementor-section elementor-top-section elementor-element elementor-element-7775676 elementor-section-height-min-height elementor-section-boxed elementor-section-height-default elementor-section-items-middle\" data-id=\"7775676\" data-element_type=\"section\" data-e-type=\"section\" data-settings=\"{&quot;background_background&quot;:&quot;classic&quot;}\">\n\t\t\t\t\t\t<div class=\"elementor-container elementor-column-gap-default\">\n\t\t\t\t\t<div class=\"elementor-column elementor-col-100 elementor-top-column elementor-element elementor-element-9cb90af\" data-id=\"9cb90af\" data-element_type=\"column\" data-e-type=\"column\">\n\t\t\t<div class=\"elementor-widget-wrap elementor-element-populated\">\n\t\t\t\t\t\t<div class=\"elementor-element elementor-element-bc06590 elementor-widget elementor-widget-heading\" data-id=\"bc06590\" data-element_type=\"widget\" data-e-type=\"widget\" data-widget_type=\"heading.default\">\n\t\t\t\t<div class=\"elementor-widget-container\">\n\t\t\t\t\t<h2 class=\"elementor-heading-title elementor-size-default\">Courchevel Moriond 1650<\/h2>\t\t\t\t<\/div>\n\t\t\t\t<\/div>\n\t\t\t\t\t<\/div>\n\t\t<\/div>\n\t\t\t\t\t<\/div>\n\t\t<\/section>\n\t\t\t\t<section class=\"elementor-section elementor-top-section elementor-element elementor-element-9da68ef elementor-section-boxed elementor-section-height-default elementor-section-height-default\" data-id=\"9da68ef\" data-element_type=\"section\" data-e-type=\"section\">\n\t\t\t\t\t\t<div class=\"elementor-container elementor-column-gap-default\">\n\t\t\t\t\t<div class=\"elementor-column elementor-col-100 elementor-top-column elementor-element elementor-element-6726422\" data-id=\"6726422\" data-element_type=\"column\" data-e-type=\"column\">\n\t\t\t<div class=\"elementor-widget-wrap elementor-element-populated\">\n\t\t\t\t\t\t<div class=\"elementor-element elementor-element-61f4c80 elementor-widget elementor-widget-heading\" data-id=\"61f4c80\" data-element_type=\"widget\" data-e-type=\"widget\" data-widget_type=\"heading.default\">\n\t\t\t\t<div class=\"elementor-widget-container\">\n\t\t\t\t\t<h1 class=\"elementor-heading-title elementor-size-default\">Location de chalet \u00e0 Courchevel 1650<\/h1>\t\t\t\t<\/div>\n\t\t\t\t<\/div>\n\t\t\t\t<div class=\"elementor-element elementor-element-f341bd7 elementor-widget elementor-widget-text-editor\" data-id=\"f341bd7\" data-element_type=\"widget\" data-e-type=\"widget\" data-widget_type=\"text-editor.default\">\n\t\t\t\t<div class=\"elementor-widget-container\">\n\t\t\t\t\t\t\t\t\t<p>Courchevel 1650, \u00e9galement connu sous le nom de Moriond, est un village un peu plus calme qui offre n\u00e9anmoins de nombreux \u00e9quipements et activit\u00e9s aux visiteurs. Le village est situ\u00e9 \u00e0 une altitude inf\u00e9rieure \u00e0 celle de Courchevel 1850, ce qui en fait un choix id\u00e9al pour les familles avec de jeunes enfants ou les skieurs d\u00e9butants.<\/p>\n\t\t\t\t\t\t\t\t<\/div>\n\t\t\t\t<\/div>\n\t\t\t\t\t<\/div>\n\t\t<\/div>\n\t\t\t\t\t<\/div>\n\t\t<\/section>\n\t\t\t\t<section class=\"elementor-section elementor-top-section elementor-element elementor-element-70decb7 elementor-section-boxed elementor-section-height-default elementor-section-height-default\" data-id=\"70decb7\" data-element_type=\"section\" data-e-type=\"section\">\n\t\t\t\t\t\t<div class=\"elementor-container elementor-column-gap-default\">\n\t\t\t\t\t<div class=\"elementor-column elementor-col-100 elementor-top-column elementor-element elementor-element-8a6d6c1\" data-id=\"8a6d6c1\" data-element_type=\"column\" data-e-type=\"column\">\n\t\t\t<div class=\"elementor-widget-wrap elementor-element-populated\">\n\t\t\t\t\t\t<div class=\"elementor-element elementor-element-f5b93a2 elementor-widget elementor-widget-heading\" data-id=\"f5b93a2\" data-element_type=\"widget\" data-e-type=\"widget\" data-widget_type=\"heading.default\">\n\t\t\t\t<div class=\"elementor-widget-container\">\n\t\t\t\t\t<h3 class=\"elementor-heading-title elementor-size-default\">Les Chalets \u00e0 Courchevel Moriond 1650<\/h3>\t\t\t\t<\/div>\n\t\t\t\t<\/div>\n\t\t\t\t<div class=\"elementor-element elementor-element-1341b27 elementor-widget elementor-widget-text-editor\" data-id=\"1341b27\" data-element_type=\"widget\" data-e-type=\"widget\" data-widget_type=\"text-editor.default\">\n\t\t\t\t<div class=\"elementor-widget-container\">\n\t\t\t\t\t\t\t\t\t<p>Parcourez notre s\u00e9lection des plus beaux chalets de luxe \u00e0 Courchevel en Moriond 1650.<\/p>\n\t\t\t\t\t\t\t\t<\/div>\n\t\t\t\t<\/div>\n\t\t\t\t<div class=\"elementor-element elementor-element-99103da elementor-posts--align-center elementor-grid-3 elementor-grid-tablet-2 elementor-grid-mobile-1 elementor-posts--thumbnail-top elementor-card-shadow-yes elementor-posts__hover-gradient elementor-widget elementor-widget-posts\" data-id=\"99103da\" data-element_type=\"widget\" data-e-type=\"widget\" data-settings=\"{&quot;cards_masonry&quot;:&quot;yes&quot;,&quot;cards_columns&quot;:&quot;3&quot;,&quot;cards_columns_tablet&quot;:&quot;2&quot;,&quot;cards_columns_mobile&quot;:&quot;1&quot;,&quot;cards_row_gap&quot;:{&quot;unit&quot;:&quot;px&quot;,&quot;size&quot;:35,&quot;sizes&quot;:[]},&quot;cards_row_gap_tablet&quot;:{&quot;unit&quot;:&quot;px&quot;,&quot;size&quot;:&quot;&quot;,&quot;sizes&quot;:[]},&quot;cards_row_gap_mobile&quot;:{&quot;unit&quot;:&quot;px&quot;,&quot;size&quot;:&quot;&quot;,&quot;sizes&quot;:[]}}\" data-widget_type=\"posts.cards\">\n\t\t\t\t<div class=\"elementor-widget-container\">\n\t\t\t\t\t\t\t<div class=\"elementor-posts-container elementor-posts elementor-posts--skin-cards elementor-grid\" role=\"list\">\n\t\t\t\t<article class=\"elementor-post elementor-grid-item post-14658 chalets type-chalets status-publish has-post-thumbnail hentry category-non-classifiee location-courchevel-1650 amenities-parking amenities-ski-in-ski-out type_of_rental-apartment entry\" role=\"listitem\">\n\t\t\t<div class=\"elementor-post__card\">\n\t\t\t\t<a class=\"elementor-post__thumbnail__link\" href=\"https:\/\/courchevelchalets.fr\/fr\/rentals\/penthouse-la-belladonna\/\" tabindex=\"-1\" ><div class=\"elementor-post__thumbnail\"><img fetchpriority=\"high\" decoding=\"async\" width=\"1536\" height=\"1024\" src=\"https:\/\/courchevelchalets.fr\/wp-content\/uploads\/2024\/09\/HX_RED_Belladonna-7-1-1536x1024.jpg\" class=\"attachment-1536x1536 size-1536x1536 wp-image-14663\" alt=\"\" srcset=\"https:\/\/courchevelchalets.fr\/wp-content\/uploads\/2024\/09\/HX_RED_Belladonna-7-1-1536x1024.jpg 1536w, https:\/\/courchevelchalets.fr\/wp-content\/uploads\/2024\/09\/HX_RED_Belladonna-7-1-300x200.jpg 300w, https:\/\/courchevelchalets.fr\/wp-content\/uploads\/2024\/09\/HX_RED_Belladonna-7-1-1024x682.jpg 1024w, https:\/\/courchevelchalets.fr\/wp-content\/uploads\/2024\/09\/HX_RED_Belladonna-7-1-768x512.jpg 768w, https:\/\/courchevelchalets.fr\/wp-content\/uploads\/2024\/09\/HX_RED_Belladonna-7-1-2048x1365.jpg 2048w, https:\/\/courchevelchalets.fr\/wp-content\/uploads\/2024\/09\/HX_RED_Belladonna-7-1-1568x1045.jpg 1568w\" sizes=\"(max-width: 1536px) 100vw, 1536px\" style=\"width:100%;height:66.64%;max-width:2560px;\" \/><\/div><\/a>\n\t\t\t\t<div class=\"elementor-post__text\">\n\t\t\t\t<h3 class=\"elementor-post__title\">\n\t\t\t<a href=\"https:\/\/courchevelchalets.fr\/fr\/rentals\/penthouse-la-belladonna\/\" >\n\t\t\t\tBelladone\t\t\t<\/a>\n\t\t<\/h3>\n\t\t\t\t<div class=\"elementor-post__excerpt\">\n\t\t\t<p>209m\u00b2 &#8211; 5 Chambres &#8211; \u20ac8,415.00<\/p>\n\t\t<\/div>\n\t\t\t\t<\/div>\n\t\t\t\t\t<\/div>\n\t\t<\/article>\n\t\t\t\t<article class=\"elementor-post elementor-grid-item post-14209 chalets type-chalets status-publish has-post-thumbnail hentry category-luxe location-courchevel-1650 amenities-cinema amenities-gym amenities-parking amenities-pool amenities-ski-in-ski-out amenities-ski-room amenities-spa amenities-staff type_of_rental-chalets entry\" role=\"listitem\">\n\t\t\t<div class=\"elementor-post__card\">\n\t\t\t\t<a class=\"elementor-post__thumbnail__link\" href=\"https:\/\/courchevelchalets.fr\/fr\/rentals\/chalet-bacchus\/\" tabindex=\"-1\" ><div class=\"elementor-post__thumbnail\"><img decoding=\"async\" width=\"1536\" height=\"1152\" src=\"https:\/\/courchevelchalets.fr\/wp-content\/uploads\/2024\/01\/Chalet-Bacchus-Courchevel-Consensio-Exterior-Backview-1536x1152.jpg\" class=\"attachment-1536x1536 size-1536x1536 wp-image-12223\" alt=\"\" srcset=\"https:\/\/courchevelchalets.fr\/wp-content\/uploads\/2024\/01\/Chalet-Bacchus-Courchevel-Consensio-Exterior-Backview-1536x1152.jpg 1536w, https:\/\/courchevelchalets.fr\/wp-content\/uploads\/2024\/01\/Chalet-Bacchus-Courchevel-Consensio-Exterior-Backview-300x225.jpg 300w, https:\/\/courchevelchalets.fr\/wp-content\/uploads\/2024\/01\/Chalet-Bacchus-Courchevel-Consensio-Exterior-Backview-1024x768.jpg 1024w, https:\/\/courchevelchalets.fr\/wp-content\/uploads\/2024\/01\/Chalet-Bacchus-Courchevel-Consensio-Exterior-Backview-768x576.jpg 768w, https:\/\/courchevelchalets.fr\/wp-content\/uploads\/2024\/01\/Chalet-Bacchus-Courchevel-Consensio-Exterior-Backview-1568x1176.jpg 1568w, https:\/\/courchevelchalets.fr\/wp-content\/uploads\/2024\/01\/Chalet-Bacchus-Courchevel-Consensio-Exterior-Backview.jpg 1822w\" sizes=\"(max-width: 1536px) 100vw, 1536px\" style=\"width:100%;height:74.97%;max-width:1822px;\" \/><\/div><\/a>\n\t\t\t\t<div class=\"elementor-post__text\">\n\t\t\t\t<h3 class=\"elementor-post__title\">\n\t\t\t<a href=\"https:\/\/courchevelchalets.fr\/fr\/rentals\/chalet-bacchus\/\" >\n\t\t\t\tChalet Bacchus\t\t\t<\/a>\n\t\t<\/h3>\n\t\t\t\t<div class=\"elementor-post__excerpt\">\n\t\t\t<p>450m\u00b2 &#8211; 7 Chambres &#8211; POA<\/p>\n\t\t<\/div>\n\t\t\t\t<\/div>\n\t\t\t\t\t<\/div>\n\t\t<\/article>\n\t\t\t\t<article class=\"elementor-post elementor-grid-item post-14113 chalets type-chalets status-publish has-post-thumbnail hentry category-luxe location-courchevel-1650 amenities-parking amenities-pool amenities-ski-in-ski-out amenities-ski-room amenities-spa amenities-staff type_of_rental-apartment entry\" role=\"listitem\">\n\t\t\t<div class=\"elementor-post__card\">\n\t\t\t\t<a class=\"elementor-post__thumbnail__link\" href=\"https:\/\/courchevelchalets.fr\/fr\/rentals\/grande-residence\/\" tabindex=\"-1\" ><div class=\"elementor-post__thumbnail\"><img decoding=\"async\" width=\"597\" height=\"448\" src=\"https:\/\/courchevelchalets.fr\/wp-content\/uploads\/2023\/06\/Prestige-Residence-24-1-e1686127903351.jpeg\" class=\"attachment-1536x1536 size-1536x1536 wp-image-10948\" alt=\"\" srcset=\"https:\/\/courchevelchalets.fr\/wp-content\/uploads\/2023\/06\/Prestige-Residence-24-1-e1686127903351.jpeg 597w, https:\/\/courchevelchalets.fr\/wp-content\/uploads\/2023\/06\/Prestige-Residence-24-1-e1686127903351-300x225.jpeg 300w\" sizes=\"(max-width: 597px) 100vw, 597px\" style=\"width:100%;height:75.04%;max-width:597px;\" \/><\/div><\/a>\n\t\t\t\t<div class=\"elementor-post__text\">\n\t\t\t\t<h3 class=\"elementor-post__title\">\n\t\t\t<a href=\"https:\/\/courchevelchalets.fr\/fr\/rentals\/grande-residence\/\" >\n\t\t\t\tGrande R\u00e9sidence\t\t\t<\/a>\n\t\t<\/h3>\n\t\t\t\t<div class=\"elementor-post__excerpt\">\n\t\t\t<p>200m\u00b2 &#8211; 2 Chambres &#8211; POA<\/p>\n\t\t<\/div>\n\t\t\t\t<\/div>\n\t\t\t\t\t<\/div>\n\t\t<\/article>\n\t\t\t\t<article class=\"elementor-post elementor-grid-item post-14099 chalets type-chalets status-publish has-post-thumbnail hentry category-luxe location-courchevel-1650 amenities-parking amenities-pool amenities-ski-in-ski-out amenities-ski-room amenities-spa amenities-staff type_of_rental-apartment entry\" role=\"listitem\">\n\t\t\t<div class=\"elementor-post__card\">\n\t\t\t\t<a class=\"elementor-post__thumbnail__link\" href=\"https:\/\/courchevelchalets.fr\/fr\/rentals\/residence-signature\/\" tabindex=\"-1\" ><div class=\"elementor-post__thumbnail\"><img loading=\"lazy\" decoding=\"async\" width=\"1536\" height=\"1152\" src=\"https:\/\/courchevelchalets.fr\/wp-content\/uploads\/2023\/06\/ULTIMA_-_COURCHEVEL_-_DECEMBER_2021_-_igor_laski_FULL_HD_sRVB-9-2-scaled-e1686124178773-1536x1152.jpeg\" class=\"attachment-1536x1536 size-1536x1536 wp-image-10927\" alt=\"\" srcset=\"https:\/\/courchevelchalets.fr\/wp-content\/uploads\/2023\/06\/ULTIMA_-_COURCHEVEL_-_DECEMBER_2021_-_igor_laski_FULL_HD_sRVB-9-2-scaled-e1686124178773-1536x1152.jpeg 1536w, https:\/\/courchevelchalets.fr\/wp-content\/uploads\/2023\/06\/ULTIMA_-_COURCHEVEL_-_DECEMBER_2021_-_igor_laski_FULL_HD_sRVB-9-2-scaled-e1686124178773-300x225.jpeg 300w, https:\/\/courchevelchalets.fr\/wp-content\/uploads\/2023\/06\/ULTIMA_-_COURCHEVEL_-_DECEMBER_2021_-_igor_laski_FULL_HD_sRVB-9-2-scaled-e1686124178773-1024x768.jpeg 1024w, https:\/\/courchevelchalets.fr\/wp-content\/uploads\/2023\/06\/ULTIMA_-_COURCHEVEL_-_DECEMBER_2021_-_igor_laski_FULL_HD_sRVB-9-2-scaled-e1686124178773-768x576.jpeg 768w, https:\/\/courchevelchalets.fr\/wp-content\/uploads\/2023\/06\/ULTIMA_-_COURCHEVEL_-_DECEMBER_2021_-_igor_laski_FULL_HD_sRVB-9-2-scaled-e1686124178773-2048x1536.jpeg 2048w, https:\/\/courchevelchalets.fr\/wp-content\/uploads\/2023\/06\/ULTIMA_-_COURCHEVEL_-_DECEMBER_2021_-_igor_laski_FULL_HD_sRVB-9-2-scaled-e1686124178773-1568x1176.jpeg 1568w\" sizes=\"(max-width: 1536px) 100vw, 1536px\" style=\"width:100%;height:74.98%;max-width:2278px;\" \/><\/div><\/a>\n\t\t\t\t<div class=\"elementor-post__text\">\n\t\t\t\t<h3 class=\"elementor-post__title\">\n\t\t\t<a href=\"https:\/\/courchevelchalets.fr\/fr\/rentals\/residence-signature\/\" >\n\t\t\t\tR\u00e9sidence Signature\t\t\t<\/a>\n\t\t<\/h3>\n\t\t\t\t<div class=\"elementor-post__excerpt\">\n\t\t\t<p>200m\u00b2 &#8211; 2 Chambres &#8211; POA<\/p>\n\t\t<\/div>\n\t\t\t\t<\/div>\n\t\t\t\t\t<\/div>\n\t\t<\/article>\n\t\t\t\t<article class=\"elementor-post elementor-grid-item post-14106 chalets type-chalets status-publish has-post-thumbnail hentry category-luxe location-courchevel-1650 amenities-parking amenities-pool amenities-ski-in-ski-out amenities-ski-room amenities-spa amenities-staff type_of_rental-apartment entry\" role=\"listitem\">\n\t\t\t<div class=\"elementor-post__card\">\n\t\t\t\t<a class=\"elementor-post__thumbnail__link\" href=\"https:\/\/courchevelchalets.fr\/fr\/rentals\/residence-de-prestige\/\" tabindex=\"-1\" ><div class=\"elementor-post__thumbnail\"><img loading=\"lazy\" decoding=\"async\" width=\"1139\" height=\"853\" src=\"https:\/\/courchevelchalets.fr\/wp-content\/uploads\/2023\/06\/Prestige-Residence-16-e1686123086792.jpeg\" class=\"attachment-1536x1536 size-1536x1536 wp-image-10924\" alt=\"\" srcset=\"https:\/\/courchevelchalets.fr\/wp-content\/uploads\/2023\/06\/Prestige-Residence-16-e1686123086792.jpeg 1139w, https:\/\/courchevelchalets.fr\/wp-content\/uploads\/2023\/06\/Prestige-Residence-16-e1686123086792-300x225.jpeg 300w, https:\/\/courchevelchalets.fr\/wp-content\/uploads\/2023\/06\/Prestige-Residence-16-e1686123086792-1024x767.jpeg 1024w, https:\/\/courchevelchalets.fr\/wp-content\/uploads\/2023\/06\/Prestige-Residence-16-e1686123086792-768x575.jpeg 768w\" sizes=\"(max-width: 1139px) 100vw, 1139px\" style=\"width:100%;height:74.89%;max-width:1139px;\" \/><\/div><\/a>\n\t\t\t\t<div class=\"elementor-post__text\">\n\t\t\t\t<h3 class=\"elementor-post__title\">\n\t\t\t<a href=\"https:\/\/courchevelchalets.fr\/fr\/rentals\/residence-de-prestige\/\" >\n\t\t\t\tR\u00e9sidence de prestige\t\t\t<\/a>\n\t\t<\/h3>\n\t\t\t\t<div class=\"elementor-post__excerpt\">\n\t\t\t<p>400m\u00b2 &#8211; 4 Chambres &#8211; \u20ac50,000<\/p>\n\t\t<\/div>\n\t\t\t\t<\/div>\n\t\t\t\t\t<\/div>\n\t\t<\/article>\n\t\t\t\t<article class=\"elementor-post elementor-grid-item post-14096 chalets type-chalets status-publish has-post-thumbnail hentry location-courchevel-1650 amenities-parking amenities-ski-in-ski-out amenities-spa amenities-staff type_of_rental-chalets entry\" role=\"listitem\">\n\t\t\t<div class=\"elementor-post__card\">\n\t\t\t\t<a class=\"elementor-post__thumbnail__link\" href=\"https:\/\/courchevelchalets.fr\/fr\/rentals\/chalet-sira\/\" tabindex=\"-1\" ><div class=\"elementor-post__thumbnail\"><img loading=\"lazy\" decoding=\"async\" width=\"667\" height=\"500\" src=\"https:\/\/courchevelchalets.fr\/wp-content\/uploads\/2023\/06\/Chalet-Sira-11-e1686121123545.jpeg\" class=\"attachment-1536x1536 size-1536x1536 wp-image-10798\" alt=\"\" srcset=\"https:\/\/courchevelchalets.fr\/wp-content\/uploads\/2023\/06\/Chalet-Sira-11-e1686121123545.jpeg 667w, https:\/\/courchevelchalets.fr\/wp-content\/uploads\/2023\/06\/Chalet-Sira-11-e1686121123545-300x225.jpeg 300w\" sizes=\"(max-width: 667px) 100vw, 667px\" style=\"width:100%;height:74.96%;max-width:667px;\" \/><\/div><\/a>\n\t\t\t\t<div class=\"elementor-post__text\">\n\t\t\t\t<h3 class=\"elementor-post__title\">\n\t\t\t<a href=\"https:\/\/courchevelchalets.fr\/fr\/rentals\/chalet-sira\/\" >\n\t\t\t\tChalet Sira\t\t\t<\/a>\n\t\t<\/h3>\n\t\t\t\t<div class=\"elementor-post__excerpt\">\n\t\t\t<p>195m\u00b2 &#8211; 4 Chambres &#8211; POA<\/p>\n\t\t<\/div>\n\t\t\t\t<\/div>\n\t\t\t\t\t<\/div>\n\t\t<\/article>\n\t\t\t\t<\/div>\n\t\t\n\t\t\t\t\t\t<\/div>\n\t\t\t\t<\/div>\n\t\t\t\t\t<\/div>\n\t\t<\/div>\n\t\t\t\t\t<\/div>\n\t\t<\/section>\n\t\t\t\t<\/div>\n\t\t","protected":false},"excerpt":{"rendered":"<p>Courchevel Moriond 1650 Location de chalet \u00e0 Courchevel 1650 Courchevel 1650, \u00e9galement connu sous le nom de Moriond, est un village un peu plus calme qui offre n\u00e9anmoins de nombreux \u00e9quipements et activit\u00e9s aux visiteurs. Le village est situ\u00e9 \u00e0 une altitude inf\u00e9rieure \u00e0 celle de Courchevel 1850, ce qui en fait un choix id\u00e9al&hellip; <a class=\"more-link\" href=\"https:\/\/courchevelchalets.fr\/fr\/rentals\/chalet-sira\/\">Poursuivre la lecture <span class=\"screen-reader-text\">Chalet Sira<\/span><\/a><\/p>\n","protected":false},"author":3,"featured_media":6721,"parent":0,"menu_order":0,"comment_status":"closed","ping_status":"closed","template":"elementor_header_footer","meta":{"_acf_changed":false,"footnotes":""},"class_list":["post-13548","page","type-page","status-publish","has-post-thumbnail","hentry","entry"],"acf":[],"yoast_head":"<!-- This site is optimized with the Yoast SEO plugin v25.6 - https:\/\/yoast.com\/wordpress\/plugins\/seo\/ -->\n<title>Location de chalet \u00e0 Courchevel 1650 - Courchevel Chalets.<\/title>\n<meta name=\"description\" content=\"D\u00e9couvrez votre prochaine location de chalet \u00e0 Courchevel 1650 pour les vacances d&#039;hiver et louez un chalet \u00e0 Courchevel avec vos amis et votre famille.\" \/>\n<meta name=\"robots\" content=\"index, follow, max-snippet:-1, max-image-preview:large, max-video-preview:-1\" \/>\n<meta property=\"og:locale\" content=\"fr_FR\" \/>\n<meta property=\"og:type\" content=\"article\" \/>\n<meta property=\"og:title\" content=\"Location de chalet \u00e0 Courchevel 1650 - Courchevel Chalets.\" \/>\n<meta property=\"og:description\" content=\"D\u00e9couvrez votre prochaine location de chalet \u00e0 Courchevel 1650 pour les vacances d&#039;hiver et louez un chalet \u00e0 Courchevel avec vos amis et votre famille.\" \/>\n<meta property=\"og:url\" content=\"https:\/\/courchevelchalets.fr\/fr\/courchevel-1650\/\" \/>\n<meta property=\"og:site_name\" content=\"Courchevel Chalets\" \/>\n<meta property=\"article:modified_time\" content=\"2024-01-29T11:43:05+00:00\" \/>\n<meta property=\"og:image\" content=\"https:\/\/courchevelchalets.fr\/wp-content\/uploads\/2022\/09\/Villa-Illona-18.jpg\" \/>\n\t<meta property=\"og:image:width\" content=\"2000\" \/>\n\t<meta property=\"og:image:height\" content=\"1334\" \/>\n\t<meta property=\"og:image:type\" content=\"image\/jpeg\" \/>\n<meta name=\"twitter:card\" content=\"summary_large_image\" \/>\n<script type=\"application\/ld+json\" class=\"yoast-schema-graph\">{\"@context\":\"https:\/\/schema.org\",\"@graph\":[{\"@type\":\"WebPage\",\"@id\":\"https:\/\/courchevelchalets.fr\/fr\/courchevel-1650\/\",\"url\":\"https:\/\/courchevelchalets.fr\/fr\/courchevel-1650\/\",\"name\":\"Location de chalet \u00e0 Courchevel 1650 - Courchevel Chalets.\",\"isPartOf\":{\"@id\":\"https:\/\/courchevelchalets.fr\/fr\/#website\"},\"primaryImageOfPage\":{\"@id\":\"https:\/\/courchevelchalets.fr\/fr\/courchevel-1650\/#primaryimage\"},\"image\":{\"@id\":\"https:\/\/courchevelchalets.fr\/fr\/courchevel-1650\/#primaryimage\"},\"thumbnailUrl\":\"https:\/\/courchevelchalets.fr\/wp-content\/uploads\/2022\/09\/Villa-Illona-18.jpg\",\"datePublished\":\"2023-05-03T13:49:29+00:00\",\"dateModified\":\"2024-01-29T11:43:05+00:00\",\"description\":\"D\u00e9couvrez votre prochaine location de chalet \u00e0 Courchevel 1650 pour les vacances d'hiver et louez un chalet \u00e0 Courchevel avec vos amis et votre famille.\",\"breadcrumb\":{\"@id\":\"https:\/\/courchevelchalets.fr\/fr\/courchevel-1650\/#breadcrumb\"},\"inLanguage\":\"fr-FR\",\"potentialAction\":[{\"@type\":\"ReadAction\",\"target\":[\"https:\/\/courchevelchalets.fr\/fr\/courchevel-1650\/\"]}]},{\"@type\":\"ImageObject\",\"inLanguage\":\"fr-FR\",\"@id\":\"https:\/\/courchevelchalets.fr\/fr\/courchevel-1650\/#primaryimage\",\"url\":\"https:\/\/courchevelchalets.fr\/wp-content\/uploads\/2022\/09\/Villa-Illona-18.jpg\",\"contentUrl\":\"https:\/\/courchevelchalets.fr\/wp-content\/uploads\/2022\/09\/Villa-Illona-18.jpg\",\"width\":2000,\"height\":1334},{\"@type\":\"BreadcrumbList\",\"@id\":\"https:\/\/courchevelchalets.fr\/fr\/courchevel-1650\/#breadcrumb\",\"itemListElement\":[{\"@type\":\"ListItem\",\"position\":1,\"name\":\"Home\",\"item\":\"https:\/\/courchevelchalets.fr\/fr\/\"},{\"@type\":\"ListItem\",\"position\":2,\"name\":\"Courchevel 1650\"}]},{\"@type\":\"WebSite\",\"@id\":\"https:\/\/courchevelchalets.fr\/fr\/#website\",\"url\":\"https:\/\/courchevelchalets.fr\/fr\/\",\"name\":\"Courchevel Chalets\",\"description\":\"Courchevel Chalets\",\"publisher\":{\"@id\":\"https:\/\/courchevelchalets.fr\/fr\/#organization\"},\"potentialAction\":[{\"@type\":\"SearchAction\",\"target\":{\"@type\":\"EntryPoint\",\"urlTemplate\":\"https:\/\/courchevelchalets.fr\/fr\/?s={search_term_string}\"},\"query-input\":{\"@type\":\"PropertyValueSpecification\",\"valueRequired\":true,\"valueName\":\"search_term_string\"}}],\"inLanguage\":\"fr-FR\"},{\"@type\":\"Organization\",\"@id\":\"https:\/\/courchevelchalets.fr\/fr\/#organization\",\"name\":\"Courchevel Chalets\",\"url\":\"https:\/\/courchevelchalets.fr\/fr\/\",\"logo\":{\"@type\":\"ImageObject\",\"inLanguage\":\"fr-FR\",\"@id\":\"https:\/\/courchevelchalets.fr\/fr\/#\/schema\/logo\/image\/\",\"url\":\"\",\"contentUrl\":\"\",\"caption\":\"Courchevel Chalets\"},\"image\":{\"@id\":\"https:\/\/courchevelchalets.fr\/fr\/#\/schema\/logo\/image\/\"}}]}<\/script>\n<!-- \/ Yoast SEO plugin. -->","yoast_head_json":{"title":"Location de chalet \u00e0 Courchevel 1650 - Courchevel Chalets.","description":"D\u00e9couvrez votre prochaine location de chalet \u00e0 Courchevel 1650 pour les vacances d'hiver et louez un chalet \u00e0 Courchevel avec vos amis et votre famille.","robots":{"index":"index","follow":"follow","max-snippet":"max-snippet:-1","max-image-preview":"max-image-preview:large","max-video-preview":"max-video-preview:-1"},"og_locale":"fr_FR","og_type":"article","og_title":"Location de chalet \u00e0 Courchevel 1650 - Courchevel Chalets.","og_description":"D\u00e9couvrez votre prochaine location de chalet \u00e0 Courchevel 1650 pour les vacances d'hiver et louez un chalet \u00e0 Courchevel avec vos amis et votre famille.","og_url":"https:\/\/courchevelchalets.fr\/fr\/courchevel-1650\/","og_site_name":"Courchevel Chalets","article_modified_time":"2024-01-29T11:43:05+00:00","og_image":[{"width":2000,"height":1334,"url":"https:\/\/courchevelchalets.fr\/wp-content\/uploads\/2022\/09\/Villa-Illona-18.jpg","type":"image\/jpeg"}],"twitter_card":"summary_large_image","schema":{"@context":"https:\/\/schema.org","@graph":[{"@type":"WebPage","@id":"https:\/\/courchevelchalets.fr\/fr\/courchevel-1650\/","url":"https:\/\/courchevelchalets.fr\/fr\/courchevel-1650\/","name":"Location de chalet \u00e0 Courchevel 1650 - Courchevel Chalets.","isPartOf":{"@id":"https:\/\/courchevelchalets.fr\/fr\/#website"},"primaryImageOfPage":{"@id":"https:\/\/courchevelchalets.fr\/fr\/courchevel-1650\/#primaryimage"},"image":{"@id":"https:\/\/courchevelchalets.fr\/fr\/courchevel-1650\/#primaryimage"},"thumbnailUrl":"https:\/\/courchevelchalets.fr\/wp-content\/uploads\/2022\/09\/Villa-Illona-18.jpg","datePublished":"2023-05-03T13:49:29+00:00","dateModified":"2024-01-29T11:43:05+00:00","description":"D\u00e9couvrez votre prochaine location de chalet \u00e0 Courchevel 1650 pour les vacances d'hiver et louez un chalet \u00e0 Courchevel avec vos amis et votre famille.","breadcrumb":{"@id":"https:\/\/courchevelchalets.fr\/fr\/courchevel-1650\/#breadcrumb"},"inLanguage":"fr-FR","potentialAction":[{"@type":"ReadAction","target":["https:\/\/courchevelchalets.fr\/fr\/courchevel-1650\/"]}]},{"@type":"ImageObject","inLanguage":"fr-FR","@id":"https:\/\/courchevelchalets.fr\/fr\/courchevel-1650\/#primaryimage","url":"https:\/\/courchevelchalets.fr\/wp-content\/uploads\/2022\/09\/Villa-Illona-18.jpg","contentUrl":"https:\/\/courchevelchalets.fr\/wp-content\/uploads\/2022\/09\/Villa-Illona-18.jpg","width":2000,"height":1334},{"@type":"BreadcrumbList","@id":"https:\/\/courchevelchalets.fr\/fr\/courchevel-1650\/#breadcrumb","itemListElement":[{"@type":"ListItem","position":1,"name":"Home","item":"https:\/\/courchevelchalets.fr\/fr\/"},{"@type":"ListItem","position":2,"name":"Courchevel 1650"}]},{"@type":"WebSite","@id":"https:\/\/courchevelchalets.fr\/fr\/#website","url":"https:\/\/courchevelchalets.fr\/fr\/","name":"Courchevel Chalets","description":"Courchevel Chalets","publisher":{"@id":"https:\/\/courchevelchalets.fr\/fr\/#organization"},"potentialAction":[{"@type":"SearchAction","target":{"@type":"EntryPoint","urlTemplate":"https:\/\/courchevelchalets.fr\/fr\/?s={search_term_string}"},"query-input":{"@type":"PropertyValueSpecification","valueRequired":true,"valueName":"search_term_string"}}],"inLanguage":"fr-FR"},{"@type":"Organization","@id":"https:\/\/courchevelchalets.fr\/fr\/#organization","name":"Courchevel Chalets","url":"https:\/\/courchevelchalets.fr\/fr\/","logo":{"@type":"ImageObject","inLanguage":"fr-FR","@id":"https:\/\/courchevelchalets.fr\/fr\/#\/schema\/logo\/image\/","url":"","contentUrl":"","caption":"Courchevel Chalets"},"image":{"@id":"https:\/\/courchevelchalets.fr\/fr\/#\/schema\/logo\/image\/"}}]}},"distributor_meta":false,"distributor_terms":false,"distributor_media":false,"distributor_original_site_name":"Courchevel Chalets","distributor_original_site_url":"https:\/\/courchevelchalets.fr\/fr\/","push-errors":false,"_links":{"self":[{"href":"https:\/\/courchevelchalets.fr\/fr\/wp-json\/wp\/v2\/pages\/13548"}],"collection":[{"href":"https:\/\/courchevelchalets.fr\/fr\/wp-json\/wp\/v2\/pages"}],"about":[{"href":"https:\/\/courchevelchalets.fr\/fr\/wp-json\/wp\/v2\/types\/page"}],"author":[{"embeddable":true,"href":"https:\/\/courchevelchalets.fr\/fr\/wp-json\/wp\/v2\/users\/3"}],"replies":[{"embeddable":true,"href":"https:\/\/courchevelchalets.fr\/fr\/wp-json\/wp\/v2\/comments?post=13548"}],"version-history":[{"count":0,"href":"https:\/\/courchevelchalets.fr\/fr\/wp-json\/wp\/v2\/pages\/13548\/revisions"}],"wp:featuredmedia":[{"embeddable":true,"href":"https:\/\/courchevelchalets.fr\/fr\/wp-json\/wp\/v2\/media\/6721"}],"wp:attachment":[{"href":"https:\/\/courchevelchalets.fr\/fr\/wp-json\/wp\/v2\/media?parent=13548"}],"curies":[{"name":"wp","href":"https:\/\/api.w.org\/{rel}","templated":true}]}}