{"id":13537,"date":"2022-01-30T08:11:14","date_gmt":"2022-01-30T08:11:14","guid":{"rendered":"https:\/\/courchevelchalets.fr\/a-propos-de\/"},"modified":"2026-07-31T08:04:48","modified_gmt":"2026-07-31T08:04:48","slug":"a-propos-de","status":"publish","type":"page","link":"https:\/\/courchevelchalets.fr\/fr\/a-propos-de\/","title":{"rendered":"A propos de"},"content":{"rendered":"\t\t<div data-elementor-type=\"wp-page\" data-elementor-id=\"13537\" class=\"elementor elementor-13537 elementor-1660\" data-elementor-post-type=\"page\">\n\t\t\t\t<div class=\"elementor-element elementor-element-4bef132 e-flex e-con-boxed e-con e-parent\" data-id=\"4bef132\" data-element_type=\"container\" data-e-type=\"container\" data-settings=\"{&quot;background_background&quot;:&quot;classic&quot;}\">\n\t\t\t\t\t<div class=\"e-con-inner\">\n\t\t<div class=\"elementor-element elementor-element-b40cb3f e-con-full e-flex e-con e-child\" data-id=\"b40cb3f\" data-element_type=\"container\" data-e-type=\"container\">\n\t\t\t\t<div class=\"elementor-element elementor-element-fad065b elementor-widget elementor-widget-heading\" data-id=\"fad065b\" data-element_type=\"widget\" data-e-type=\"widget\" data-widget_type=\"heading.default\">\n\t\t\t\t<div class=\"elementor-widget-container\">\n\t\t\t\t\t<h2 class=\"elementor-heading-title elementor-size-default\">\u00c0 propos de nous<\/h2>\t\t\t\t<\/div>\n\t\t\t\t<\/div>\n\t\t\t\t<\/div>\n\t\t\t\t\t<\/div>\n\t\t\t\t<\/div>\n\t\t\t\t<section class=\"elementor-section elementor-top-section elementor-element elementor-element-1ed6991 elementor-section-boxed elementor-section-height-default elementor-section-height-default\" data-id=\"1ed6991\" data-element_type=\"section\" data-e-type=\"section\">\n\t\t\t\t\t\t<div class=\"elementor-container elementor-column-gap-default\">\n\t\t\t\t\t<div class=\"elementor-column elementor-col-100 elementor-top-column elementor-element elementor-element-ad1228c\" data-id=\"ad1228c\" data-element_type=\"column\" data-e-type=\"column\">\n\t\t\t<div class=\"elementor-widget-wrap elementor-element-populated\">\n\t\t\t\t\t\t<div class=\"elementor-element elementor-element-7f79f49 elementor-widget elementor-widget-heading\" data-id=\"7f79f49\" data-element_type=\"widget\" data-e-type=\"widget\" data-widget_type=\"heading.default\">\n\t\t\t\t<div class=\"elementor-widget-container\">\n\t\t\t\t\t<h6 class=\"elementor-heading-title elementor-size-default\">La collection S<\/h6>\t\t\t\t<\/div>\n\t\t\t\t<\/div>\n\t\t\t\t<div class=\"elementor-element elementor-element-13ac408 elementor-widget elementor-widget-heading\" data-id=\"13ac408\" data-element_type=\"widget\" data-e-type=\"widget\" data-widget_type=\"heading.default\">\n\t\t\t\t<div class=\"elementor-widget-container\">\n\t\t\t\t\t<h1 class=\"elementor-heading-title elementor-size-default\">Chalet \u00e0 Courchevel<\/h1>\t\t\t\t<\/div>\n\t\t\t\t<\/div>\n\t\t\t\t<div class=\"elementor-element elementor-element-0750d77 elementor-widget elementor-widget-text-editor\" data-id=\"0750d77\" data-element_type=\"widget\" data-e-type=\"widget\" data-widget_type=\"text-editor.default\">\n\t\t\t\t<div class=\"elementor-widget-container\">\n\t\t\t\t\t\t\t\t\t<p>Bienvenue sur notre site de location de luxe \u00e0 Courchevel, France. Nous proposons une s\u00e9lection des chalets les plus prestigieux et les plus luxueux de Courchevel 1850, la destination ultime pour une exp\u00e9rience de montagne sophistiqu\u00e9e et glamour. Notre site Internet pr\u00e9sente une vaste gamme de chalets magnifiques, con\u00e7us pour r\u00e9pondre aux normes les plus strictes en mati\u00e8re de luxe et de confort.    <\/p>\n<p>Nous sommes fiers de fournir \u00e0 nos clients un service exceptionnel et une exp\u00e9rience de vacances inoubliable. Notre \u00e9quipe de professionnels d\u00e9vou\u00e9s poss\u00e8de une grande connaissance et une grande exp\u00e9rience du secteur de la location de chalets de luxe et s&rsquo;engage \u00e0 veiller \u00e0 ce que tous les aspects de votre s\u00e9jour soient pris en charge. <\/p>\n\t\t\t\t\t\t\t\t<\/div>\n\t\t\t\t<\/div>\n\t\t\t\t\t<\/div>\n\t\t<\/div>\n\t\t\t\t\t<\/div>\n\t\t<\/section>\n\t\t\t\t<section class=\"elementor-section elementor-top-section elementor-element elementor-element-45e9409 elementor-section-boxed elementor-section-height-default elementor-section-height-default\" data-id=\"45e9409\" data-element_type=\"section\" data-e-type=\"section\">\n\t\t\t\t\t\t<div class=\"elementor-container elementor-column-gap-default\">\n\t\t\t\t\t<div class=\"elementor-column elementor-col-100 elementor-top-column elementor-element elementor-element-22100fc\" data-id=\"22100fc\" data-element_type=\"column\" data-e-type=\"column\">\n\t\t\t<div class=\"elementor-widget-wrap elementor-element-populated\">\n\t\t\t\t\t\t<div class=\"elementor-element elementor-element-2637603 elementor-widget elementor-widget-heading\" data-id=\"2637603\" data-element_type=\"widget\" data-e-type=\"widget\" data-widget_type=\"heading.default\">\n\t\t\t\t<div class=\"elementor-widget-container\">\n\t\t\t\t\t<h6 class=\"elementor-heading-title elementor-size-default\">L'\u00e9quipe<\/h6>\t\t\t\t<\/div>\n\t\t\t\t<\/div>\n\t\t\t\t<div class=\"elementor-element elementor-element-df2f3ec elementor-widget elementor-widget-heading\" data-id=\"df2f3ec\" data-element_type=\"widget\" data-e-type=\"widget\" data-widget_type=\"heading.default\">\n\t\t\t\t<div class=\"elementor-widget-container\">\n\t\t\t\t\t<h2 class=\"elementor-heading-title elementor-size-default\">Nos courtiers<\/h2>\t\t\t\t<\/div>\n\t\t\t\t<\/div>\n\t\t\t\t<div class=\"elementor-element elementor-element-5ed3a0b elementor-widget elementor-widget-text-editor\" data-id=\"5ed3a0b\" data-element_type=\"widget\" data-e-type=\"widget\" data-widget_type=\"text-editor.default\">\n\t\t\t\t<div class=\"elementor-widget-container\">\n\t\t\t\t\t\t\t\t\t<p>Bienvenue sur notre site de location de luxe \u00e0 Courchevel, France. Nous proposons une s\u00e9lection des chalets les plus prestigieux et les plus luxueux de Courchevel 1850, la destination ultime pour une exp\u00e9rience de montagne sophistiqu\u00e9e et glamour. Notre site Internet pr\u00e9sente une vaste gamme de chalets magnifiques, con\u00e7us pour r\u00e9pondre aux normes les plus strictes en mati\u00e8re de luxe et de confort.    <\/p>\n<p>Nous sommes fiers de fournir \u00e0 nos clients un service exceptionnel et une exp\u00e9rience de vacances inoubliable. Notre \u00e9quipe de professionnels d\u00e9vou\u00e9s poss\u00e8de une grande connaissance et une grande exp\u00e9rience du secteur de la location de chalets de luxe et s&rsquo;engage \u00e0 veiller \u00e0 ce que tous les aspects de votre s\u00e9jour soient pris en charge. <\/p>\n\t\t\t\t\t\t\t\t<\/div>\n\t\t\t\t<\/div>\n\t\t\t\t<div class=\"elementor-element elementor-element-817cc72 elementor-widget elementor-widget-image\" data-id=\"817cc72\" data-element_type=\"widget\" data-e-type=\"widget\" data-widget_type=\"image.default\">\n\t\t\t\t<div class=\"elementor-widget-container\">\n\t\t\t\t\t\t\t\t\t\t\t\t\t\t\t<img fetchpriority=\"high\" decoding=\"async\" width=\"750\" height=\"750\" src=\"https:\/\/courchevelchalets.fr\/wp-content\/uploads\/2026\/07\/Nisha-Nielsen.webp\" class=\"attachment-large size-large wp-image-19130\" alt=\"frederic.dormeuil@sosyachting.com\" srcset=\"https:\/\/courchevelchalets.fr\/wp-content\/uploads\/2026\/07\/Nisha-Nielsen.webp 800w, https:\/\/courchevelchalets.fr\/wp-content\/uploads\/2026\/07\/Nisha-Nielsen-300x300.webp 300w, https:\/\/courchevelchalets.fr\/wp-content\/uploads\/2026\/07\/Nisha-Nielsen-150x150.webp 150w, https:\/\/courchevelchalets.fr\/wp-content\/uploads\/2026\/07\/Nisha-Nielsen-768x768.webp 768w\" sizes=\"(max-width: 750px) 100vw, 750px\" style=\"width:100%;height:100%;max-width:800px\" \/>\t\t\t\t\t\t\t\t\t\t\t\t\t\t\t<\/div>\n\t\t\t\t<\/div>\n\t\t\t\t<div class=\"elementor-element elementor-element-0d00eb7 elementor-widget elementor-widget-heading\" data-id=\"0d00eb7\" data-element_type=\"widget\" data-e-type=\"widget\" data-widget_type=\"heading.default\">\n\t\t\t\t<div class=\"elementor-widget-container\">\n\t\t\t\t\t<h3 class=\"elementor-heading-title elementor-size-default\">Nisha Nielsen<\/h3>\t\t\t\t<\/div>\n\t\t\t\t<\/div>\n\t\t\t\t<div class=\"elementor-element elementor-element-ddf882f elementor-widget elementor-widget-text-editor\" data-id=\"ddf882f\" data-element_type=\"widget\" data-e-type=\"widget\" data-widget_type=\"text-editor.default\">\n\t\t\t\t<div class=\"elementor-widget-container\">\n\t\t\t\t\t\t\t\t\t<p>Courtier en immobilier<\/p>\n<p>Anglais, fran\u00e7ais et russe<\/p>\n<p><a href=\"https:\/\/wa.me\/+33649560361\">Whatsapp<\/a><\/p>\n\t\t\t\t\t\t\t\t<\/div>\n\t\t\t\t<\/div>\n\t\t\t\t\t<\/div>\n\t\t<\/div>\n\t\t\t\t\t<\/div>\n\t\t<\/section>\n\t\t\t\t<section class=\"elementor-section elementor-top-section elementor-element elementor-element-79d1943 elementor-section-boxed elementor-section-height-default elementor-section-height-default\" data-id=\"79d1943\" data-element_type=\"section\" data-e-type=\"section\">\n\t\t\t\t\t\t<div class=\"elementor-container elementor-column-gap-default\">\n\t\t\t\t\t<div class=\"elementor-column elementor-col-50 elementor-top-column elementor-element elementor-element-b5b8893\" data-id=\"b5b8893\" data-element_type=\"column\" data-e-type=\"column\">\n\t\t\t<div class=\"elementor-widget-wrap elementor-element-populated\">\n\t\t\t\t\t\t<div class=\"elementor-element elementor-element-19649fb elementor-widget elementor-widget-heading\" data-id=\"19649fb\" data-element_type=\"widget\" data-e-type=\"widget\" data-widget_type=\"heading.default\">\n\t\t\t\t<div class=\"elementor-widget-container\">\n\t\t\t\t\t<h6 class=\"elementor-heading-title elementor-size-default\">Nos services<\/h6>\t\t\t\t<\/div>\n\t\t\t\t<\/div>\n\t\t\t\t<div class=\"elementor-element elementor-element-754e4cb elementor-widget elementor-widget-heading\" data-id=\"754e4cb\" data-element_type=\"widget\" data-e-type=\"widget\" data-widget_type=\"heading.default\">\n\t\t\t\t<div class=\"elementor-widget-container\">\n\t\t\t\t\t<h3 class=\"elementor-heading-title elementor-size-default\">\u00c0 propos de nous<\/h3>\t\t\t\t<\/div>\n\t\t\t\t<\/div>\n\t\t\t\t<div class=\"elementor-element elementor-element-088375c elementor-widget elementor-widget-text-editor\" data-id=\"088375c\" data-element_type=\"widget\" data-e-type=\"widget\" data-widget_type=\"text-editor.default\">\n\t\t\t\t<div class=\"elementor-widget-container\">\n\t\t\t\t\t\t\t\t\t<p>La S Collection \u00e0 Courchevel s&rsquo;appuie sur les comp\u00e9tences des meilleurs photographes et vid\u00e9astes de la r\u00e9gion, tirant parti de notre longue exp\u00e9rience en mati\u00e8re de commercialisation d&rsquo;h\u00e9bergements alpins de luxe pour \u00e9lever le niveau de l&rsquo;industrie des chalets. Nous collaborons avec vous pour comprendre les subtilit\u00e9s de la tarification de vos chalets, en \u00e9laborant une approche personnalis\u00e9e pour les saisons hautes et basses. Une fois que tous les \u00e9l\u00e9ments sont impeccablement synchronis\u00e9s, nous pr\u00e9sentons votre chalet sur notre site web et utilisons une vari\u00e9t\u00e9 de canaux num\u00e9riques pour une visibilit\u00e9 maximale. Notre \u00e9quipe d\u00e9di\u00e9e \u00e0 The S Collection \u00e0 Courchevel s&rsquo;engage \u00e0 superviser judicieusement votre calendrier de r\u00e9servation, assurant ainsi votre propre exp\u00e9rience du chalet tout en augmentant son taux d&rsquo;occupation.   <\/p>\n\t\t\t\t\t\t\t\t<\/div>\n\t\t\t\t<\/div>\n\t\t\t\t\t<\/div>\n\t\t<\/div>\n\t\t\t\t<div class=\"elementor-column elementor-col-50 elementor-top-column elementor-element elementor-element-10f9ac0\" data-id=\"10f9ac0\" data-element_type=\"column\" data-e-type=\"column\">\n\t\t\t<div class=\"elementor-widget-wrap elementor-element-populated\">\n\t\t\t\t\t\t<div class=\"elementor-element elementor-element-21d4091 elementor-widget elementor-widget-image\" data-id=\"21d4091\" data-element_type=\"widget\" data-e-type=\"widget\" data-widget_type=\"image.default\">\n\t\t\t\t<div class=\"elementor-widget-container\">\n\t\t\t\t\t\t\t\t\t\t\t\t\t\t\t<img decoding=\"async\" width=\"750\" height=\"500\" src=\"https:\/\/courchevelchalets.fr\/wp-content\/uploads\/2023\/11\/k2-palace-chambre-fevrier-2018-2-eme-jour-86-1024x683.jpeg\" class=\"attachment-large size-large wp-image-11776\" alt=\"K2 Palace Chambre, Courchevel luxury chalet rentals\" srcset=\"https:\/\/courchevelchalets.fr\/wp-content\/uploads\/2023\/11\/k2-palace-chambre-fevrier-2018-2-eme-jour-86-1024x683.jpeg 1024w, https:\/\/courchevelchalets.fr\/wp-content\/uploads\/2023\/11\/k2-palace-chambre-fevrier-2018-2-eme-jour-86-300x200.jpeg 300w, https:\/\/courchevelchalets.fr\/wp-content\/uploads\/2023\/11\/k2-palace-chambre-fevrier-2018-2-eme-jour-86-768x512.jpeg 768w, https:\/\/courchevelchalets.fr\/wp-content\/uploads\/2023\/11\/k2-palace-chambre-fevrier-2018-2-eme-jour-86-1536x1024.jpeg 1536w, https:\/\/courchevelchalets.fr\/wp-content\/uploads\/2023\/11\/k2-palace-chambre-fevrier-2018-2-eme-jour-86-1568x1045.jpeg 1568w, https:\/\/courchevelchalets.fr\/wp-content\/uploads\/2023\/11\/k2-palace-chambre-fevrier-2018-2-eme-jour-86.jpeg 2037w\" sizes=\"(max-width: 750px) 100vw, 750px\" style=\"width:100%;height:66.67%;max-width:2037px\" \/>\t\t\t\t\t\t\t\t\t\t\t\t\t\t\t<\/div>\n\t\t\t\t<\/div>\n\t\t\t\t\t<\/div>\n\t\t<\/div>\n\t\t\t\t\t<\/div>\n\t\t<\/section>\n\t\t\t\t<section class=\"elementor-section elementor-top-section elementor-element elementor-element-38cb05d elementor-section-boxed elementor-section-height-default elementor-section-height-default\" data-id=\"38cb05d\" data-element_type=\"section\" data-e-type=\"section\">\n\t\t\t\t\t\t<div class=\"elementor-container elementor-column-gap-default\">\n\t\t\t\t\t<div class=\"elementor-column elementor-col-50 elementor-top-column elementor-element elementor-element-9b67417\" data-id=\"9b67417\" data-element_type=\"column\" data-e-type=\"column\">\n\t\t\t<div class=\"elementor-widget-wrap elementor-element-populated\">\n\t\t\t\t\t\t<div class=\"elementor-element elementor-element-2580e44 elementor-widget elementor-widget-image\" data-id=\"2580e44\" data-element_type=\"widget\" data-e-type=\"widget\" data-widget_type=\"image.default\">\n\t\t\t\t<div class=\"elementor-widget-container\">\n\t\t\t\t\t\t\t\t\t\t\t\t\t\t\t<img decoding=\"async\" width=\"750\" height=\"422\" src=\"https:\/\/courchevelchalets.fr\/wp-content\/uploads\/2023\/05\/Chalet-Elixir-17-1024x576.jpg\" class=\"attachment-large size-large wp-image-9697\" alt=\"Chalet Elixir, Courchevel luxury chalet rentals\" srcset=\"https:\/\/courchevelchalets.fr\/wp-content\/uploads\/2023\/05\/Chalet-Elixir-17-1024x576.jpg 1024w, https:\/\/courchevelchalets.fr\/wp-content\/uploads\/2023\/05\/Chalet-Elixir-17-300x169.jpg 300w, https:\/\/courchevelchalets.fr\/wp-content\/uploads\/2023\/05\/Chalet-Elixir-17-768x432.jpg 768w, https:\/\/courchevelchalets.fr\/wp-content\/uploads\/2023\/05\/Chalet-Elixir-17.jpg 1240w\" sizes=\"(max-width: 750px) 100vw, 750px\" style=\"width:100%;height:56.29%;max-width:1240px\" \/>\t\t\t\t\t\t\t\t\t\t\t\t\t\t\t<\/div>\n\t\t\t\t<\/div>\n\t\t\t\t\t<\/div>\n\t\t<\/div>\n\t\t\t\t<div class=\"elementor-column elementor-col-50 elementor-top-column elementor-element elementor-element-c1d800d\" data-id=\"c1d800d\" data-element_type=\"column\" data-e-type=\"column\">\n\t\t\t<div class=\"elementor-widget-wrap elementor-element-populated\">\n\t\t\t\t\t\t<div class=\"elementor-element elementor-element-4bbafb6 elementor-widget elementor-widget-heading\" data-id=\"4bbafb6\" data-element_type=\"widget\" data-e-type=\"widget\" data-widget_type=\"heading.default\">\n\t\t\t\t<div class=\"elementor-widget-container\">\n\t\t\t\t\t<h6 class=\"elementor-heading-title elementor-size-default\">Gestion immobili\u00e8re<\/h6>\t\t\t\t<\/div>\n\t\t\t\t<\/div>\n\t\t\t\t<div class=\"elementor-element elementor-element-b9fb8c8 elementor-widget elementor-widget-heading\" data-id=\"b9fb8c8\" data-element_type=\"widget\" data-e-type=\"widget\" data-widget_type=\"heading.default\">\n\t\t\t\t<div class=\"elementor-widget-container\">\n\t\t\t\t\t<h3 class=\"elementor-heading-title elementor-size-default\">Gestion des chalets<\/h3>\t\t\t\t<\/div>\n\t\t\t\t<\/div>\n\t\t\t\t<div class=\"elementor-element elementor-element-9de015c elementor-widget elementor-widget-text-editor\" data-id=\"9de015c\" data-element_type=\"widget\" data-e-type=\"widget\" data-widget_type=\"text-editor.default\">\n\t\t\t\t<div class=\"elementor-widget-container\">\n\t\t\t\t\t\t\t\t\t<p>\u00c0 Courchevel, nous renfor\u00e7ons l&rsquo;opulence et la tranquillit\u00e9 gr\u00e2ce \u00e0 nos services complets de gestion de chalets. En nous confiant votre propri\u00e9t\u00e9 prestigieuse, nous reconnaissons la n\u00e9cessit\u00e9 d&rsquo;une attention m\u00e9ticuleuse et d&rsquo;une pr\u00e9cision dans son entretien. Notre \u00e9quipe d\u00e9vou\u00e9e est d\u00e9termin\u00e9e \u00e0 maintenir l&rsquo;attrait et l&rsquo;excellence op\u00e9rationnelle de votre chalet de Courchevel, en veillant \u00e0 ce qu&rsquo;il continue d&rsquo;\u00eatre un symbole de plaisir et de distinction pour vous.  <\/p>\n\t\t\t\t\t\t\t\t<\/div>\n\t\t\t\t<\/div>\n\t\t\t\t\t<\/div>\n\t\t<\/div>\n\t\t\t\t\t<\/div>\n\t\t<\/section>\n\t\t\t\t<section class=\"elementor-section elementor-top-section elementor-element elementor-element-7c58344 elementor-section-boxed elementor-section-height-default elementor-section-height-default\" data-id=\"7c58344\" data-element_type=\"section\" data-e-type=\"section\">\n\t\t\t\t\t\t<div class=\"elementor-container elementor-column-gap-default\">\n\t\t\t\t\t<div class=\"elementor-column elementor-col-100 elementor-top-column elementor-element elementor-element-2a5530e\" data-id=\"2a5530e\" data-element_type=\"column\" data-e-type=\"column\">\n\t\t\t<div class=\"elementor-widget-wrap elementor-element-populated\">\n\t\t\t\t\t\t<div class=\"elementor-element elementor-element-db04cc1 elementor-widget elementor-widget-heading\" data-id=\"db04cc1\" data-element_type=\"widget\" data-e-type=\"widget\" data-widget_type=\"heading.default\">\n\t\t\t\t<div class=\"elementor-widget-container\">\n\t\t\t\t\t<h3 class=\"elementor-heading-title elementor-size-default\">Actualit\u00e9s \u00e0 Courchevel<\/h3>\t\t\t\t<\/div>\n\t\t\t\t<\/div>\n\t\t\t\t<div class=\"elementor-element elementor-element-2d2bd61 elementor-widget elementor-widget-heading\" data-id=\"2d2bd61\" data-element_type=\"widget\" data-e-type=\"widget\" data-widget_type=\"heading.default\">\n\t\t\t\t<div class=\"elementor-widget-container\">\n\t\t\t\t\t<h6 class=\"elementor-heading-title elementor-size-default\">\u00c0 l'affiche \u00e0 Courchevel<\/h6>\t\t\t\t<\/div>\n\t\t\t\t<\/div>\n\t\t\t\t<div class=\"elementor-element elementor-element-fe9cb30 elementor-widget elementor-widget-text-editor\" data-id=\"fe9cb30\" data-element_type=\"widget\" data-e-type=\"widget\" data-widget_type=\"text-editor.default\">\n\t\t\t\t<div class=\"elementor-widget-container\">\n\t\t\t\t\t\t\t\t\t<p>Les derni\u00e8res actualit\u00e9s concernant les villas de luxe \u00e0 louer \u00e0 Courchevel :<\/p>\n\t\t\t\t\t\t\t\t<\/div>\n\t\t\t\t<\/div>\n\t\t\t\t<div class=\"elementor-element elementor-element-c4b902b elementor-grid-3 elementor-grid-tablet-2 elementor-grid-mobile-1 elementor-widget elementor-widget-loop-grid\" data-id=\"c4b902b\" data-element_type=\"widget\" data-e-type=\"widget\" data-settings=\"{&quot;template_id&quot;:19023,&quot;_skin&quot;:&quot;post&quot;,&quot;columns&quot;:&quot;3&quot;,&quot;columns_tablet&quot;:&quot;2&quot;,&quot;columns_mobile&quot;:&quot;1&quot;,&quot;edit_handle_selector&quot;:&quot;[data-elementor-type=\\&quot;loop-item\\&quot;]&quot;,&quot;row_gap&quot;:{&quot;unit&quot;:&quot;px&quot;,&quot;size&quot;:&quot;&quot;,&quot;sizes&quot;:[]},&quot;row_gap_tablet&quot;:{&quot;unit&quot;:&quot;px&quot;,&quot;size&quot;:&quot;&quot;,&quot;sizes&quot;:[]},&quot;row_gap_mobile&quot;:{&quot;unit&quot;:&quot;px&quot;,&quot;size&quot;:&quot;&quot;,&quot;sizes&quot;:[]}}\" data-widget_type=\"loop-grid.post\">\n\t\t\t\t<div class=\"elementor-widget-container\">\n\t\t\t\t\t\t\t<div class=\"elementor-loop-container elementor-grid\" role=\"list\">\n\t\t<style id=\"loop-19023\">.elementor-19023 .elementor-element.elementor-element-b2fc9e5{--display:flex;--flex-direction:column;--container-widget-width:100%;--container-widget-height:initial;--container-widget-flex-grow:0;--container-widget-align-self:initial;--flex-wrap-mobile:wrap;}.elementor-19023 .elementor-element.elementor-element-4211b58 img{width:100%;max-width:100%;height:250px;object-fit:cover;object-position:center center;}.elementor-19023 .elementor-element.elementor-element-5a337ed .elementor-heading-title{font-family:var( --e-global-typography-accent-font-family ), Sans-serif;font-weight:var( --e-global-typography-accent-font-weight );}<\/style>\t\t<div data-elementor-type=\"loop-item\" data-elementor-id=\"19023\" class=\"elementor elementor-19023 elementor-18995 e-loop-item e-loop-item-28154 post-28154 post type-post status-publish format-standard has-post-thumbnail hentry category-non-classifiee entry\" data-elementor-post-type=\"elementor_library\" data-custom-edit-handle=\"1\">\n\t\t\t<div class=\"elementor-element elementor-element-b2fc9e5 e-flex e-con-boxed e-con e-parent\" data-id=\"b2fc9e5\" data-element_type=\"container\" data-e-type=\"container\">\n\t\t\t\t\t<div class=\"e-con-inner\">\n\t\t\t\t<div class=\"elementor-element elementor-element-4211b58 elementor-widget elementor-widget-image\" data-id=\"4211b58\" data-element_type=\"widget\" data-e-type=\"widget\" data-widget_type=\"image.default\">\n\t\t\t\t<div class=\"elementor-widget-container\">\n\t\t\t\t\t\t\t\t\t\t\t\t\t\t\t\t<a href=\"https:\/\/courchevelchalets.fr\/fr\/courchevel-en-ete-location-de-chalets-en-dehors-de-la-saison-de-ski\/\">\n\t\t\t\t\t\t\t<img loading=\"lazy\" decoding=\"async\" width=\"750\" height=\"422\" src=\"https:\/\/courchevelchalets.fr\/wp-content\/uploads\/2023\/06\/Chalet-1992-14-1024x576.jpg\" class=\"attachment-large size-large wp-image-10483\" alt=\"\" style=\"width:100%;height:74.95%;max-width:930px\" \/>\t\t\t\t\t\t\t\t<\/a>\n\t\t\t\t\t\t\t\t\t\t\t\t\t\t\t<\/div>\n\t\t\t\t<\/div>\n\t\t\t\t<div class=\"elementor-element elementor-element-4962f58 elementor-widget elementor-widget-theme-post-title elementor-page-title elementor-widget-heading\" data-id=\"4962f58\" data-element_type=\"widget\" data-e-type=\"widget\" data-widget_type=\"theme-post-title.default\">\n\t\t\t\t<div class=\"elementor-widget-container\">\n\t\t\t\t\t<h4 class=\"elementor-heading-title elementor-size-default\"><a href=\"https:\/\/courchevelchalets.fr\/fr\/courchevel-en-ete-location-de-chalets-en-dehors-de-la-saison-de-ski\/\">Courchevel en \u00e9t\u00e9 : location de chalets en dehors de la saison de ski<\/a><\/h4>\t\t\t\t<\/div>\n\t\t\t\t<\/div>\n\t\t\t\t<div class=\"elementor-element elementor-element-5a337ed elementor-widget elementor-widget-heading\" data-id=\"5a337ed\" data-element_type=\"widget\" data-e-type=\"widget\" data-widget_type=\"heading.default\">\n\t\t\t\t<div class=\"elementor-widget-container\">\n\t\t\t\t\t<p class=\"elementor-heading-title elementor-size-default\">EN SAVOIR PLUS<\/p>\t\t\t\t<\/div>\n\t\t\t\t<\/div>\n\t\t\t\t\t<\/div>\n\t\t\t\t<\/div>\n\t\t\t\t<\/div>\n\t\t\t\t<div data-elementor-type=\"loop-item\" data-elementor-id=\"19023\" class=\"elementor elementor-19023 elementor-18995 e-loop-item e-loop-item-28151 post-28151 post type-post status-publish format-standard has-post-thumbnail hentry category-non-classifiee entry\" data-elementor-post-type=\"elementor_library\" data-custom-edit-handle=\"1\">\n\t\t\t<div class=\"elementor-element elementor-element-b2fc9e5 e-flex e-con-boxed e-con e-parent\" data-id=\"b2fc9e5\" data-element_type=\"container\" data-e-type=\"container\">\n\t\t\t\t\t<div class=\"e-con-inner\">\n\t\t\t\t<div class=\"elementor-element elementor-element-4211b58 elementor-widget elementor-widget-image\" data-id=\"4211b58\" data-element_type=\"widget\" data-e-type=\"widget\" data-widget_type=\"image.default\">\n\t\t\t\t<div class=\"elementor-widget-container\">\n\t\t\t\t\t\t\t\t\t\t\t\t\t\t\t\t<a href=\"https:\/\/courchevelchalets.fr\/fr\/cest-votre-premier-sejour-a-courchevel-un-guide-pour-les-debutants-avant-de-reserver\/\">\n\t\t\t\t\t\t\t<img loading=\"lazy\" decoding=\"async\" width=\"750\" height=\"562\" src=\"https:\/\/courchevelchalets.fr\/wp-content\/uploads\/2023\/05\/chalet-edelweiss-28-e1685026046609-1024x767.jpg\" class=\"attachment-large size-large wp-image-9607\" alt=\"\" srcset=\"https:\/\/courchevelchalets.fr\/wp-content\/uploads\/2023\/05\/chalet-edelweiss-28-e1685026046609-1024x767.jpg 1024w, https:\/\/courchevelchalets.fr\/wp-content\/uploads\/2023\/05\/chalet-edelweiss-28-e1685026046609-300x225.jpg 300w, https:\/\/courchevelchalets.fr\/wp-content\/uploads\/2023\/05\/chalet-edelweiss-28-e1685026046609-768x575.jpg 768w, https:\/\/courchevelchalets.fr\/wp-content\/uploads\/2023\/05\/chalet-edelweiss-28-e1685026046609-1536x1150.jpg 1536w, https:\/\/courchevelchalets.fr\/wp-content\/uploads\/2023\/05\/chalet-edelweiss-28-e1685026046609-1568x1174.jpg 1568w, https:\/\/courchevelchalets.fr\/wp-content\/uploads\/2023\/05\/chalet-edelweiss-28-e1685026046609.jpg 2005w\" sizes=\"(max-width: 750px) 100vw, 750px\" style=\"width:100%;height:74.86%;max-width:2005px\" \/>\t\t\t\t\t\t\t\t<\/a>\n\t\t\t\t\t\t\t\t\t\t\t\t\t\t\t<\/div>\n\t\t\t\t<\/div>\n\t\t\t\t<div class=\"elementor-element elementor-element-4962f58 elementor-widget elementor-widget-theme-post-title elementor-page-title elementor-widget-heading\" data-id=\"4962f58\" data-element_type=\"widget\" data-e-type=\"widget\" data-widget_type=\"theme-post-title.default\">\n\t\t\t\t<div class=\"elementor-widget-container\">\n\t\t\t\t\t<h4 class=\"elementor-heading-title elementor-size-default\"><a href=\"https:\/\/courchevelchalets.fr\/fr\/cest-votre-premier-sejour-a-courchevel-un-guide-pour-les-debutants-avant-de-reserver\/\">C&rsquo;est votre premier s\u00e9jour \u00e0 Courchevel ? Un guide pour les d\u00e9butants avant de r\u00e9server<\/a><\/h4>\t\t\t\t<\/div>\n\t\t\t\t<\/div>\n\t\t\t\t<div class=\"elementor-element elementor-element-5a337ed elementor-widget elementor-widget-heading\" data-id=\"5a337ed\" data-element_type=\"widget\" data-e-type=\"widget\" data-widget_type=\"heading.default\">\n\t\t\t\t<div class=\"elementor-widget-container\">\n\t\t\t\t\t<p class=\"elementor-heading-title elementor-size-default\">EN SAVOIR PLUS<\/p>\t\t\t\t<\/div>\n\t\t\t\t<\/div>\n\t\t\t\t\t<\/div>\n\t\t\t\t<\/div>\n\t\t\t\t<\/div>\n\t\t\t\t<div data-elementor-type=\"loop-item\" data-elementor-id=\"19023\" class=\"elementor elementor-19023 elementor-18995 e-loop-item e-loop-item-28148 post-28148 post type-post status-publish format-standard has-post-thumbnail hentry category-non-classifiee entry\" data-elementor-post-type=\"elementor_library\" data-custom-edit-handle=\"1\">\n\t\t\t<div class=\"elementor-element elementor-element-b2fc9e5 e-flex e-con-boxed e-con e-parent\" data-id=\"b2fc9e5\" data-element_type=\"container\" data-e-type=\"container\">\n\t\t\t\t\t<div class=\"e-con-inner\">\n\t\t\t\t<div class=\"elementor-element elementor-element-4211b58 elementor-widget elementor-widget-image\" data-id=\"4211b58\" data-element_type=\"widget\" data-e-type=\"widget\" data-widget_type=\"image.default\">\n\t\t\t\t<div class=\"elementor-widget-container\">\n\t\t\t\t\t\t\t\t\t\t\t\t\t\t\t\t<a href=\"https:\/\/courchevelchalets.fr\/fr\/de-combien-de-chambres-avez-vous-besoin-guide-sur-la-taille-des-groupes-pour-les-chalets-a-courchevel\/\">\n\t\t\t\t\t\t\t<img loading=\"lazy\" decoding=\"async\" width=\"750\" height=\"500\" src=\"https:\/\/courchevelchalets.fr\/wp-content\/uploads\/2026\/08\/The-Royal-Ararat-e1748422650490-1024x683.png\" class=\"attachment-large size-large wp-image-26504\" alt=\"\" srcset=\"https:\/\/courchevelchalets.fr\/wp-content\/uploads\/2026\/08\/The-Royal-Ararat-e1748422650490-1024x683.png 1024w, https:\/\/courchevelchalets.fr\/wp-content\/uploads\/2026\/08\/The-Royal-Ararat-e1748422650490-300x200.png 300w, https:\/\/courchevelchalets.fr\/wp-content\/uploads\/2026\/08\/The-Royal-Ararat-e1748422650490-768x512.png 768w, https:\/\/courchevelchalets.fr\/wp-content\/uploads\/2026\/08\/The-Royal-Ararat-e1748422650490-1536x1024.png 1536w, https:\/\/courchevelchalets.fr\/wp-content\/uploads\/2026\/08\/The-Royal-Ararat-e1748422650490-1568x1046.png 1568w, https:\/\/courchevelchalets.fr\/wp-content\/uploads\/2026\/08\/The-Royal-Ararat-e1748422650490.png 1600w\" sizes=\"(max-width: 750px) 100vw, 750px\" style=\"width:100%;height:66.69%;max-width:1600px\" \/>\t\t\t\t\t\t\t\t<\/a>\n\t\t\t\t\t\t\t\t\t\t\t\t\t\t\t<\/div>\n\t\t\t\t<\/div>\n\t\t\t\t<div class=\"elementor-element elementor-element-4962f58 elementor-widget elementor-widget-theme-post-title elementor-page-title elementor-widget-heading\" data-id=\"4962f58\" data-element_type=\"widget\" data-e-type=\"widget\" data-widget_type=\"theme-post-title.default\">\n\t\t\t\t<div class=\"elementor-widget-container\">\n\t\t\t\t\t<h4 class=\"elementor-heading-title elementor-size-default\"><a href=\"https:\/\/courchevelchalets.fr\/fr\/de-combien-de-chambres-avez-vous-besoin-guide-sur-la-taille-des-groupes-pour-les-chalets-a-courchevel\/\">De combien de chambres avez-vous besoin ? Guide sur la taille des groupes pour les chalets \u00e0 Courchevel<\/a><\/h4>\t\t\t\t<\/div>\n\t\t\t\t<\/div>\n\t\t\t\t<div class=\"elementor-element elementor-element-5a337ed elementor-widget elementor-widget-heading\" data-id=\"5a337ed\" data-element_type=\"widget\" data-e-type=\"widget\" data-widget_type=\"heading.default\">\n\t\t\t\t<div class=\"elementor-widget-container\">\n\t\t\t\t\t<p class=\"elementor-heading-title elementor-size-default\">EN SAVOIR PLUS<\/p>\t\t\t\t<\/div>\n\t\t\t\t<\/div>\n\t\t\t\t\t<\/div>\n\t\t\t\t<\/div>\n\t\t\t\t<\/div>\n\t\t\t\t<\/div>\n\t\t\n\t\t\t\t\t\t<\/div>\n\t\t\t\t<\/div>\n\t\t\t\t<div class=\"elementor-element elementor-element-51a1eff elementor-align-center elementor-widget elementor-widget-button\" data-id=\"51a1eff\" data-element_type=\"widget\" data-e-type=\"widget\" data-widget_type=\"button.default\">\n\t\t\t\t<div class=\"elementor-widget-container\">\n\t\t\t\t\t\t\t\t\t<div class=\"elementor-button-wrapper\">\n\t\t\t\t\t<a class=\"elementor-button elementor-button-link elementor-size-sm\" href=\"https:\/\/courchevelchalets.fr\/fr\/actualites\/\">\n\t\t\t\t\t\t<span class=\"elementor-button-content-wrapper\">\n\t\t\t\t\t\t\t\t\t<span class=\"elementor-button-text\">Derni\u00e8res actualit\u00e9s<\/span>\n\t\t\t\t\t<\/span>\n\t\t\t\t\t<\/a>\n\t\t\t\t<\/div>\n\t\t\t\t\t\t\t\t<\/div>\n\t\t\t\t<\/div>\n\t\t\t\t\t<\/div>\n\t\t<\/div>\n\t\t\t\t\t<\/div>\n\t\t<\/section>\n\t\t\t\t<\/div>\n\t\t","protected":false},"excerpt":{"rendered":"<p>\u00c0 propos de nous La collection S Chalet \u00e0 Courchevel Bienvenue sur notre site de location de luxe \u00e0 Courchevel, France. Nous proposons une s\u00e9lection des chalets les plus prestigieux et les plus luxueux de Courchevel 1850, la destination ultime pour une exp\u00e9rience de montagne sophistiqu\u00e9e et glamour. Notre site Internet pr\u00e9sente une vaste gamme&hellip; <a class=\"more-link\" href=\"https:\/\/courchevelchalets.fr\/fr\/de-combien-de-chambres-avez-vous-besoin-guide-sur-la-taille-des-groupes-pour-les-chalets-a-courchevel\/\">Poursuivre la lecture <span class=\"screen-reader-text\">De combien de chambres avez-vous besoin ? Guide sur la taille des groupes pour les chalets \u00e0 Courchevel<\/span><\/a><\/p>\n","protected":false},"author":2,"featured_media":6568,"parent":0,"menu_order":0,"comment_status":"closed","ping_status":"closed","template":"elementor_header_footer","meta":{"_acf_changed":false,"footnotes":""},"class_list":["post-13537","page","type-page","status-publish","has-post-thumbnail","hentry","entry"],"acf":[],"yoast_head":"<!-- This site is optimized with the Yoast SEO plugin v28.4 - https:\/\/yoast.com\/product\/yoast-seo-wordpress\/ -->\n<title>Agence de location de Courchevel -Courchevel Chalets%.<\/title>\n<meta name=\"description\" content=\"D\u00e9couvrez notre agence de location de Courchevel et trouvez les meilleurs chalets pour vous et votre famille pour les vacances.\" \/>\n<meta name=\"robots\" content=\"index, follow, max-snippet:-1, max-image-preview:large, max-video-preview:-1\" \/>\n<link rel=\"canonical\" href=\"https:\/\/courchevelchalets.fr\/fr\/a-propos-de\/\" \/>\n<meta property=\"og:locale\" content=\"fr_FR\" \/>\n<meta property=\"og:type\" content=\"article\" \/>\n<meta property=\"og:title\" content=\"Agence de location de Courchevel -Courchevel Chalets%.\" \/>\n<meta property=\"og:description\" content=\"D\u00e9couvrez notre agence de location de Courchevel et trouvez les meilleurs chalets pour vous et votre famille pour les vacances.\" \/>\n<meta property=\"og:url\" content=\"https:\/\/courchevelchalets.fr\/fr\/a-propos-de\/\" \/>\n<meta property=\"og:site_name\" content=\"Courchevel Chalets\" \/>\n<meta property=\"article:modified_time\" content=\"2026-07-31T08:04:48+00:00\" \/>\n<meta property=\"og:image\" content=\"https:\/\/courchevelchalets.fr\/wp-content\/uploads\/2022\/09\/Cap-Ferrat-Villas-10.jpg\" \/>\n\t<meta property=\"og:image:width\" content=\"2000\" \/>\n\t<meta property=\"og:image:height\" content=\"1333\" \/>\n\t<meta property=\"og:image:type\" content=\"image\/jpeg\" \/>\n<meta name=\"twitter:card\" content=\"summary_large_image\" \/>\n<meta name=\"twitter:label1\" content=\"Dur\u00e9e de lecture estim\u00e9e\" \/>\n\t<meta name=\"twitter:data1\" content=\"3 minutes\" \/>\n<script type=\"application\/ld+json\" class=\"yoast-schema-graph\">{\"@context\":\"https:\\\/\\\/schema.org\",\"@graph\":[{\"@type\":\"WebPage\",\"@id\":\"https:\\\/\\\/courchevelchalets.fr\\\/fr\\\/a-propos-de\\\/\",\"url\":\"https:\\\/\\\/courchevelchalets.fr\\\/fr\\\/a-propos-de\\\/\",\"name\":\"Agence de location de Courchevel -Courchevel Chalets%.\",\"isPartOf\":{\"@id\":\"https:\\\/\\\/courchevelchalets.fr\\\/fr\\\/#website\"},\"primaryImageOfPage\":{\"@id\":\"https:\\\/\\\/courchevelchalets.fr\\\/fr\\\/a-propos-de\\\/#primaryimage\"},\"image\":{\"@id\":\"https:\\\/\\\/courchevelchalets.fr\\\/fr\\\/a-propos-de\\\/#primaryimage\"},\"thumbnailUrl\":\"https:\\\/\\\/courchevelchalets.fr\\\/wp-content\\\/uploads\\\/2022\\\/09\\\/Cap-Ferrat-Villas-10.jpg\",\"datePublished\":\"2022-01-30T08:11:14+00:00\",\"dateModified\":\"2026-07-31T08:04:48+00:00\",\"description\":\"D\u00e9couvrez notre agence de location de Courchevel et trouvez les meilleurs chalets pour vous et votre famille pour les vacances.\",\"breadcrumb\":{\"@id\":\"https:\\\/\\\/courchevelchalets.fr\\\/fr\\\/a-propos-de\\\/#breadcrumb\"},\"inLanguage\":\"fr-FR\",\"potentialAction\":[{\"@type\":\"ReadAction\",\"target\":[\"https:\\\/\\\/courchevelchalets.fr\\\/fr\\\/a-propos-de\\\/\"]}]},{\"@type\":\"ImageObject\",\"inLanguage\":\"fr-FR\",\"@id\":\"https:\\\/\\\/courchevelchalets.fr\\\/fr\\\/a-propos-de\\\/#primaryimage\",\"url\":\"https:\\\/\\\/courchevelchalets.fr\\\/wp-content\\\/uploads\\\/2022\\\/09\\\/Cap-Ferrat-Villas-10.jpg\",\"contentUrl\":\"https:\\\/\\\/courchevelchalets.fr\\\/wp-content\\\/uploads\\\/2022\\\/09\\\/Cap-Ferrat-Villas-10.jpg\",\"width\":2000,\"height\":1333},{\"@type\":\"BreadcrumbList\",\"@id\":\"https:\\\/\\\/courchevelchalets.fr\\\/fr\\\/a-propos-de\\\/#breadcrumb\",\"itemListElement\":[{\"@type\":\"ListItem\",\"position\":1,\"name\":\"Home\",\"item\":\"https:\\\/\\\/courchevelchalets.fr\\\/fr\\\/\"},{\"@type\":\"ListItem\",\"position\":2,\"name\":\"A propos de\"}]},{\"@type\":\"WebSite\",\"@id\":\"https:\\\/\\\/courchevelchalets.fr\\\/fr\\\/#website\",\"url\":\"https:\\\/\\\/courchevelchalets.fr\\\/fr\\\/\",\"name\":\"Courchevel Chalets\",\"description\":\"Courchevel Chalets\",\"publisher\":{\"@id\":\"https:\\\/\\\/courchevelchalets.fr\\\/fr\\\/#organization\"},\"potentialAction\":[{\"@type\":\"SearchAction\",\"target\":{\"@type\":\"EntryPoint\",\"urlTemplate\":\"https:\\\/\\\/courchevelchalets.fr\\\/fr\\\/?s={search_term_string}\"},\"query-input\":{\"@type\":\"PropertyValueSpecification\",\"valueRequired\":true,\"valueName\":\"search_term_string\"}}],\"inLanguage\":\"fr-FR\"},{\"@type\":\"Organization\",\"@id\":\"https:\\\/\\\/courchevelchalets.fr\\\/fr\\\/#organization\",\"name\":\"Courchevel Chalets\",\"url\":\"https:\\\/\\\/courchevelchalets.fr\\\/fr\\\/\",\"logo\":{\"@type\":\"ImageObject\",\"inLanguage\":\"fr-FR\",\"@id\":\"https:\\\/\\\/courchevelchalets.fr\\\/fr\\\/#\\\/schema\\\/logo\\\/image\\\/\",\"url\":\"\",\"contentUrl\":\"\",\"caption\":\"Courchevel Chalets\"},\"image\":{\"@id\":\"https:\\\/\\\/courchevelchalets.fr\\\/fr\\\/#\\\/schema\\\/logo\\\/image\\\/\"}}]}<\/script>\n<!-- \/ Yoast SEO plugin. -->","yoast_head_json":{"title":"Agence de location de Courchevel -Courchevel Chalets%.","description":"D\u00e9couvrez notre agence de location de Courchevel et trouvez les meilleurs chalets pour vous et votre famille pour les vacances.","robots":{"index":"index","follow":"follow","max-snippet":"max-snippet:-1","max-image-preview":"max-image-preview:large","max-video-preview":"max-video-preview:-1"},"canonical":"https:\/\/courchevelchalets.fr\/fr\/a-propos-de\/","og_locale":"fr_FR","og_type":"article","og_title":"Agence de location de Courchevel -Courchevel Chalets%.","og_description":"D\u00e9couvrez notre agence de location de Courchevel et trouvez les meilleurs chalets pour vous et votre famille pour les vacances.","og_url":"https:\/\/courchevelchalets.fr\/fr\/a-propos-de\/","og_site_name":"Courchevel Chalets","article_modified_time":"2026-07-31T08:04:48+00:00","og_image":[{"width":2000,"height":1333,"url":"https:\/\/courchevelchalets.fr\/wp-content\/uploads\/2022\/09\/Cap-Ferrat-Villas-10.jpg","type":"image\/jpeg"}],"twitter_card":"summary_large_image","twitter_misc":{"Dur\u00e9e de lecture estim\u00e9e":"3 minutes"},"schema":{"@context":"https:\/\/schema.org","@graph":[{"@type":"WebPage","@id":"https:\/\/courchevelchalets.fr\/fr\/a-propos-de\/","url":"https:\/\/courchevelchalets.fr\/fr\/a-propos-de\/","name":"Agence de location de Courchevel -Courchevel Chalets%.","isPartOf":{"@id":"https:\/\/courchevelchalets.fr\/fr\/#website"},"primaryImageOfPage":{"@id":"https:\/\/courchevelchalets.fr\/fr\/a-propos-de\/#primaryimage"},"image":{"@id":"https:\/\/courchevelchalets.fr\/fr\/a-propos-de\/#primaryimage"},"thumbnailUrl":"https:\/\/courchevelchalets.fr\/wp-content\/uploads\/2022\/09\/Cap-Ferrat-Villas-10.jpg","datePublished":"2022-01-30T08:11:14+00:00","dateModified":"2026-07-31T08:04:48+00:00","description":"D\u00e9couvrez notre agence de location de Courchevel et trouvez les meilleurs chalets pour vous et votre famille pour les vacances.","breadcrumb":{"@id":"https:\/\/courchevelchalets.fr\/fr\/a-propos-de\/#breadcrumb"},"inLanguage":"fr-FR","potentialAction":[{"@type":"ReadAction","target":["https:\/\/courchevelchalets.fr\/fr\/a-propos-de\/"]}]},{"@type":"ImageObject","inLanguage":"fr-FR","@id":"https:\/\/courchevelchalets.fr\/fr\/a-propos-de\/#primaryimage","url":"https:\/\/courchevelchalets.fr\/wp-content\/uploads\/2022\/09\/Cap-Ferrat-Villas-10.jpg","contentUrl":"https:\/\/courchevelchalets.fr\/wp-content\/uploads\/2022\/09\/Cap-Ferrat-Villas-10.jpg","width":2000,"height":1333},{"@type":"BreadcrumbList","@id":"https:\/\/courchevelchalets.fr\/fr\/a-propos-de\/#breadcrumb","itemListElement":[{"@type":"ListItem","position":1,"name":"Home","item":"https:\/\/courchevelchalets.fr\/fr\/"},{"@type":"ListItem","position":2,"name":"A propos de"}]},{"@type":"WebSite","@id":"https:\/\/courchevelchalets.fr\/fr\/#website","url":"https:\/\/courchevelchalets.fr\/fr\/","name":"Courchevel Chalets","description":"Courchevel Chalets","publisher":{"@id":"https:\/\/courchevelchalets.fr\/fr\/#organization"},"potentialAction":[{"@type":"SearchAction","target":{"@type":"EntryPoint","urlTemplate":"https:\/\/courchevelchalets.fr\/fr\/?s={search_term_string}"},"query-input":{"@type":"PropertyValueSpecification","valueRequired":true,"valueName":"search_term_string"}}],"inLanguage":"fr-FR"},{"@type":"Organization","@id":"https:\/\/courchevelchalets.fr\/fr\/#organization","name":"Courchevel Chalets","url":"https:\/\/courchevelchalets.fr\/fr\/","logo":{"@type":"ImageObject","inLanguage":"fr-FR","@id":"https:\/\/courchevelchalets.fr\/fr\/#\/schema\/logo\/image\/","url":"","contentUrl":"","caption":"Courchevel Chalets"},"image":{"@id":"https:\/\/courchevelchalets.fr\/fr\/#\/schema\/logo\/image\/"}}]}},"_links":{"self":[{"href":"https:\/\/courchevelchalets.fr\/fr\/wp-json\/wp\/v2\/pages\/13537","targetHints":{"allow":["GET"]}}],"collection":[{"href":"https:\/\/courchevelchalets.fr\/fr\/wp-json\/wp\/v2\/pages"}],"about":[{"href":"https:\/\/courchevelchalets.fr\/fr\/wp-json\/wp\/v2\/types\/page"}],"author":[{"embeddable":true,"href":"https:\/\/courchevelchalets.fr\/fr\/wp-json\/wp\/v2\/users\/2"}],"replies":[{"embeddable":true,"href":"https:\/\/courchevelchalets.fr\/fr\/wp-json\/wp\/v2\/comments?post=13537"}],"version-history":[{"count":0,"href":"https:\/\/courchevelchalets.fr\/fr\/wp-json\/wp\/v2\/pages\/13537\/revisions"}],"wp:featuredmedia":[{"embeddable":true,"href":"https:\/\/courchevelchalets.fr\/fr\/wp-json\/wp\/v2\/media\/6568"}],"wp:attachment":[{"href":"https:\/\/courchevelchalets.fr\/fr\/wp-json\/wp\/v2\/media?parent=13537"}],"curies":[{"name":"wp","href":"https:\/\/api.w.org\/{rel}","templated":true}]}}