{"id":13456,"date":"2022-01-16T08:22:25","date_gmt":"2022-01-16T08:22:25","guid":{"rendered":"https:\/\/courchevelchalets.fr\/avec-piscine\/"},"modified":"2024-01-29T11:41:24","modified_gmt":"2024-01-29T11:41:24","slug":"avec-piscine","status":"publish","type":"page","link":"https:\/\/courchevelchalets.fr\/fr\/avec-piscine\/","title":{"rendered":"Avec piscine"},"content":{"rendered":"\t\t<div data-elementor-type=\"wp-page\" data-elementor-id=\"13456\" class=\"elementor elementor-13456 elementor-359\" data-elementor-post-type=\"page\">\n\t\t\t\t\t\t<section class=\"elementor-section elementor-top-section elementor-element elementor-element-7775676 elementor-section-height-min-height elementor-section-boxed elementor-section-height-default elementor-section-items-middle\" data-id=\"7775676\" data-element_type=\"section\" data-e-type=\"section\" data-settings=\"{&quot;background_background&quot;:&quot;classic&quot;}\">\n\t\t\t\t\t\t<div class=\"elementor-container elementor-column-gap-default\">\n\t\t\t\t\t<div class=\"elementor-column elementor-col-100 elementor-top-column elementor-element elementor-element-9cb90af\" data-id=\"9cb90af\" data-element_type=\"column\" data-e-type=\"column\">\n\t\t\t<div class=\"elementor-widget-wrap elementor-element-populated\">\n\t\t\t\t\t\t<div class=\"elementor-element elementor-element-bc06590 elementor-widget elementor-widget-heading\" data-id=\"bc06590\" data-element_type=\"widget\" data-e-type=\"widget\" data-widget_type=\"heading.default\">\n\t\t\t\t<div class=\"elementor-widget-container\">\n\t\t\t\t\t<h1 class=\"elementor-heading-title elementor-size-default\">LOCATIONS AVEC PISCINE<\/h1>\t\t\t\t<\/div>\n\t\t\t\t<\/div>\n\t\t\t\t\t<\/div>\n\t\t<\/div>\n\t\t\t\t\t<\/div>\n\t\t<\/section>\n\t\t\t\t<section class=\"elementor-section elementor-top-section elementor-element elementor-element-9da68ef elementor-section-boxed elementor-section-height-default elementor-section-height-default\" data-id=\"9da68ef\" data-element_type=\"section\" data-e-type=\"section\">\n\t\t\t\t\t\t<div class=\"elementor-container elementor-column-gap-default\">\n\t\t\t\t\t<div class=\"elementor-column elementor-col-100 elementor-top-column elementor-element elementor-element-6726422\" data-id=\"6726422\" data-element_type=\"column\" data-e-type=\"column\">\n\t\t\t<div class=\"elementor-widget-wrap elementor-element-populated\">\n\t\t\t\t\t\t<div class=\"elementor-element elementor-element-61f4c80 elementor-widget elementor-widget-heading\" data-id=\"61f4c80\" data-element_type=\"widget\" data-e-type=\"widget\" data-widget_type=\"heading.default\">\n\t\t\t\t<div class=\"elementor-widget-container\">\n\t\t\t\t\t<h1 class=\"elementor-heading-title elementor-size-default\">Location de chalets \u00e0 Courchevel avec piscine<\/h1>\t\t\t\t<\/div>\n\t\t\t\t<\/div>\n\t\t\t\t<div class=\"elementor-element elementor-element-f341bd7 elementor-widget elementor-widget-text-editor\" data-id=\"f341bd7\" data-element_type=\"widget\" data-e-type=\"widget\" data-widget_type=\"text-editor.default\">\n\t\t\t\t<div class=\"elementor-widget-container\">\n\t\t\t\t\t\t\t\t\t<p>Disposer d&rsquo;une piscine dans un chalet \u00e0 Courchevel est un luxe important pour plusieurs raisons. Apr\u00e8s une longue journ\u00e9e sur les pistes, il n&rsquo;y a rien de mieux que de faire un plongeon dans une piscine chaude et relaxante pour soulager les muscles fatigu\u00e9s et se d\u00e9tendre. Une piscine int\u00e9rieure ou ext\u00e9rieure chauff\u00e9e est le moyen id\u00e9al de rajeunir votre corps et votre esprit, vous permettant ainsi de profiter pleinement de vos vacances d&rsquo;hiver.<\/p>\n\t\t\t\t\t\t\t\t<\/div>\n\t\t\t\t<\/div>\n\t\t\t\t\t<\/div>\n\t\t<\/div>\n\t\t\t\t\t<\/div>\n\t\t<\/section>\n\t\t\t\t<section class=\"elementor-section elementor-top-section elementor-element elementor-element-70decb7 elementor-section-boxed elementor-section-height-default elementor-section-height-default\" data-id=\"70decb7\" data-element_type=\"section\" data-e-type=\"section\">\n\t\t\t\t\t\t<div class=\"elementor-container elementor-column-gap-default\">\n\t\t\t\t\t<div class=\"elementor-column elementor-col-100 elementor-top-column elementor-element elementor-element-8a6d6c1\" data-id=\"8a6d6c1\" data-element_type=\"column\" data-e-type=\"column\">\n\t\t\t<div class=\"elementor-widget-wrap elementor-element-populated\">\n\t\t\t\t\t\t<div class=\"elementor-element elementor-element-f5b93a2 elementor-widget elementor-widget-heading\" data-id=\"f5b93a2\" data-element_type=\"widget\" data-e-type=\"widget\" data-widget_type=\"heading.default\">\n\t\t\t\t<div class=\"elementor-widget-container\">\n\t\t\t\t\t<h3 class=\"elementor-heading-title elementor-size-default\">Location de chalet avec piscines<\/h3>\t\t\t\t<\/div>\n\t\t\t\t<\/div>\n\t\t\t\t<div class=\"elementor-element elementor-element-1341b27 elementor-widget elementor-widget-text-editor\" data-id=\"1341b27\" data-element_type=\"widget\" data-e-type=\"widget\" data-widget_type=\"text-editor.default\">\n\t\t\t\t<div class=\"elementor-widget-container\">\n\t\t\t\t\t\t\t\t\t<p>Parcourez notre s\u00e9lection des meilleurs chalets de luxe \u00e0 Courchevel avec une piscine :<\/p>\n\t\t\t\t\t\t\t\t<\/div>\n\t\t\t\t<\/div>\n\t\t\t\t<div class=\"elementor-element elementor-element-99103da elementor-posts--align-center elementor-grid-3 elementor-grid-tablet-2 elementor-grid-mobile-1 elementor-posts--thumbnail-top elementor-card-shadow-yes elementor-posts__hover-gradient elementor-widget elementor-widget-posts\" data-id=\"99103da\" data-element_type=\"widget\" data-e-type=\"widget\" data-settings=\"{&quot;cards_masonry&quot;:&quot;yes&quot;,&quot;cards_columns&quot;:&quot;3&quot;,&quot;cards_columns_tablet&quot;:&quot;2&quot;,&quot;cards_columns_mobile&quot;:&quot;1&quot;,&quot;cards_row_gap&quot;:{&quot;unit&quot;:&quot;px&quot;,&quot;size&quot;:35,&quot;sizes&quot;:[]},&quot;cards_row_gap_tablet&quot;:{&quot;unit&quot;:&quot;px&quot;,&quot;size&quot;:&quot;&quot;,&quot;sizes&quot;:[]},&quot;cards_row_gap_mobile&quot;:{&quot;unit&quot;:&quot;px&quot;,&quot;size&quot;:&quot;&quot;,&quot;sizes&quot;:[]}}\" data-widget_type=\"posts.cards\">\n\t\t\t\t<div class=\"elementor-widget-container\">\n\t\t\t\t\t\t\t<div class=\"elementor-posts-container elementor-posts elementor-posts--skin-cards elementor-grid\" role=\"list\">\n\t\t\t\t<article class=\"elementor-post elementor-grid-item post-18672 chalets type-chalets status-publish has-post-thumbnail hentry location-val-disere amenities-cinema amenities-garage amenities-jacuzzi amenities-pool amenities-ski-in-ski-out amenities-ski-room type_of_rental-chalets entry\" role=\"listitem\">\n\t\t\t<div class=\"elementor-post__card\">\n\t\t\t\t<a class=\"elementor-post__thumbnail__link\" href=\"https:\/\/courchevelchalets.fr\/fr\/rentals\/chalet-juno\/\" tabindex=\"-1\" ><div class=\"elementor-post__thumbnail\"><img fetchpriority=\"high\" decoding=\"async\" width=\"1500\" height=\"1125\" src=\"https:\/\/courchevelchalets.fr\/wp-content\/uploads\/2025\/08\/Chalet-Juno-1.png\" class=\"attachment-1536x1536 size-1536x1536 wp-image-18535\" alt=\"\" srcset=\"https:\/\/courchevelchalets.fr\/wp-content\/uploads\/2025\/08\/Chalet-Juno-1.png 1500w, https:\/\/courchevelchalets.fr\/wp-content\/uploads\/2025\/08\/Chalet-Juno-1-300x225.png 300w, https:\/\/courchevelchalets.fr\/wp-content\/uploads\/2025\/08\/Chalet-Juno-1-1024x768.png 1024w, https:\/\/courchevelchalets.fr\/wp-content\/uploads\/2025\/08\/Chalet-Juno-1-768x576.png 768w\" sizes=\"(max-width: 1500px) 100vw, 1500px\" style=\"width:100%;height:75%;max-width:1500px;\" \/><\/div><\/a>\n\t\t\t\t<div class=\"elementor-post__text\">\n\t\t\t\t<h3 class=\"elementor-post__title\">\n\t\t\t<a href=\"https:\/\/courchevelchalets.fr\/fr\/rentals\/chalet-juno\/\" >\n\t\t\t\tChalet Juno\t\t\t<\/a>\n\t\t<\/h3>\n\t\t\t\t<div class=\"elementor-post__excerpt\">\n\t\t\t<p>300m\u00b2 &#8211; 6 Chambres &#8211; \u20ac40,900  <\/p>\n\t\t<\/div>\n\t\t\t\t<\/div>\n\t\t\t\t\t<\/div>\n\t\t<\/article>\n\t\t\t\t<article class=\"elementor-post elementor-grid-item post-17604 chalets type-chalets status-publish has-post-thumbnail hentry category-luxe location-meribel amenities-catered amenities-garage amenities-gym amenities-pool amenities-ski-room type_of_rental-chalets entry\" role=\"listitem\">\n\t\t\t<div class=\"elementor-post__card\">\n\t\t\t\t<a class=\"elementor-post__thumbnail__link\" href=\"https:\/\/courchevelchalets.fr\/fr\/rentals\/chalet-haapiti\/\" tabindex=\"-1\" ><div class=\"elementor-post__thumbnail\"><img decoding=\"async\" width=\"1437\" height=\"1078\" src=\"https:\/\/courchevelchalets.fr\/wp-content\/uploads\/2024\/11\/Chalet-Haapiti-1.jpg\" class=\"attachment-1536x1536 size-1536x1536 wp-image-17448\" alt=\"\" srcset=\"https:\/\/courchevelchalets.fr\/wp-content\/uploads\/2024\/11\/Chalet-Haapiti-1.jpg 1437w, https:\/\/courchevelchalets.fr\/wp-content\/uploads\/2024\/11\/Chalet-Haapiti-1-300x225.jpg 300w, https:\/\/courchevelchalets.fr\/wp-content\/uploads\/2024\/11\/Chalet-Haapiti-1-1024x768.jpg 1024w, https:\/\/courchevelchalets.fr\/wp-content\/uploads\/2024\/11\/Chalet-Haapiti-1-768x576.jpg 768w\" sizes=\"(max-width: 1437px) 100vw, 1437px\" style=\"width:100%;height:75.02%;max-width:1437px;\" \/><\/div><\/a>\n\t\t\t\t<div class=\"elementor-post__text\">\n\t\t\t\t<h3 class=\"elementor-post__title\">\n\t\t\t<a href=\"https:\/\/courchevelchalets.fr\/fr\/rentals\/chalet-haapiti\/\" >\n\t\t\t\tChalet Haapiti\t\t\t<\/a>\n\t\t<\/h3>\n\t\t\t\t<div class=\"elementor-post__excerpt\">\n\t\t\t<p>400m\u00b2 &#8211; 5 Chambres &#8211; \u20ac38,000<\/p>\n\t\t<\/div>\n\t\t\t\t<\/div>\n\t\t\t\t\t<\/div>\n\t\t<\/article>\n\t\t\t\t<article class=\"elementor-post elementor-grid-item post-17608 chalets type-chalets status-publish has-post-thumbnail hentry category-luxe location-meribel amenities-catered amenities-cinema amenities-garage amenities-gym amenities-pool amenities-sauna amenities-ski-room amenities-spa amenities-steam-room type_of_rental-chalets entry\" role=\"listitem\">\n\t\t\t<div class=\"elementor-post__card\">\n\t\t\t\t<a class=\"elementor-post__thumbnail__link\" href=\"https:\/\/courchevelchalets.fr\/fr\/rentals\/chalet-harmony\/\" tabindex=\"-1\" ><div class=\"elementor-post__thumbnail\"><img decoding=\"async\" width=\"1536\" height=\"1152\" src=\"https:\/\/courchevelchalets.fr\/wp-content\/uploads\/2024\/11\/Chalet-Harmony-1-1536x1152.jpg\" class=\"attachment-1536x1536 size-1536x1536 wp-image-17334\" alt=\"\" srcset=\"https:\/\/courchevelchalets.fr\/wp-content\/uploads\/2024\/11\/Chalet-Harmony-1-1536x1152.jpg 1536w, https:\/\/courchevelchalets.fr\/wp-content\/uploads\/2024\/11\/Chalet-Harmony-1-300x225.jpg 300w, https:\/\/courchevelchalets.fr\/wp-content\/uploads\/2024\/11\/Chalet-Harmony-1-1024x768.jpg 1024w, https:\/\/courchevelchalets.fr\/wp-content\/uploads\/2024\/11\/Chalet-Harmony-1-768x576.jpg 768w, https:\/\/courchevelchalets.fr\/wp-content\/uploads\/2024\/11\/Chalet-Harmony-1-1568x1176.jpg 1568w, https:\/\/courchevelchalets.fr\/wp-content\/uploads\/2024\/11\/Chalet-Harmony-1.jpg 1707w\" sizes=\"(max-width: 1536px) 100vw, 1536px\" style=\"width:100%;height:74.99%;max-width:1707px;\" \/><\/div><\/a>\n\t\t\t\t<div class=\"elementor-post__text\">\n\t\t\t\t<h3 class=\"elementor-post__title\">\n\t\t\t<a href=\"https:\/\/courchevelchalets.fr\/fr\/rentals\/chalet-harmony\/\" >\n\t\t\t\tChalet Harmony\t\t\t<\/a>\n\t\t<\/h3>\n\t\t\t\t<div class=\"elementor-post__excerpt\">\n\t\t\t<p>600m\u00b2 &#8211; 7 Chambres &#8211; 54 290<\/p>\n\t\t<\/div>\n\t\t\t\t<\/div>\n\t\t\t\t\t<\/div>\n\t\t<\/article>\n\t\t\t\t<article class=\"elementor-post elementor-grid-item post-17605 chalets type-chalets status-publish has-post-thumbnail hentry category-luxe location-meribel amenities-catered amenities-pool amenities-ski-room amenities-spa amenities-staff amenities-steam-room type_of_rental-chalets entry\" role=\"listitem\">\n\t\t\t<div class=\"elementor-post__card\">\n\t\t\t\t<a class=\"elementor-post__thumbnail__link\" href=\"https:\/\/courchevelchalets.fr\/fr\/rentals\/domaine-de-lorne\/\" tabindex=\"-1\" ><div class=\"elementor-post__thumbnail\"><img loading=\"lazy\" decoding=\"async\" width=\"1536\" height=\"1152\" src=\"https:\/\/courchevelchalets.fr\/wp-content\/uploads\/2024\/11\/Domaine-de-lOrme-1-1536x1152.jpg\" class=\"attachment-1536x1536 size-1536x1536 wp-image-17089\" alt=\"\" srcset=\"https:\/\/courchevelchalets.fr\/wp-content\/uploads\/2024\/11\/Domaine-de-lOrme-1-1536x1152.jpg 1536w, https:\/\/courchevelchalets.fr\/wp-content\/uploads\/2024\/11\/Domaine-de-lOrme-1-300x225.jpg 300w, https:\/\/courchevelchalets.fr\/wp-content\/uploads\/2024\/11\/Domaine-de-lOrme-1-1024x768.jpg 1024w, https:\/\/courchevelchalets.fr\/wp-content\/uploads\/2024\/11\/Domaine-de-lOrme-1-768x576.jpg 768w, https:\/\/courchevelchalets.fr\/wp-content\/uploads\/2024\/11\/Domaine-de-lOrme-1-1568x1176.jpg 1568w, https:\/\/courchevelchalets.fr\/wp-content\/uploads\/2024\/11\/Domaine-de-lOrme-1.jpg 1705w\" sizes=\"(max-width: 1536px) 100vw, 1536px\" style=\"width:100%;height:75.01%;max-width:1705px;\" \/><\/div><\/a>\n\t\t\t\t<div class=\"elementor-post__text\">\n\t\t\t\t<h3 class=\"elementor-post__title\">\n\t\t\t<a href=\"https:\/\/courchevelchalets.fr\/fr\/rentals\/domaine-de-lorne\/\" >\n\t\t\t\tDomaine de L&rsquo;Orne\t\t\t<\/a>\n\t\t<\/h3>\n\t\t\t\t<div class=\"elementor-post__excerpt\">\n\t\t\t<p>730m\u00b2 &#8211; 6 Chambres &#8211; \u20ac36,050<\/p>\n\t\t<\/div>\n\t\t\t\t<\/div>\n\t\t\t\t\t<\/div>\n\t\t<\/article>\n\t\t\t\t<article class=\"elementor-post elementor-grid-item post-17589 chalets type-chalets status-publish has-post-thumbnail hentry category-luxe location-meribel amenities-catered amenities-cinema amenities-gym amenities-pool amenities-ski-room amenities-spa amenities-steam-room type_of_rental-chalets entry\" role=\"listitem\">\n\t\t\t<div class=\"elementor-post__card\">\n\t\t\t\t<a class=\"elementor-post__thumbnail__link\" href=\"https:\/\/courchevelchalets.fr\/fr\/rentals\/mont-tremblant\/\" tabindex=\"-1\" ><div class=\"elementor-post__thumbnail\"><img loading=\"lazy\" decoding=\"async\" width=\"1536\" height=\"1152\" src=\"https:\/\/courchevelchalets.fr\/wp-content\/uploads\/2024\/11\/Mont-Tremblant-1-2-1536x1152.jpg\" class=\"attachment-1536x1536 size-1536x1536 wp-image-16925\" alt=\"\" srcset=\"https:\/\/courchevelchalets.fr\/wp-content\/uploads\/2024\/11\/Mont-Tremblant-1-2-1536x1152.jpg 1536w, https:\/\/courchevelchalets.fr\/wp-content\/uploads\/2024\/11\/Mont-Tremblant-1-2-300x225.jpg 300w, https:\/\/courchevelchalets.fr\/wp-content\/uploads\/2024\/11\/Mont-Tremblant-1-2-1024x768.jpg 1024w, https:\/\/courchevelchalets.fr\/wp-content\/uploads\/2024\/11\/Mont-Tremblant-1-2-768x576.jpg 768w, https:\/\/courchevelchalets.fr\/wp-content\/uploads\/2024\/11\/Mont-Tremblant-1-2-1568x1176.jpg 1568w, https:\/\/courchevelchalets.fr\/wp-content\/uploads\/2024\/11\/Mont-Tremblant-1-2.jpg 1708w\" sizes=\"(max-width: 1536px) 100vw, 1536px\" style=\"width:100%;height:75%;max-width:1708px;\" \/><\/div><\/a>\n\t\t\t\t<div class=\"elementor-post__text\">\n\t\t\t\t<h3 class=\"elementor-post__title\">\n\t\t\t<a href=\"https:\/\/courchevelchalets.fr\/fr\/rentals\/mont-tremblant\/\" >\n\t\t\t\tMont Tremblant\t\t\t<\/a>\n\t\t<\/h3>\n\t\t\t\t<div class=\"elementor-post__excerpt\">\n\t\t\t<p>600m\u00b2 &#8211; 6 Chambres &#8211; \u20ac61.960<\/p>\n\t\t<\/div>\n\t\t\t\t<\/div>\n\t\t\t\t\t<\/div>\n\t\t<\/article>\n\t\t\t\t<article class=\"elementor-post elementor-grid-item post-17597 chalets type-chalets status-publish has-post-thumbnail hentry category-luxe location-meribel amenities-catered amenities-garage amenities-pool amenities-sauna amenities-ski-room amenities-spa type_of_rental-chalets entry\" role=\"listitem\">\n\t\t\t<div class=\"elementor-post__card\">\n\t\t\t\t<a class=\"elementor-post__thumbnail__link\" href=\"https:\/\/courchevelchalets.fr\/fr\/rentals\/chalet-menor\/\" tabindex=\"-1\" ><div class=\"elementor-post__thumbnail\"><img loading=\"lazy\" decoding=\"async\" width=\"1536\" height=\"1152\" src=\"https:\/\/courchevelchalets.fr\/wp-content\/uploads\/2024\/11\/Chalet-Menor-27-1536x1152.jpg\" class=\"attachment-1536x1536 size-1536x1536 wp-image-16537\" alt=\"\" srcset=\"https:\/\/courchevelchalets.fr\/wp-content\/uploads\/2024\/11\/Chalet-Menor-27-1536x1152.jpg 1536w, https:\/\/courchevelchalets.fr\/wp-content\/uploads\/2024\/11\/Chalet-Menor-27-300x225.jpg 300w, https:\/\/courchevelchalets.fr\/wp-content\/uploads\/2024\/11\/Chalet-Menor-27-1024x768.jpg 1024w, https:\/\/courchevelchalets.fr\/wp-content\/uploads\/2024\/11\/Chalet-Menor-27-768x576.jpg 768w, https:\/\/courchevelchalets.fr\/wp-content\/uploads\/2024\/11\/Chalet-Menor-27-1568x1176.jpg 1568w, https:\/\/courchevelchalets.fr\/wp-content\/uploads\/2024\/11\/Chalet-Menor-27.jpg 1704w\" sizes=\"(max-width: 1536px) 100vw, 1536px\" style=\"width:100%;height:75%;max-width:1704px;\" \/><\/div><\/a>\n\t\t\t\t<div class=\"elementor-post__text\">\n\t\t\t\t<h3 class=\"elementor-post__title\">\n\t\t\t<a href=\"https:\/\/courchevelchalets.fr\/fr\/rentals\/chalet-menor\/\" >\n\t\t\t\tChalet M\u00e9nor\t\t\t<\/a>\n\t\t<\/h3>\n\t\t\t\t<div class=\"elementor-post__excerpt\">\n\t\t\t<p>330m\u00b2 &#8211; 6 Chambres &#8211; \u20ac19,835<\/p>\n\t\t<\/div>\n\t\t\t\t<\/div>\n\t\t\t\t\t<\/div>\n\t\t<\/article>\n\t\t\t\t<article class=\"elementor-post elementor-grid-item post-17580 chalets type-chalets status-publish has-post-thumbnail hentry category-luxe location-meribel amenities-catered amenities-cinema amenities-garage amenities-gym amenities-parking amenities-pool amenities-sauna amenities-ski-room amenities-spa amenities-staff type_of_rental-chalets entry\" role=\"listitem\">\n\t\t\t<div class=\"elementor-post__card\">\n\t\t\t\t<a class=\"elementor-post__thumbnail__link\" href=\"https:\/\/courchevelchalets.fr\/fr\/rentals\/chalet-alpaca\/\" tabindex=\"-1\" ><div class=\"elementor-post__thumbnail\"><img loading=\"lazy\" decoding=\"async\" width=\"1536\" height=\"1152\" src=\"https:\/\/courchevelchalets.fr\/wp-content\/uploads\/2024\/10\/Chalet-Alpaca-1-1536x1152.jpg\" class=\"attachment-1536x1536 size-1536x1536 wp-image-16164\" alt=\"\" srcset=\"https:\/\/courchevelchalets.fr\/wp-content\/uploads\/2024\/10\/Chalet-Alpaca-1-1536x1152.jpg 1536w, https:\/\/courchevelchalets.fr\/wp-content\/uploads\/2024\/10\/Chalet-Alpaca-1-300x225.jpg 300w, https:\/\/courchevelchalets.fr\/wp-content\/uploads\/2024\/10\/Chalet-Alpaca-1-1024x768.jpg 1024w, https:\/\/courchevelchalets.fr\/wp-content\/uploads\/2024\/10\/Chalet-Alpaca-1-768x576.jpg 768w, https:\/\/courchevelchalets.fr\/wp-content\/uploads\/2024\/10\/Chalet-Alpaca-1-1568x1176.jpg 1568w, https:\/\/courchevelchalets.fr\/wp-content\/uploads\/2024\/10\/Chalet-Alpaca-1.jpg 1708w\" sizes=\"(max-width: 1536px) 100vw, 1536px\" style=\"width:100%;height:75%;max-width:1708px;\" \/><\/div><\/a>\n\t\t\t\t<div class=\"elementor-post__text\">\n\t\t\t\t<h3 class=\"elementor-post__title\">\n\t\t\t<a href=\"https:\/\/courchevelchalets.fr\/fr\/rentals\/chalet-alpaca\/\" >\n\t\t\t\tChalet Alpaca\t\t\t<\/a>\n\t\t<\/h3>\n\t\t\t\t<div class=\"elementor-post__excerpt\">\n\t\t\t<p>930m\u00b2 &#8211; 6 Chambres &#8211; \u20ac57,160<\/p>\n\t\t<\/div>\n\t\t\t\t<\/div>\n\t\t\t\t\t<\/div>\n\t\t<\/article>\n\t\t\t\t<article class=\"elementor-post elementor-grid-item post-17578 chalets type-chalets status-publish has-post-thumbnail hentry location-val-thorens amenities-cinema amenities-garage amenities-gym amenities-parking amenities-pool amenities-sauna amenities-ski-in-ski-out amenities-ski-room amenities-spa amenities-staff amenities-steam-room type_of_rental-chalets entry\" role=\"listitem\">\n\t\t\t<div class=\"elementor-post__card\">\n\t\t\t\t<a class=\"elementor-post__thumbnail__link\" href=\"https:\/\/courchevelchalets.fr\/fr\/rentals\/chalet-cullinan\/\" tabindex=\"-1\" ><div class=\"elementor-post__thumbnail\"><img loading=\"lazy\" decoding=\"async\" width=\"1536\" height=\"1025\" src=\"https:\/\/courchevelchalets.fr\/wp-content\/uploads\/2024\/10\/Chalet-Cullinan-1-1536x1025.jpg\" class=\"attachment-1536x1536 size-1536x1536 wp-image-16068\" alt=\"\" srcset=\"https:\/\/courchevelchalets.fr\/wp-content\/uploads\/2024\/10\/Chalet-Cullinan-1-1536x1025.jpg 1536w, https:\/\/courchevelchalets.fr\/wp-content\/uploads\/2024\/10\/Chalet-Cullinan-1-300x200.jpg 300w, https:\/\/courchevelchalets.fr\/wp-content\/uploads\/2024\/10\/Chalet-Cullinan-1-1024x683.jpg 1024w, https:\/\/courchevelchalets.fr\/wp-content\/uploads\/2024\/10\/Chalet-Cullinan-1-768x512.jpg 768w, https:\/\/courchevelchalets.fr\/wp-content\/uploads\/2024\/10\/Chalet-Cullinan-1-1568x1046.jpg 1568w, https:\/\/courchevelchalets.fr\/wp-content\/uploads\/2024\/10\/Chalet-Cullinan-1.jpg 1920w\" sizes=\"(max-width: 1536px) 100vw, 1536px\" style=\"width:100%;height:66.72%;max-width:1920px;\" \/><\/div><\/a>\n\t\t\t\t<div class=\"elementor-post__text\">\n\t\t\t\t<h3 class=\"elementor-post__title\">\n\t\t\t<a href=\"https:\/\/courchevelchalets.fr\/fr\/rentals\/chalet-cullinan\/\" >\n\t\t\t\tChalet Cullinan\t\t\t<\/a>\n\t\t<\/h3>\n\t\t\t\t<div class=\"elementor-post__excerpt\">\n\t\t\t<p>340m\u00b2 &#8211; 6 Chambres &#8211; \u20ac10,750<\/p>\n\t\t<\/div>\n\t\t\t\t<\/div>\n\t\t\t\t\t<\/div>\n\t\t<\/article>\n\t\t\t\t<article class=\"elementor-post elementor-grid-item post-17575 chalets type-chalets status-publish has-post-thumbnail hentry category-en-vedette category-luxe location-val-thorens amenities-cinema amenities-garage amenities-gym amenities-parking amenities-pool amenities-sauna amenities-ski-in-ski-out amenities-ski-room amenities-spa amenities-staff amenities-steam-room type_of_rental-chalets entry\" role=\"listitem\">\n\t\t\t<div class=\"elementor-post__card\">\n\t\t\t\t<a class=\"elementor-post__thumbnail__link\" href=\"https:\/\/courchevelchalets.fr\/fr\/rentals\/chalet-la-datcha-vt\/\" tabindex=\"-1\" ><div class=\"elementor-post__thumbnail\"><img loading=\"lazy\" decoding=\"async\" width=\"1170\" height=\"780\" src=\"https:\/\/courchevelchalets.fr\/wp-content\/uploads\/2024\/10\/La-Datcha-Val-Thorens-1-e1729522101641.jpg\" class=\"attachment-1536x1536 size-1536x1536 wp-image-15706\" alt=\"\" style=\"width:100%;height:66.67%;max-width:1170px;\" \/><\/div><\/a>\n\t\t\t\t<div class=\"elementor-post__text\">\n\t\t\t\t<h3 class=\"elementor-post__title\">\n\t\t\t<a href=\"https:\/\/courchevelchalets.fr\/fr\/rentals\/chalet-la-datcha-vt\/\" >\n\t\t\t\tChalet La Datcha VT\t\t\t<\/a>\n\t\t<\/h3>\n\t\t\t\t<div class=\"elementor-post__excerpt\">\n\t\t\t<p>1200m\u00b2 &#8211; 8 Chambres &#8211; \u20ac69,000<\/p>\n\t\t<\/div>\n\t\t\t\t<\/div>\n\t\t\t\t\t<\/div>\n\t\t<\/article>\n\t\t\t\t<article class=\"elementor-post elementor-grid-item post-17564 chalets type-chalets status-publish has-post-thumbnail hentry location-val-thorens amenities-cinema amenities-garage amenities-gym amenities-non-serviced amenities-parking amenities-pool amenities-sauna amenities-self-catered amenities-ski-in-ski-out amenities-ski-room amenities-spa amenities-staff amenities-steam-room type_of_rental-chalets entry\" role=\"listitem\">\n\t\t\t<div class=\"elementor-post__card\">\n\t\t\t\t<a class=\"elementor-post__thumbnail__link\" href=\"https:\/\/courchevelchalets.fr\/fr\/rentals\/chalet-orlov\/\" tabindex=\"-1\" ><div class=\"elementor-post__thumbnail\"><img loading=\"lazy\" decoding=\"async\" width=\"1536\" height=\"1152\" src=\"https:\/\/courchevelchalets.fr\/wp-content\/uploads\/2024\/10\/Chalet-Orlov-3-1536x1152.jpg\" class=\"attachment-1536x1536 size-1536x1536 wp-image-15476\" alt=\"\" srcset=\"https:\/\/courchevelchalets.fr\/wp-content\/uploads\/2024\/10\/Chalet-Orlov-3-1536x1152.jpg 1536w, https:\/\/courchevelchalets.fr\/wp-content\/uploads\/2024\/10\/Chalet-Orlov-3-300x225.jpg 300w, https:\/\/courchevelchalets.fr\/wp-content\/uploads\/2024\/10\/Chalet-Orlov-3-1024x768.jpg 1024w, https:\/\/courchevelchalets.fr\/wp-content\/uploads\/2024\/10\/Chalet-Orlov-3-768x576.jpg 768w, https:\/\/courchevelchalets.fr\/wp-content\/uploads\/2024\/10\/Chalet-Orlov-3-1568x1176.jpg 1568w, https:\/\/courchevelchalets.fr\/wp-content\/uploads\/2024\/10\/Chalet-Orlov-3.jpg 1695w\" sizes=\"(max-width: 1536px) 100vw, 1536px\" style=\"width:100%;height:74.99%;max-width:1695px;\" \/><\/div><\/a>\n\t\t\t\t<div class=\"elementor-post__text\">\n\t\t\t\t<h3 class=\"elementor-post__title\">\n\t\t\t<a href=\"https:\/\/courchevelchalets.fr\/fr\/rentals\/chalet-orlov\/\" >\n\t\t\t\tChalet Orlov\t\t\t<\/a>\n\t\t<\/h3>\n\t\t\t\t<div class=\"elementor-post__excerpt\">\n\t\t\t<p>320m\u00b2 &#8211; 5 pi\u00e8ces &#8211; 9 800<\/p>\n\t\t<\/div>\n\t\t\t\t<\/div>\n\t\t\t\t\t<\/div>\n\t\t<\/article>\n\t\t\t\t<article class=\"elementor-post elementor-grid-item post-14485 chalets type-chalets status-publish has-post-thumbnail hentry category-luxe location-courchevel-1850 amenities-cinema amenities-gym amenities-pool amenities-ski-in-ski-out amenities-ski-room amenities-spa amenities-staff type_of_rental-chalets entry\" role=\"listitem\">\n\t\t\t<div class=\"elementor-post__card\">\n\t\t\t\t<a class=\"elementor-post__thumbnail__link\" href=\"https:\/\/courchevelchalets.fr\/fr\/rentals\/chalet-blacklodge\/\" tabindex=\"-1\" ><div class=\"elementor-post__thumbnail\"><img loading=\"lazy\" decoding=\"async\" width=\"1536\" height=\"1229\" src=\"https:\/\/courchevelchalets.fr\/wp-content\/uploads\/2024\/03\/Blacklodge-Courchevel-1-1-1536x1229.jpeg\" class=\"attachment-1536x1536 size-1536x1536 wp-image-14477\" alt=\"\" srcset=\"https:\/\/courchevelchalets.fr\/wp-content\/uploads\/2024\/03\/Blacklodge-Courchevel-1-1-1536x1229.jpeg 1536w, https:\/\/courchevelchalets.fr\/wp-content\/uploads\/2024\/03\/Blacklodge-Courchevel-1-1-300x240.jpeg 300w, https:\/\/courchevelchalets.fr\/wp-content\/uploads\/2024\/03\/Blacklodge-Courchevel-1-1-1024x819.jpeg 1024w, https:\/\/courchevelchalets.fr\/wp-content\/uploads\/2024\/03\/Blacklodge-Courchevel-1-1-768x614.jpeg 768w, https:\/\/courchevelchalets.fr\/wp-content\/uploads\/2024\/03\/Blacklodge-Courchevel-1-1-1568x1254.jpeg 1568w, https:\/\/courchevelchalets.fr\/wp-content\/uploads\/2024\/03\/Blacklodge-Courchevel-1-1.jpeg 1600w\" sizes=\"(max-width: 1536px) 100vw, 1536px\" style=\"width:100%;height:80%;max-width:1600px;\" \/><\/div><\/a>\n\t\t\t\t<div class=\"elementor-post__text\">\n\t\t\t\t<h3 class=\"elementor-post__title\">\n\t\t\t<a href=\"https:\/\/courchevelchalets.fr\/fr\/rentals\/chalet-blacklodge\/\" >\n\t\t\t\tChalet Blacklodge\t\t\t<\/a>\n\t\t<\/h3>\n\t\t\t\t<div class=\"elementor-post__excerpt\">\n\t\t\t<p>875me &#8211; 7 Chambres &#8211; \u20ac95,000<\/p>\n\t\t<\/div>\n\t\t\t\t<\/div>\n\t\t\t\t\t<\/div>\n\t\t<\/article>\n\t\t\t\t<article class=\"elementor-post elementor-grid-item post-14488 chalets type-chalets status-publish has-post-thumbnail hentry category-luxe location-courchevel-1850 amenities-cinema amenities-gym amenities-parking amenities-pool amenities-ski-in-ski-out amenities-ski-room amenities-spa amenities-staff type_of_rental-chalets entry\" role=\"listitem\">\n\t\t\t<div class=\"elementor-post__card\">\n\t\t\t\t<a class=\"elementor-post__thumbnail__link\" href=\"https:\/\/courchevelchalets.fr\/fr\/rentals\/chalet-ima\/\" tabindex=\"-1\" ><div class=\"elementor-post__thumbnail\"><img loading=\"lazy\" decoding=\"async\" width=\"393\" height=\"314\" src=\"https:\/\/courchevelchalets.fr\/wp-content\/uploads\/2024\/03\/Chalet-IMA-1-1-e1711804190840.jpeg\" class=\"attachment-1536x1536 size-1536x1536 wp-image-14473\" alt=\"\" style=\"width:100%;height:79.9%;max-width:393px;\" \/><\/div><\/a>\n\t\t\t\t<div class=\"elementor-post__text\">\n\t\t\t\t<h3 class=\"elementor-post__title\">\n\t\t\t<a href=\"https:\/\/courchevelchalets.fr\/fr\/rentals\/chalet-ima\/\" >\n\t\t\t\tChalet IMA\t\t\t<\/a>\n\t\t<\/h3>\n\t\t\t\t<div class=\"elementor-post__excerpt\">\n\t\t\t<p>450m\u00b2 &#8211; 7 Chambres &#8211; \u20ac45,000<\/p>\n\t\t<\/div>\n\t\t\t\t<\/div>\n\t\t\t\t\t<\/div>\n\t\t<\/article>\n\t\t\t\t<article class=\"elementor-post elementor-grid-item post-14362 chalets type-chalets status-publish has-post-thumbnail hentry category-luxe location-courchevel-1850 amenities-gym amenities-pool amenities-ski-in-ski-out amenities-ski-room amenities-spa amenities-staff type_of_rental-apartment entry\" role=\"listitem\">\n\t\t\t<div class=\"elementor-post__card\">\n\t\t\t\t<a class=\"elementor-post__thumbnail__link\" href=\"https:\/\/courchevelchalets.fr\/fr\/rentals\/penthouse-lempyree\/\" tabindex=\"-1\" ><div class=\"elementor-post__thumbnail\"><img loading=\"lazy\" decoding=\"async\" width=\"1536\" height=\"1229\" src=\"https:\/\/courchevelchalets.fr\/wp-content\/uploads\/2024\/03\/Penthouse-lEmpyree-1536x1229.jpeg\" class=\"attachment-1536x1536 size-1536x1536 wp-image-14481\" alt=\"\" srcset=\"https:\/\/courchevelchalets.fr\/wp-content\/uploads\/2024\/03\/Penthouse-lEmpyree-1536x1229.jpeg 1536w, https:\/\/courchevelchalets.fr\/wp-content\/uploads\/2024\/03\/Penthouse-lEmpyree-300x240.jpeg 300w, https:\/\/courchevelchalets.fr\/wp-content\/uploads\/2024\/03\/Penthouse-lEmpyree-1024x819.jpeg 1024w, https:\/\/courchevelchalets.fr\/wp-content\/uploads\/2024\/03\/Penthouse-lEmpyree-768x614.jpeg 768w, https:\/\/courchevelchalets.fr\/wp-content\/uploads\/2024\/03\/Penthouse-lEmpyree-1568x1254.jpeg 1568w, https:\/\/courchevelchalets.fr\/wp-content\/uploads\/2024\/03\/Penthouse-lEmpyree.jpeg 1840w\" sizes=\"(max-width: 1536px) 100vw, 1536px\" style=\"width:100%;height:80%;max-width:1840px;\" \/><\/div><\/a>\n\t\t\t\t<div class=\"elementor-post__text\">\n\t\t\t\t<h3 class=\"elementor-post__title\">\n\t\t\t<a href=\"https:\/\/courchevelchalets.fr\/fr\/rentals\/penthouse-lempyree\/\" >\n\t\t\t\tPenthouse L&rsquo;Empyr\u00e9e\t\t\t<\/a>\n\t\t<\/h3>\n\t\t\t\t<div class=\"elementor-post__excerpt\">\n\t\t\t<p>375m\u00b2 &#8211; 5 Chambres &#8211; \u20ac45,000<\/p>\n\t\t<\/div>\n\t\t\t\t<\/div>\n\t\t\t\t\t<\/div>\n\t\t<\/article>\n\t\t\t\t<article class=\"elementor-post elementor-grid-item post-14168 chalets type-chalets status-publish has-post-thumbnail hentry category-luxe location-val-disere amenities-cinema amenities-gym amenities-parking amenities-pool amenities-ski-in-ski-out amenities-ski-room amenities-spa amenities-staff type_of_rental-chalets entry\" role=\"listitem\">\n\t\t\t<div class=\"elementor-post__card\">\n\t\t\t\t<a class=\"elementor-post__thumbnail__link\" href=\"https:\/\/courchevelchalets.fr\/fr\/rentals\/chalet-marco-polo\/\" tabindex=\"-1\" ><div class=\"elementor-post__thumbnail\"><img loading=\"lazy\" decoding=\"async\" width=\"1536\" height=\"1152\" src=\"https:\/\/courchevelchalets.fr\/wp-content\/uploads\/2024\/01\/Marco-Polo-Pool-1-1536x1152.jpg\" class=\"attachment-1536x1536 size-1536x1536 wp-image-12940\" alt=\"\" srcset=\"https:\/\/courchevelchalets.fr\/wp-content\/uploads\/2024\/01\/Marco-Polo-Pool-1-1536x1152.jpg 1536w, https:\/\/courchevelchalets.fr\/wp-content\/uploads\/2024\/01\/Marco-Polo-Pool-1-300x225.jpg 300w, https:\/\/courchevelchalets.fr\/wp-content\/uploads\/2024\/01\/Marco-Polo-Pool-1-1024x768.jpg 1024w, https:\/\/courchevelchalets.fr\/wp-content\/uploads\/2024\/01\/Marco-Polo-Pool-1-768x576.jpg 768w, https:\/\/courchevelchalets.fr\/wp-content\/uploads\/2024\/01\/Marco-Polo-Pool-1-1568x1176.jpg 1568w, https:\/\/courchevelchalets.fr\/wp-content\/uploads\/2024\/01\/Marco-Polo-Pool-1.jpg 1822w\" sizes=\"(max-width: 1536px) 100vw, 1536px\" style=\"width:100%;height:74.97%;max-width:1822px;\" \/><\/div><\/a>\n\t\t\t\t<div class=\"elementor-post__text\">\n\t\t\t\t<h3 class=\"elementor-post__title\">\n\t\t\t<a href=\"https:\/\/courchevelchalets.fr\/fr\/rentals\/chalet-marco-polo\/\" >\n\t\t\t\tChalet Marco Polo\t\t\t<\/a>\n\t\t<\/h3>\n\t\t\t\t<div class=\"elementor-post__excerpt\">\n\t\t\t<p>1000m\u00b2 &#8211; 6 Chambres &#8211; POA<\/p>\n\t\t<\/div>\n\t\t\t\t<\/div>\n\t\t\t\t\t<\/div>\n\t\t<\/article>\n\t\t\t\t<article class=\"elementor-post elementor-grid-item post-14178 chalets type-chalets status-publish has-post-thumbnail hentry category-luxe location-val-disere amenities-parking amenities-pool amenities-ski-in-ski-out amenities-ski-room amenities-spa amenities-staff type_of_rental-chalets entry\" role=\"listitem\">\n\t\t\t<div class=\"elementor-post__card\">\n\t\t\t\t<a class=\"elementor-post__thumbnail__link\" href=\"https:\/\/courchevelchalets.fr\/fr\/rentals\/chalet-le-rocher\/\" tabindex=\"-1\" ><div class=\"elementor-post__thumbnail\"><img loading=\"lazy\" decoding=\"async\" width=\"1536\" height=\"1152\" src=\"https:\/\/courchevelchalets.fr\/wp-content\/uploads\/2024\/01\/Chalet-Le-Rocher-Val-dIsere-Consensio-Exterior-1-1536x1152.jpg\" class=\"attachment-1536x1536 size-1536x1536 wp-image-12637\" alt=\"\" srcset=\"https:\/\/courchevelchalets.fr\/wp-content\/uploads\/2024\/01\/Chalet-Le-Rocher-Val-dIsere-Consensio-Exterior-1-1536x1152.jpg 1536w, https:\/\/courchevelchalets.fr\/wp-content\/uploads\/2024\/01\/Chalet-Le-Rocher-Val-dIsere-Consensio-Exterior-1-300x225.jpg 300w, https:\/\/courchevelchalets.fr\/wp-content\/uploads\/2024\/01\/Chalet-Le-Rocher-Val-dIsere-Consensio-Exterior-1-1024x768.jpg 1024w, https:\/\/courchevelchalets.fr\/wp-content\/uploads\/2024\/01\/Chalet-Le-Rocher-Val-dIsere-Consensio-Exterior-1-768x576.jpg 768w, https:\/\/courchevelchalets.fr\/wp-content\/uploads\/2024\/01\/Chalet-Le-Rocher-Val-dIsere-Consensio-Exterior-1-1568x1176.jpg 1568w, https:\/\/courchevelchalets.fr\/wp-content\/uploads\/2024\/01\/Chalet-Le-Rocher-Val-dIsere-Consensio-Exterior-1.jpg 1822w\" sizes=\"(max-width: 1536px) 100vw, 1536px\" style=\"width:100%;height:74.97%;max-width:1822px;\" \/><\/div><\/a>\n\t\t\t\t<div class=\"elementor-post__text\">\n\t\t\t\t<h3 class=\"elementor-post__title\">\n\t\t\t<a href=\"https:\/\/courchevelchalets.fr\/fr\/rentals\/chalet-le-rocher\/\" >\n\t\t\t\tChalet Le Rocher\t\t\t<\/a>\n\t\t<\/h3>\n\t\t\t\t<div class=\"elementor-post__excerpt\">\n\t\t\t<p>800m\u00b2 &#8211; 7 Chambres &#8211; POA<\/p>\n\t\t<\/div>\n\t\t\t\t<\/div>\n\t\t\t\t\t<\/div>\n\t\t<\/article>\n\t\t\t\t<article class=\"elementor-post elementor-grid-item post-14205 chalets type-chalets status-publish has-post-thumbnail hentry category-luxe location-val-disere amenities-parking amenities-pool amenities-ski-room amenities-staff type_of_rental-chalets entry\" role=\"listitem\">\n\t\t\t<div class=\"elementor-post__card\">\n\t\t\t\t<a class=\"elementor-post__thumbnail__link\" href=\"https:\/\/courchevelchalets.fr\/fr\/rentals\/chalet-blackcromb\/\" tabindex=\"-1\" ><div class=\"elementor-post__thumbnail\"><img loading=\"lazy\" decoding=\"async\" width=\"1536\" height=\"1152\" src=\"https:\/\/courchevelchalets.fr\/wp-content\/uploads\/2024\/01\/Chalet-Blackcomb-Val-dIsere-Consensio-21-1536x1152.jpg\" class=\"attachment-1536x1536 size-1536x1536 wp-image-12307\" alt=\"\" srcset=\"https:\/\/courchevelchalets.fr\/wp-content\/uploads\/2024\/01\/Chalet-Blackcomb-Val-dIsere-Consensio-21-1536x1152.jpg 1536w, https:\/\/courchevelchalets.fr\/wp-content\/uploads\/2024\/01\/Chalet-Blackcomb-Val-dIsere-Consensio-21-300x225.jpg 300w, https:\/\/courchevelchalets.fr\/wp-content\/uploads\/2024\/01\/Chalet-Blackcomb-Val-dIsere-Consensio-21-1024x768.jpg 1024w, https:\/\/courchevelchalets.fr\/wp-content\/uploads\/2024\/01\/Chalet-Blackcomb-Val-dIsere-Consensio-21-768x576.jpg 768w, https:\/\/courchevelchalets.fr\/wp-content\/uploads\/2024\/01\/Chalet-Blackcomb-Val-dIsere-Consensio-21-1568x1176.jpg 1568w, https:\/\/courchevelchalets.fr\/wp-content\/uploads\/2024\/01\/Chalet-Blackcomb-Val-dIsere-Consensio-21.jpg 1822w\" sizes=\"(max-width: 1536px) 100vw, 1536px\" style=\"width:100%;height:74.97%;max-width:1822px;\" \/><\/div><\/a>\n\t\t\t\t<div class=\"elementor-post__text\">\n\t\t\t\t<h3 class=\"elementor-post__title\">\n\t\t\t<a href=\"https:\/\/courchevelchalets.fr\/fr\/rentals\/chalet-blackcromb\/\" >\n\t\t\t\tChalet Blackcromb\t\t\t<\/a>\n\t\t<\/h3>\n\t\t\t\t<div class=\"elementor-post__excerpt\">\n\t\t\t<p>360m\u00b2 &#8211; 5 Chambres &#8211; POA<\/p>\n\t\t<\/div>\n\t\t\t\t<\/div>\n\t\t\t\t\t<\/div>\n\t\t<\/article>\n\t\t\t\t<article class=\"elementor-post elementor-grid-item post-14209 chalets type-chalets status-publish has-post-thumbnail hentry category-luxe location-courchevel-1650 amenities-cinema amenities-gym amenities-parking amenities-pool amenities-ski-in-ski-out amenities-ski-room amenities-spa amenities-staff type_of_rental-chalets entry\" role=\"listitem\">\n\t\t\t<div class=\"elementor-post__card\">\n\t\t\t\t<a class=\"elementor-post__thumbnail__link\" href=\"https:\/\/courchevelchalets.fr\/fr\/rentals\/chalet-bacchus\/\" tabindex=\"-1\" ><div class=\"elementor-post__thumbnail\"><img loading=\"lazy\" decoding=\"async\" width=\"1536\" height=\"1152\" src=\"https:\/\/courchevelchalets.fr\/wp-content\/uploads\/2024\/01\/Chalet-Bacchus-Courchevel-Consensio-Exterior-Backview-1536x1152.jpg\" class=\"attachment-1536x1536 size-1536x1536 wp-image-12223\" alt=\"\" srcset=\"https:\/\/courchevelchalets.fr\/wp-content\/uploads\/2024\/01\/Chalet-Bacchus-Courchevel-Consensio-Exterior-Backview-1536x1152.jpg 1536w, https:\/\/courchevelchalets.fr\/wp-content\/uploads\/2024\/01\/Chalet-Bacchus-Courchevel-Consensio-Exterior-Backview-300x225.jpg 300w, https:\/\/courchevelchalets.fr\/wp-content\/uploads\/2024\/01\/Chalet-Bacchus-Courchevel-Consensio-Exterior-Backview-1024x768.jpg 1024w, https:\/\/courchevelchalets.fr\/wp-content\/uploads\/2024\/01\/Chalet-Bacchus-Courchevel-Consensio-Exterior-Backview-768x576.jpg 768w, https:\/\/courchevelchalets.fr\/wp-content\/uploads\/2024\/01\/Chalet-Bacchus-Courchevel-Consensio-Exterior-Backview-1568x1176.jpg 1568w, https:\/\/courchevelchalets.fr\/wp-content\/uploads\/2024\/01\/Chalet-Bacchus-Courchevel-Consensio-Exterior-Backview.jpg 1822w\" sizes=\"(max-width: 1536px) 100vw, 1536px\" style=\"width:100%;height:74.97%;max-width:1822px;\" \/><\/div><\/a>\n\t\t\t\t<div class=\"elementor-post__text\">\n\t\t\t\t<h3 class=\"elementor-post__title\">\n\t\t\t<a href=\"https:\/\/courchevelchalets.fr\/fr\/rentals\/chalet-bacchus\/\" >\n\t\t\t\tChalet Bacchus\t\t\t<\/a>\n\t\t<\/h3>\n\t\t\t\t<div class=\"elementor-post__excerpt\">\n\t\t\t<p>450m\u00b2 &#8211; 7 Chambres &#8211; POA<\/p>\n\t\t<\/div>\n\t\t\t\t<\/div>\n\t\t\t\t\t<\/div>\n\t\t<\/article>\n\t\t\t\t<article class=\"elementor-post elementor-grid-item post-14153 chalets type-chalets status-publish has-post-thumbnail hentry location-courchevel-1850 amenities-gym amenities-parking amenities-pool amenities-ski-in amenities-ski-in-ski-out amenities-ski-room amenities-spa amenities-staff type_of_rental-apartment entry\" role=\"listitem\">\n\t\t\t<div class=\"elementor-post__card\">\n\t\t\t\t<a class=\"elementor-post__thumbnail__link\" href=\"https:\/\/courchevelchalets.fr\/fr\/rentals\/le-refuge\/\" tabindex=\"-1\" ><div class=\"elementor-post__thumbnail\"><img loading=\"lazy\" decoding=\"async\" width=\"1536\" height=\"1150\" src=\"https:\/\/courchevelchalets.fr\/wp-content\/uploads\/2023\/11\/La-Refuge-1-e1698932465681-1536x1150.jpg\" class=\"attachment-1536x1536 size-1536x1536 wp-image-11815\" alt=\"\" srcset=\"https:\/\/courchevelchalets.fr\/wp-content\/uploads\/2023\/11\/La-Refuge-1-e1698932465681-1536x1150.jpg 1536w, https:\/\/courchevelchalets.fr\/wp-content\/uploads\/2023\/11\/La-Refuge-1-e1698932465681-300x225.jpg 300w, https:\/\/courchevelchalets.fr\/wp-content\/uploads\/2023\/11\/La-Refuge-1-e1698932465681-1024x767.jpg 1024w, https:\/\/courchevelchalets.fr\/wp-content\/uploads\/2023\/11\/La-Refuge-1-e1698932465681-768x575.jpg 768w, https:\/\/courchevelchalets.fr\/wp-content\/uploads\/2023\/11\/La-Refuge-1-e1698932465681-2048x1534.jpg 2048w, https:\/\/courchevelchalets.fr\/wp-content\/uploads\/2023\/11\/La-Refuge-1-e1698932465681-1568x1174.jpg 1568w\" sizes=\"(max-width: 1536px) 100vw, 1536px\" style=\"width:100%;height:74.89%;max-width:2521px;\" \/><\/div><\/a>\n\t\t\t\t<div class=\"elementor-post__text\">\n\t\t\t\t<h3 class=\"elementor-post__title\">\n\t\t\t<a href=\"https:\/\/courchevelchalets.fr\/fr\/rentals\/le-refuge\/\" >\n\t\t\t\tLe Refuge\t\t\t<\/a>\n\t\t<\/h3>\n\t\t\t\t<div class=\"elementor-post__excerpt\">\n\t\t\t<p>200m\u00b2 &#8211; 3 Chambres &#8211; POA<\/p>\n\t\t<\/div>\n\t\t\t\t<\/div>\n\t\t\t\t\t<\/div>\n\t\t<\/article>\n\t\t\t\t<article class=\"elementor-post elementor-grid-item post-14121 chalets type-chalets status-publish has-post-thumbnail hentry category-luxe location-courchevel-1850 amenities-cinema amenities-gym amenities-parking amenities-pool amenities-ski-in-ski-out amenities-ski-room amenities-spa amenities-staff type_of_rental-chalets entry\" role=\"listitem\">\n\t\t\t<div class=\"elementor-post__card\">\n\t\t\t\t<a class=\"elementor-post__thumbnail__link\" href=\"https:\/\/courchevelchalets.fr\/fr\/rentals\/chalet-muztagh\/\" tabindex=\"-1\" ><div class=\"elementor-post__thumbnail\"><img loading=\"lazy\" decoding=\"async\" width=\"1536\" height=\"1149\" src=\"https:\/\/courchevelchalets.fr\/wp-content\/uploads\/2023\/11\/suite-chalet-muztagh-salon-e1698920864889-1536x1149.jpeg\" class=\"attachment-1536x1536 size-1536x1536 wp-image-11734\" alt=\"\" srcset=\"https:\/\/courchevelchalets.fr\/wp-content\/uploads\/2023\/11\/suite-chalet-muztagh-salon-e1698920864889-1536x1149.jpeg 1536w, https:\/\/courchevelchalets.fr\/wp-content\/uploads\/2023\/11\/suite-chalet-muztagh-salon-e1698920864889-300x224.jpeg 300w, https:\/\/courchevelchalets.fr\/wp-content\/uploads\/2023\/11\/suite-chalet-muztagh-salon-e1698920864889-1024x766.jpeg 1024w, https:\/\/courchevelchalets.fr\/wp-content\/uploads\/2023\/11\/suite-chalet-muztagh-salon-e1698920864889-768x574.jpeg 768w, https:\/\/courchevelchalets.fr\/wp-content\/uploads\/2023\/11\/suite-chalet-muztagh-salon-e1698920864889-1568x1173.jpeg 1568w, https:\/\/courchevelchalets.fr\/wp-content\/uploads\/2023\/11\/suite-chalet-muztagh-salon-e1698920864889.jpeg 2012w\" sizes=\"(max-width: 1536px) 100vw, 1536px\" style=\"width:100%;height:74.8%;max-width:2012px;\" \/><\/div><\/a>\n\t\t\t\t<div class=\"elementor-post__text\">\n\t\t\t\t<h3 class=\"elementor-post__title\">\n\t\t\t<a href=\"https:\/\/courchevelchalets.fr\/fr\/rentals\/chalet-muztagh\/\" >\n\t\t\t\tChalet Muztagh\t\t\t<\/a>\n\t\t<\/h3>\n\t\t\t\t<div class=\"elementor-post__excerpt\">\n\t\t\t<p>600m\u00b2 &#8211; 5 Chambres &#8211; POA<\/p>\n\t\t<\/div>\n\t\t\t\t<\/div>\n\t\t\t\t\t<\/div>\n\t\t<\/article>\n\t\t\t\t<article class=\"elementor-post elementor-grid-item post-14135 chalets type-chalets status-publish has-post-thumbnail hentry category-luxe location-courchevel-1850 amenities-cinema amenities-gym amenities-parking amenities-pool amenities-ski-in-ski-out amenities-ski-room amenities-spa amenities-staff type_of_rental-chalets entry\" role=\"listitem\">\n\t\t\t<div class=\"elementor-post__card\">\n\t\t\t\t<a class=\"elementor-post__thumbnail__link\" href=\"https:\/\/courchevelchalets.fr\/fr\/rentals\/chalet-baltoro\/\" tabindex=\"-1\" ><div class=\"elementor-post__thumbnail\"><img loading=\"lazy\" decoding=\"async\" width=\"1536\" height=\"1149\" src=\"https:\/\/courchevelchalets.fr\/wp-content\/uploads\/2023\/11\/chalet-baltoro-salon-2-e1698916642198-1536x1149.jpeg\" class=\"attachment-1536x1536 size-1536x1536 wp-image-11707\" alt=\"\" srcset=\"https:\/\/courchevelchalets.fr\/wp-content\/uploads\/2023\/11\/chalet-baltoro-salon-2-e1698916642198-1536x1149.jpeg 1536w, https:\/\/courchevelchalets.fr\/wp-content\/uploads\/2023\/11\/chalet-baltoro-salon-2-e1698916642198-300x225.jpeg 300w, https:\/\/courchevelchalets.fr\/wp-content\/uploads\/2023\/11\/chalet-baltoro-salon-2-e1698916642198-1024x766.jpeg 1024w, https:\/\/courchevelchalets.fr\/wp-content\/uploads\/2023\/11\/chalet-baltoro-salon-2-e1698916642198-768x575.jpeg 768w, https:\/\/courchevelchalets.fr\/wp-content\/uploads\/2023\/11\/chalet-baltoro-salon-2-e1698916642198-1568x1173.jpeg 1568w, https:\/\/courchevelchalets.fr\/wp-content\/uploads\/2023\/11\/chalet-baltoro-salon-2-e1698916642198.jpeg 1995w\" sizes=\"(max-width: 1536px) 100vw, 1536px\" style=\"width:100%;height:74.84%;max-width:1995px;\" \/><\/div><\/a>\n\t\t\t\t<div class=\"elementor-post__text\">\n\t\t\t\t<h3 class=\"elementor-post__title\">\n\t\t\t<a href=\"https:\/\/courchevelchalets.fr\/fr\/rentals\/chalet-baltoro\/\" >\n\t\t\t\tChalet Baltoro\t\t\t<\/a>\n\t\t<\/h3>\n\t\t\t\t<div class=\"elementor-post__excerpt\">\n\t\t\t<p>550m\u00b2 &#8211; 5 Chambres &#8211; POA<\/p>\n\t\t<\/div>\n\t\t\t\t<\/div>\n\t\t\t\t\t<\/div>\n\t\t<\/article>\n\t\t\t\t<article class=\"elementor-post elementor-grid-item post-14157 chalets type-chalets status-publish has-post-thumbnail hentry category-luxe location-courchevel-1850 amenities-cinema amenities-gym amenities-parking amenities-pool amenities-ski-in-ski-out amenities-ski-room amenities-spa amenities-staff type_of_rental-chalets entry\" role=\"listitem\">\n\t\t\t<div class=\"elementor-post__card\">\n\t\t\t\t<a class=\"elementor-post__thumbnail__link\" href=\"https:\/\/courchevelchalets.fr\/fr\/rentals\/chalet-des-abruzzes\/\" tabindex=\"-1\" ><div class=\"elementor-post__thumbnail\"><img loading=\"lazy\" decoding=\"async\" width=\"1536\" height=\"1150\" src=\"https:\/\/courchevelchalets.fr\/wp-content\/uploads\/2023\/11\/suite-chalet-abruzzes-salon-02-e1698910424744-1536x1150.jpeg\" class=\"attachment-1536x1536 size-1536x1536 wp-image-11695\" alt=\"\" srcset=\"https:\/\/courchevelchalets.fr\/wp-content\/uploads\/2023\/11\/suite-chalet-abruzzes-salon-02-e1698910424744-1536x1150.jpeg 1536w, https:\/\/courchevelchalets.fr\/wp-content\/uploads\/2023\/11\/suite-chalet-abruzzes-salon-02-e1698910424744-300x225.jpeg 300w, https:\/\/courchevelchalets.fr\/wp-content\/uploads\/2023\/11\/suite-chalet-abruzzes-salon-02-e1698910424744-1024x767.jpeg 1024w, https:\/\/courchevelchalets.fr\/wp-content\/uploads\/2023\/11\/suite-chalet-abruzzes-salon-02-e1698910424744-768x575.jpeg 768w, https:\/\/courchevelchalets.fr\/wp-content\/uploads\/2023\/11\/suite-chalet-abruzzes-salon-02-e1698910424744-1568x1174.jpeg 1568w, https:\/\/courchevelchalets.fr\/wp-content\/uploads\/2023\/11\/suite-chalet-abruzzes-salon-02-e1698910424744.jpeg 2047w\" sizes=\"(max-width: 1536px) 100vw, 1536px\" style=\"width:100%;height:74.89%;max-width:2047px;\" \/><\/div><\/a>\n\t\t\t\t<div class=\"elementor-post__text\">\n\t\t\t\t<h3 class=\"elementor-post__title\">\n\t\t\t<a href=\"https:\/\/courchevelchalets.fr\/fr\/rentals\/chalet-des-abruzzes\/\" >\n\t\t\t\tChalet des Abruzzes\t\t\t<\/a>\n\t\t<\/h3>\n\t\t\t\t<div class=\"elementor-post__excerpt\">\n\t\t\t<p>650m\u00b2 &#8211; 7 Chambres &#8211; POA<\/p>\n\t\t<\/div>\n\t\t\t\t<\/div>\n\t\t\t\t\t<\/div>\n\t\t<\/article>\n\t\t\t\t<article class=\"elementor-post elementor-grid-item post-14126 chalets type-chalets status-publish has-post-thumbnail hentry category-luxe location-courchevel-1850 amenities-cinema amenities-gym amenities-parking amenities-pool amenities-ski-in-ski-out amenities-ski-room amenities-spa amenities-staff type_of_rental-chalets entry\" role=\"listitem\">\n\t\t\t<div class=\"elementor-post__card\">\n\t\t\t\t<a class=\"elementor-post__thumbnail__link\" href=\"https:\/\/courchevelchalets.fr\/fr\/rentals\/chalet-panmah\/\" tabindex=\"-1\" ><div class=\"elementor-post__thumbnail\"><img loading=\"lazy\" decoding=\"async\" width=\"1536\" height=\"1152\" src=\"https:\/\/courchevelchalets.fr\/wp-content\/uploads\/2023\/11\/panmah-salon-2-e1698909359286-1536x1152.jpeg\" class=\"attachment-1536x1536 size-1536x1536 wp-image-11692\" alt=\"\" srcset=\"https:\/\/courchevelchalets.fr\/wp-content\/uploads\/2023\/11\/panmah-salon-2-e1698909359286-1536x1152.jpeg 1536w, https:\/\/courchevelchalets.fr\/wp-content\/uploads\/2023\/11\/panmah-salon-2-e1698909359286-300x225.jpeg 300w, https:\/\/courchevelchalets.fr\/wp-content\/uploads\/2023\/11\/panmah-salon-2-e1698909359286-1024x768.jpeg 1024w, https:\/\/courchevelchalets.fr\/wp-content\/uploads\/2023\/11\/panmah-salon-2-e1698909359286-768x576.jpeg 768w, https:\/\/courchevelchalets.fr\/wp-content\/uploads\/2023\/11\/panmah-salon-2-e1698909359286-1568x1176.jpeg 1568w, https:\/\/courchevelchalets.fr\/wp-content\/uploads\/2023\/11\/panmah-salon-2-e1698909359286.jpeg 2047w\" sizes=\"(max-width: 1536px) 100vw, 1536px\" style=\"width:100%;height:74.99%;max-width:2047px;\" \/><\/div><\/a>\n\t\t\t\t<div class=\"elementor-post__text\">\n\t\t\t\t<h3 class=\"elementor-post__title\">\n\t\t\t<a href=\"https:\/\/courchevelchalets.fr\/fr\/rentals\/chalet-panmah\/\" >\n\t\t\t\tChalet Panmah\t\t\t<\/a>\n\t\t<\/h3>\n\t\t\t\t<div class=\"elementor-post__excerpt\">\n\t\t\t<p>600m\u00b2 &#8211; 5 Chambres &#8211; POA<\/p>\n\t\t<\/div>\n\t\t\t\t<\/div>\n\t\t\t\t\t<\/div>\n\t\t<\/article>\n\t\t\t\t<article class=\"elementor-post elementor-grid-item post-14150 chalets type-chalets status-publish has-post-thumbnail hentry category-luxe location-meribel amenities-parking amenities-pool amenities-self-catered amenities-ski-in-ski-out amenities-ski-room type_of_rental-chalets entry\" role=\"listitem\">\n\t\t\t<div class=\"elementor-post__card\">\n\t\t\t\t<a class=\"elementor-post__thumbnail__link\" href=\"https:\/\/courchevelchalets.fr\/fr\/rentals\/chalet-ayla\/\" tabindex=\"-1\" ><div class=\"elementor-post__thumbnail\"><img loading=\"lazy\" decoding=\"async\" width=\"911\" height=\"683\" src=\"https:\/\/courchevelchalets.fr\/wp-content\/uploads\/2023\/10\/Chalet-Alya-35-e1697816300575.jpeg\" class=\"attachment-1536x1536 size-1536x1536 wp-image-11653\" alt=\"\" srcset=\"https:\/\/courchevelchalets.fr\/wp-content\/uploads\/2023\/10\/Chalet-Alya-35-e1697816300575.jpeg 911w, https:\/\/courchevelchalets.fr\/wp-content\/uploads\/2023\/10\/Chalet-Alya-35-e1697816300575-300x225.jpeg 300w, https:\/\/courchevelchalets.fr\/wp-content\/uploads\/2023\/10\/Chalet-Alya-35-e1697816300575-768x576.jpeg 768w\" sizes=\"(max-width: 911px) 100vw, 911px\" style=\"width:100%;height:74.97%;max-width:911px;\" \/><\/div><\/a>\n\t\t\t\t<div class=\"elementor-post__text\">\n\t\t\t\t<h3 class=\"elementor-post__title\">\n\t\t\t<a href=\"https:\/\/courchevelchalets.fr\/fr\/rentals\/chalet-ayla\/\" >\n\t\t\t\tChalet Ayla\t\t\t<\/a>\n\t\t<\/h3>\n\t\t\t\t<div class=\"elementor-post__excerpt\">\n\t\t\t<p>285m\u00b2 &#8211; 5 Chambres &#8211; \u20ac8,000<\/p>\n\t\t<\/div>\n\t\t\t\t<\/div>\n\t\t\t\t\t<\/div>\n\t\t<\/article>\n\t\t\t\t<article class=\"elementor-post elementor-grid-item post-14119 chalets type-chalets status-publish has-post-thumbnail hentry category-luxe location-meribel amenities-parking amenities-pool amenities-ski-room amenities-spa amenities-staff type_of_rental-chalets entry\" role=\"listitem\">\n\t\t\t<div class=\"elementor-post__card\">\n\t\t\t\t<a class=\"elementor-post__thumbnail__link\" href=\"https:\/\/courchevelchalets.fr\/fr\/rentals\/le-chalet-des-amis\/\" tabindex=\"-1\" ><div class=\"elementor-post__thumbnail\"><img loading=\"lazy\" decoding=\"async\" width=\"1536\" height=\"1152\" src=\"https:\/\/courchevelchalets.fr\/wp-content\/uploads\/2023\/10\/Le-Chalet-des-Amis-12-e1697815944295-1536x1152.jpg\" class=\"attachment-1536x1536 size-1536x1536 wp-image-11503\" alt=\"\" srcset=\"https:\/\/courchevelchalets.fr\/wp-content\/uploads\/2023\/10\/Le-Chalet-des-Amis-12-e1697815944295-1536x1152.jpg 1536w, https:\/\/courchevelchalets.fr\/wp-content\/uploads\/2023\/10\/Le-Chalet-des-Amis-12-e1697815944295-300x225.jpg 300w, https:\/\/courchevelchalets.fr\/wp-content\/uploads\/2023\/10\/Le-Chalet-des-Amis-12-e1697815944295-1024x768.jpg 1024w, https:\/\/courchevelchalets.fr\/wp-content\/uploads\/2023\/10\/Le-Chalet-des-Amis-12-e1697815944295-768x576.jpg 768w, https:\/\/courchevelchalets.fr\/wp-content\/uploads\/2023\/10\/Le-Chalet-des-Amis-12-e1697815944295-1568x1176.jpg 1568w, https:\/\/courchevelchalets.fr\/wp-content\/uploads\/2023\/10\/Le-Chalet-des-Amis-12-e1697815944295.jpg 1920w\" sizes=\"(max-width: 1536px) 100vw, 1536px\" style=\"width:100%;height:75%;max-width:1920px;\" \/><\/div><\/a>\n\t\t\t\t<div class=\"elementor-post__text\">\n\t\t\t\t<h3 class=\"elementor-post__title\">\n\t\t\t<a href=\"https:\/\/courchevelchalets.fr\/fr\/rentals\/le-chalet-des-amis\/\" >\n\t\t\t\tLe Chalet des Amis\t\t\t<\/a>\n\t\t<\/h3>\n\t\t\t\t<div class=\"elementor-post__excerpt\">\n\t\t\t<p>400m\u00b2 &#8211; 6 Chambres &#8211; \u20ac4,500<\/p>\n\t\t<\/div>\n\t\t\t\t<\/div>\n\t\t\t\t\t<\/div>\n\t\t<\/article>\n\t\t\t\t<article class=\"elementor-post elementor-grid-item post-14139 chalets type-chalets status-publish has-post-thumbnail hentry category-luxe location-meribel amenities-cinema amenities-parking amenities-pool amenities-ski-room amenities-spa amenities-staff type_of_rental-chalets entry\" role=\"listitem\">\n\t\t\t<div class=\"elementor-post__card\">\n\t\t\t\t<a class=\"elementor-post__thumbnail__link\" href=\"https:\/\/courchevelchalets.fr\/fr\/rentals\/chalet-grand-pere\/\" tabindex=\"-1\" ><div class=\"elementor-post__thumbnail\"><img loading=\"lazy\" decoding=\"async\" width=\"1536\" height=\"1151\" src=\"https:\/\/courchevelchalets.fr\/wp-content\/uploads\/2023\/10\/La-ferme-de-mon-grandfather-1-e1697815974114-1536x1151.jpeg\" class=\"attachment-1536x1536 size-1536x1536 wp-image-11383\" alt=\"\" srcset=\"https:\/\/courchevelchalets.fr\/wp-content\/uploads\/2023\/10\/La-ferme-de-mon-grandfather-1-e1697815974114-1536x1151.jpeg 1536w, https:\/\/courchevelchalets.fr\/wp-content\/uploads\/2023\/10\/La-ferme-de-mon-grandfather-1-e1697815974114-300x225.jpeg 300w, https:\/\/courchevelchalets.fr\/wp-content\/uploads\/2023\/10\/La-ferme-de-mon-grandfather-1-e1697815974114-1024x767.jpeg 1024w, https:\/\/courchevelchalets.fr\/wp-content\/uploads\/2023\/10\/La-ferme-de-mon-grandfather-1-e1697815974114-768x575.jpeg 768w, https:\/\/courchevelchalets.fr\/wp-content\/uploads\/2023\/10\/La-ferme-de-mon-grandfather-1-e1697815974114-1568x1175.jpeg 1568w, https:\/\/courchevelchalets.fr\/wp-content\/uploads\/2023\/10\/La-ferme-de-mon-grandfather-1-e1697815974114.jpeg 1794w\" sizes=\"(max-width: 1536px) 100vw, 1536px\" style=\"width:100%;height:74.92%;max-width:1794px;\" \/><\/div><\/a>\n\t\t\t\t<div class=\"elementor-post__text\">\n\t\t\t\t<h3 class=\"elementor-post__title\">\n\t\t\t<a href=\"https:\/\/courchevelchalets.fr\/fr\/rentals\/chalet-grand-pere\/\" >\n\t\t\t\tChalet Grand-p\u00e8re\t\t\t<\/a>\n\t\t<\/h3>\n\t\t\t\t<div class=\"elementor-post__excerpt\">\n\t\t\t<p>850m\u00b2 &#8211; 9 Chambres &#8211; \u20ac20,000<\/p>\n\t\t<\/div>\n\t\t\t\t<\/div>\n\t\t\t\t\t<\/div>\n\t\t<\/article>\n\t\t\t\t<article class=\"elementor-post elementor-grid-item post-14132 chalets type-chalets status-publish has-post-thumbnail hentry category-luxe location-courchevel-1550 amenities-parking amenities-pool amenities-ski-in-ski-out amenities-ski-room amenities-spa amenities-staff type_of_rental-chalets entry\" role=\"listitem\">\n\t\t\t<div class=\"elementor-post__card\">\n\t\t\t\t<a class=\"elementor-post__thumbnail__link\" href=\"https:\/\/courchevelchalets.fr\/fr\/rentals\/le-1550\/\" tabindex=\"-1\" ><div class=\"elementor-post__thumbnail\"><img loading=\"lazy\" decoding=\"async\" width=\"1536\" height=\"1152\" src=\"https:\/\/courchevelchalets.fr\/wp-content\/uploads\/2023\/06\/Le-1550-15-scaled-e1686131373541-1536x1152.jpg\" class=\"attachment-1536x1536 size-1536x1536 wp-image-11107\" alt=\"\" srcset=\"https:\/\/courchevelchalets.fr\/wp-content\/uploads\/2023\/06\/Le-1550-15-scaled-e1686131373541-1536x1152.jpg 1536w, https:\/\/courchevelchalets.fr\/wp-content\/uploads\/2023\/06\/Le-1550-15-scaled-e1686131373541-300x225.jpg 300w, https:\/\/courchevelchalets.fr\/wp-content\/uploads\/2023\/06\/Le-1550-15-scaled-e1686131373541-1024x768.jpg 1024w, https:\/\/courchevelchalets.fr\/wp-content\/uploads\/2023\/06\/Le-1550-15-scaled-e1686131373541-768x576.jpg 768w, https:\/\/courchevelchalets.fr\/wp-content\/uploads\/2023\/06\/Le-1550-15-scaled-e1686131373541-2048x1536.jpg 2048w, https:\/\/courchevelchalets.fr\/wp-content\/uploads\/2023\/06\/Le-1550-15-scaled-e1686131373541-1568x1176.jpg 1568w\" sizes=\"(max-width: 1536px) 100vw, 1536px\" style=\"width:100%;height:74.98%;max-width:2278px;\" \/><\/div><\/a>\n\t\t\t\t<div class=\"elementor-post__text\">\n\t\t\t\t<h3 class=\"elementor-post__title\">\n\t\t\t<a href=\"https:\/\/courchevelchalets.fr\/fr\/rentals\/le-1550\/\" >\n\t\t\t\tChalet Le 1550\t\t\t<\/a>\n\t\t<\/h3>\n\t\t\t\t<div class=\"elementor-post__excerpt\">\n\t\t\t<p>680m\u00b2 &#8211; 8 Chambres &#8211; POA<\/p>\n\t\t<\/div>\n\t\t\t\t<\/div>\n\t\t\t\t\t<\/div>\n\t\t<\/article>\n\t\t\t\t<article class=\"elementor-post elementor-grid-item post-14113 chalets type-chalets status-publish has-post-thumbnail hentry category-luxe location-courchevel-1650 amenities-parking amenities-pool amenities-ski-in-ski-out amenities-ski-room amenities-spa amenities-staff type_of_rental-apartment entry\" role=\"listitem\">\n\t\t\t<div class=\"elementor-post__card\">\n\t\t\t\t<a class=\"elementor-post__thumbnail__link\" href=\"https:\/\/courchevelchalets.fr\/fr\/rentals\/grande-residence\/\" tabindex=\"-1\" ><div class=\"elementor-post__thumbnail\"><img loading=\"lazy\" decoding=\"async\" width=\"597\" height=\"448\" src=\"https:\/\/courchevelchalets.fr\/wp-content\/uploads\/2023\/06\/Prestige-Residence-24-1-e1686127903351.jpeg\" class=\"attachment-1536x1536 size-1536x1536 wp-image-10948\" alt=\"\" srcset=\"https:\/\/courchevelchalets.fr\/wp-content\/uploads\/2023\/06\/Prestige-Residence-24-1-e1686127903351.jpeg 597w, https:\/\/courchevelchalets.fr\/wp-content\/uploads\/2023\/06\/Prestige-Residence-24-1-e1686127903351-300x225.jpeg 300w\" sizes=\"(max-width: 597px) 100vw, 597px\" style=\"width:100%;height:75.04%;max-width:597px;\" \/><\/div><\/a>\n\t\t\t\t<div class=\"elementor-post__text\">\n\t\t\t\t<h3 class=\"elementor-post__title\">\n\t\t\t<a href=\"https:\/\/courchevelchalets.fr\/fr\/rentals\/grande-residence\/\" >\n\t\t\t\tGrande R\u00e9sidence\t\t\t<\/a>\n\t\t<\/h3>\n\t\t\t\t<div class=\"elementor-post__excerpt\">\n\t\t\t<p>200m\u00b2 &#8211; 2 Chambres &#8211; POA<\/p>\n\t\t<\/div>\n\t\t\t\t<\/div>\n\t\t\t\t\t<\/div>\n\t\t<\/article>\n\t\t\t\t<article class=\"elementor-post elementor-grid-item post-14099 chalets type-chalets status-publish has-post-thumbnail hentry category-luxe location-courchevel-1650 amenities-parking amenities-pool amenities-ski-in-ski-out amenities-ski-room amenities-spa amenities-staff type_of_rental-apartment entry\" role=\"listitem\">\n\t\t\t<div class=\"elementor-post__card\">\n\t\t\t\t<a class=\"elementor-post__thumbnail__link\" href=\"https:\/\/courchevelchalets.fr\/fr\/rentals\/residence-signature\/\" tabindex=\"-1\" ><div class=\"elementor-post__thumbnail\"><img loading=\"lazy\" decoding=\"async\" width=\"1536\" height=\"1152\" src=\"https:\/\/courchevelchalets.fr\/wp-content\/uploads\/2023\/06\/ULTIMA_-_COURCHEVEL_-_DECEMBER_2021_-_igor_laski_FULL_HD_sRVB-9-2-scaled-e1686124178773-1536x1152.jpeg\" class=\"attachment-1536x1536 size-1536x1536 wp-image-10927\" alt=\"\" srcset=\"https:\/\/courchevelchalets.fr\/wp-content\/uploads\/2023\/06\/ULTIMA_-_COURCHEVEL_-_DECEMBER_2021_-_igor_laski_FULL_HD_sRVB-9-2-scaled-e1686124178773-1536x1152.jpeg 1536w, https:\/\/courchevelchalets.fr\/wp-content\/uploads\/2023\/06\/ULTIMA_-_COURCHEVEL_-_DECEMBER_2021_-_igor_laski_FULL_HD_sRVB-9-2-scaled-e1686124178773-300x225.jpeg 300w, https:\/\/courchevelchalets.fr\/wp-content\/uploads\/2023\/06\/ULTIMA_-_COURCHEVEL_-_DECEMBER_2021_-_igor_laski_FULL_HD_sRVB-9-2-scaled-e1686124178773-1024x768.jpeg 1024w, https:\/\/courchevelchalets.fr\/wp-content\/uploads\/2023\/06\/ULTIMA_-_COURCHEVEL_-_DECEMBER_2021_-_igor_laski_FULL_HD_sRVB-9-2-scaled-e1686124178773-768x576.jpeg 768w, https:\/\/courchevelchalets.fr\/wp-content\/uploads\/2023\/06\/ULTIMA_-_COURCHEVEL_-_DECEMBER_2021_-_igor_laski_FULL_HD_sRVB-9-2-scaled-e1686124178773-2048x1536.jpeg 2048w, https:\/\/courchevelchalets.fr\/wp-content\/uploads\/2023\/06\/ULTIMA_-_COURCHEVEL_-_DECEMBER_2021_-_igor_laski_FULL_HD_sRVB-9-2-scaled-e1686124178773-1568x1176.jpeg 1568w\" sizes=\"(max-width: 1536px) 100vw, 1536px\" style=\"width:100%;height:74.98%;max-width:2278px;\" \/><\/div><\/a>\n\t\t\t\t<div class=\"elementor-post__text\">\n\t\t\t\t<h3 class=\"elementor-post__title\">\n\t\t\t<a href=\"https:\/\/courchevelchalets.fr\/fr\/rentals\/residence-signature\/\" >\n\t\t\t\tR\u00e9sidence Signature\t\t\t<\/a>\n\t\t<\/h3>\n\t\t\t\t<div class=\"elementor-post__excerpt\">\n\t\t\t<p>200m\u00b2 &#8211; 2 Chambres &#8211; POA<\/p>\n\t\t<\/div>\n\t\t\t\t<\/div>\n\t\t\t\t\t<\/div>\n\t\t<\/article>\n\t\t\t\t<article class=\"elementor-post elementor-grid-item post-14106 chalets type-chalets status-publish has-post-thumbnail hentry category-luxe location-courchevel-1650 amenities-parking amenities-pool amenities-ski-in-ski-out amenities-ski-room amenities-spa amenities-staff type_of_rental-apartment entry\" role=\"listitem\">\n\t\t\t<div class=\"elementor-post__card\">\n\t\t\t\t<a class=\"elementor-post__thumbnail__link\" href=\"https:\/\/courchevelchalets.fr\/fr\/rentals\/residence-de-prestige\/\" tabindex=\"-1\" ><div class=\"elementor-post__thumbnail\"><img loading=\"lazy\" decoding=\"async\" width=\"1139\" height=\"853\" src=\"https:\/\/courchevelchalets.fr\/wp-content\/uploads\/2023\/06\/Prestige-Residence-16-e1686123086792.jpeg\" class=\"attachment-1536x1536 size-1536x1536 wp-image-10924\" alt=\"\" srcset=\"https:\/\/courchevelchalets.fr\/wp-content\/uploads\/2023\/06\/Prestige-Residence-16-e1686123086792.jpeg 1139w, https:\/\/courchevelchalets.fr\/wp-content\/uploads\/2023\/06\/Prestige-Residence-16-e1686123086792-300x225.jpeg 300w, https:\/\/courchevelchalets.fr\/wp-content\/uploads\/2023\/06\/Prestige-Residence-16-e1686123086792-1024x767.jpeg 1024w, https:\/\/courchevelchalets.fr\/wp-content\/uploads\/2023\/06\/Prestige-Residence-16-e1686123086792-768x575.jpeg 768w\" sizes=\"(max-width: 1139px) 100vw, 1139px\" style=\"width:100%;height:74.89%;max-width:1139px;\" \/><\/div><\/a>\n\t\t\t\t<div class=\"elementor-post__text\">\n\t\t\t\t<h3 class=\"elementor-post__title\">\n\t\t\t<a href=\"https:\/\/courchevelchalets.fr\/fr\/rentals\/residence-de-prestige\/\" >\n\t\t\t\tR\u00e9sidence de prestige\t\t\t<\/a>\n\t\t<\/h3>\n\t\t\t\t<div class=\"elementor-post__excerpt\">\n\t\t\t<p>400m\u00b2 &#8211; 4 Chambres &#8211; \u20ac50,000<\/p>\n\t\t<\/div>\n\t\t\t\t<\/div>\n\t\t\t\t\t<\/div>\n\t\t<\/article>\n\t\t\t\t<article class=\"elementor-post elementor-grid-item post-14108 chalets type-chalets status-publish has-post-thumbnail hentry category-luxe location-courchevel-1850 amenities-parking amenities-pool amenities-ski-in-ski-out amenities-ski-room amenities-staff type_of_rental-chalets entry\" role=\"listitem\">\n\t\t\t<div class=\"elementor-post__card\">\n\t\t\t\t<a class=\"elementor-post__thumbnail__link\" href=\"https:\/\/courchevelchalets.fr\/fr\/rentals\/chalet-sevan\/\" tabindex=\"-1\" ><div class=\"elementor-post__thumbnail\"><img loading=\"lazy\" decoding=\"async\" width=\"1536\" height=\"1150\" src=\"https:\/\/courchevelchalets.fr\/wp-content\/uploads\/2023\/06\/Chalet-Sevan-16-e1686053911157-1536x1150.jpg\" class=\"attachment-1536x1536 size-1536x1536 wp-image-10714\" alt=\"\" srcset=\"https:\/\/courchevelchalets.fr\/wp-content\/uploads\/2023\/06\/Chalet-Sevan-16-e1686053911157-1536x1150.jpg 1536w, https:\/\/courchevelchalets.fr\/wp-content\/uploads\/2023\/06\/Chalet-Sevan-16-e1686053911157-300x225.jpg 300w, https:\/\/courchevelchalets.fr\/wp-content\/uploads\/2023\/06\/Chalet-Sevan-16-e1686053911157-1024x767.jpg 1024w, https:\/\/courchevelchalets.fr\/wp-content\/uploads\/2023\/06\/Chalet-Sevan-16-e1686053911157-768x575.jpg 768w, https:\/\/courchevelchalets.fr\/wp-content\/uploads\/2023\/06\/Chalet-Sevan-16-e1686053911157-1568x1174.jpg 1568w, https:\/\/courchevelchalets.fr\/wp-content\/uploads\/2023\/06\/Chalet-Sevan-16-e1686053911157.jpg 1780w\" sizes=\"(max-width: 1536px) 100vw, 1536px\" style=\"width:100%;height:74.89%;max-width:1780px;\" \/><\/div><\/a>\n\t\t\t\t<div class=\"elementor-post__text\">\n\t\t\t\t<h3 class=\"elementor-post__title\">\n\t\t\t<a href=\"https:\/\/courchevelchalets.fr\/fr\/rentals\/chalet-sevan\/\" >\n\t\t\t\tChalet Sevan\t\t\t<\/a>\n\t\t<\/h3>\n\t\t\t\t<div class=\"elementor-post__excerpt\">\n\t\t\t<p>900m\u00b2 &#8211; 8 Chambres &#8211; POA<\/p>\n\t\t<\/div>\n\t\t\t\t<\/div>\n\t\t\t\t\t<\/div>\n\t\t<\/article>\n\t\t\t\t<article class=\"elementor-post elementor-grid-item post-14091 chalets type-chalets status-publish has-post-thumbnail hentry category-luxe location-courchevel-1850 amenities-pool amenities-ski-in-ski-out amenities-ski-room amenities-spa amenities-staff type_of_rental-chalets entry\" role=\"listitem\">\n\t\t\t<div class=\"elementor-post__card\">\n\t\t\t\t<a class=\"elementor-post__thumbnail__link\" href=\"https:\/\/courchevelchalets.fr\/fr\/rentals\/chalet-alaska\/\" tabindex=\"-1\" ><div class=\"elementor-post__thumbnail\"><img loading=\"lazy\" decoding=\"async\" width=\"1536\" height=\"1151\" src=\"https:\/\/courchevelchalets.fr\/wp-content\/uploads\/2023\/06\/Chalet-Alaska-12-scaled-e1685959472218-1536x1151.jpg\" class=\"attachment-1536x1536 size-1536x1536 wp-image-10636\" alt=\"\" srcset=\"https:\/\/courchevelchalets.fr\/wp-content\/uploads\/2023\/06\/Chalet-Alaska-12-scaled-e1685959472218-1536x1151.jpg 1536w, https:\/\/courchevelchalets.fr\/wp-content\/uploads\/2023\/06\/Chalet-Alaska-12-scaled-e1685959472218-300x225.jpg 300w, https:\/\/courchevelchalets.fr\/wp-content\/uploads\/2023\/06\/Chalet-Alaska-12-scaled-e1685959472218-1024x767.jpg 1024w, https:\/\/courchevelchalets.fr\/wp-content\/uploads\/2023\/06\/Chalet-Alaska-12-scaled-e1685959472218-768x575.jpg 768w, https:\/\/courchevelchalets.fr\/wp-content\/uploads\/2023\/06\/Chalet-Alaska-12-scaled-e1685959472218-2048x1535.jpg 2048w, https:\/\/courchevelchalets.fr\/wp-content\/uploads\/2023\/06\/Chalet-Alaska-12-scaled-e1685959472218-1568x1175.jpg 1568w\" sizes=\"(max-width: 1536px) 100vw, 1536px\" style=\"width:100%;height:74.93%;max-width:2278px;\" \/><\/div><\/a>\n\t\t\t\t<div class=\"elementor-post__text\">\n\t\t\t\t<h3 class=\"elementor-post__title\">\n\t\t\t<a href=\"https:\/\/courchevelchalets.fr\/fr\/rentals\/chalet-alaska\/\" >\n\t\t\t\tChalet Alaska\t\t\t<\/a>\n\t\t<\/h3>\n\t\t\t\t<div class=\"elementor-post__excerpt\">\n\t\t\t<p>360m\u00b2 &#8211; 5 Chambres &#8211; POA<\/p>\n\t\t<\/div>\n\t\t\t\t<\/div>\n\t\t\t\t\t<\/div>\n\t\t<\/article>\n\t\t\t\t<article class=\"elementor-post elementor-grid-item post-14100 chalets type-chalets status-publish has-post-thumbnail hentry category-luxe location-courchevel-1850 amenities-parking amenities-pool amenities-ski-in-ski-out amenities-ski-room amenities-spa amenities-staff type_of_rental-chalets entry\" role=\"listitem\">\n\t\t\t<div class=\"elementor-post__card\">\n\t\t\t\t<a class=\"elementor-post__thumbnail__link\" href=\"https:\/\/courchevelchalets.fr\/fr\/rentals\/chalet-grand-roche\/\" tabindex=\"-1\" ><div class=\"elementor-post__thumbnail\"><img loading=\"lazy\" decoding=\"async\" width=\"930\" height=\"697\" src=\"https:\/\/courchevelchalets.fr\/wp-content\/uploads\/2023\/06\/Chalet-Grand-Roche-2-e1685631569865.jpg\" class=\"attachment-1536x1536 size-1536x1536 wp-image-10567\" alt=\"\" srcset=\"https:\/\/courchevelchalets.fr\/wp-content\/uploads\/2023\/06\/Chalet-Grand-Roche-2-e1685631569865.jpg 930w, https:\/\/courchevelchalets.fr\/wp-content\/uploads\/2023\/06\/Chalet-Grand-Roche-2-e1685631569865-300x225.jpg 300w, https:\/\/courchevelchalets.fr\/wp-content\/uploads\/2023\/06\/Chalet-Grand-Roche-2-e1685631569865-768x576.jpg 768w\" sizes=\"(max-width: 930px) 100vw, 930px\" style=\"width:100%;height:74.95%;max-width:930px;\" \/><\/div><\/a>\n\t\t\t\t<div class=\"elementor-post__text\">\n\t\t\t\t<h3 class=\"elementor-post__title\">\n\t\t\t<a href=\"https:\/\/courchevelchalets.fr\/fr\/rentals\/chalet-grand-roche\/\" >\n\t\t\t\tChalet Grand Roche\t\t\t<\/a>\n\t\t<\/h3>\n\t\t\t\t<div class=\"elementor-post__excerpt\">\n\t\t\t<p>709m\u00b2 &#8211; 7 Chambres &#8211; POA<\/p>\n\t\t<\/div>\n\t\t\t\t<\/div>\n\t\t\t\t\t<\/div>\n\t\t<\/article>\n\t\t\t\t<article class=\"elementor-post elementor-grid-item post-14093 chalets type-chalets status-publish has-post-thumbnail hentry category-luxe location-courchevel-1850 amenities-parking amenities-pool amenities-ski-in-ski-out amenities-ski-room amenities-spa amenities-staff type_of_rental-chalets entry\" role=\"listitem\">\n\t\t\t<div class=\"elementor-post__card\">\n\t\t\t\t<a class=\"elementor-post__thumbnail__link\" href=\"https:\/\/courchevelchalets.fr\/fr\/rentals\/chalet-1992\/\" tabindex=\"-1\" ><div class=\"elementor-post__thumbnail\"><img loading=\"lazy\" decoding=\"async\" width=\"930\" height=\"697\" src=\"https:\/\/courchevelchalets.fr\/wp-content\/uploads\/2023\/06\/Chalet-1992-14-e1685629651154.jpg\" class=\"attachment-1536x1536 size-1536x1536 wp-image-10483\" alt=\"\" srcset=\"https:\/\/courchevelchalets.fr\/wp-content\/uploads\/2023\/06\/Chalet-1992-14-e1685629651154.jpg 930w, https:\/\/courchevelchalets.fr\/wp-content\/uploads\/2023\/06\/Chalet-1992-14-e1685629651154-300x225.jpg 300w, https:\/\/courchevelchalets.fr\/wp-content\/uploads\/2023\/06\/Chalet-1992-14-e1685629651154-768x576.jpg 768w\" sizes=\"(max-width: 930px) 100vw, 930px\" style=\"width:100%;height:74.95%;max-width:930px;\" \/><\/div><\/a>\n\t\t\t\t<div class=\"elementor-post__text\">\n\t\t\t\t<h3 class=\"elementor-post__title\">\n\t\t\t<a href=\"https:\/\/courchevelchalets.fr\/fr\/rentals\/chalet-1992\/\" >\n\t\t\t\tChalet 1992\t\t\t<\/a>\n\t\t<\/h3>\n\t\t\t\t<div class=\"elementor-post__excerpt\">\n\t\t\t<p>700m\u00b2 &#8211; 7 Chambres &#8211; POA<\/p>\n\t\t<\/div>\n\t\t\t\t<\/div>\n\t\t\t\t\t<\/div>\n\t\t<\/article>\n\t\t\t\t<article class=\"elementor-post elementor-grid-item post-14089 chalets type-chalets status-publish has-post-thumbnail hentry category-luxe location-courchevel-1850 amenities-parking amenities-pool amenities-ski-in-ski-out amenities-ski-room amenities-spa amenities-staff type_of_rental-chalets entry\" role=\"listitem\">\n\t\t\t<div class=\"elementor-post__card\">\n\t\t\t\t<a class=\"elementor-post__thumbnail__link\" href=\"https:\/\/courchevelchalets.fr\/fr\/rentals\/chalet-aurore\/\" tabindex=\"-1\" ><div class=\"elementor-post__thumbnail\"><img loading=\"lazy\" decoding=\"async\" width=\"930\" height=\"697\" src=\"https:\/\/courchevelchalets.fr\/wp-content\/uploads\/2023\/06\/Chalet-Aurore-1-e1685628051276.jpg\" class=\"attachment-1536x1536 size-1536x1536 wp-image-10423\" alt=\"\" srcset=\"https:\/\/courchevelchalets.fr\/wp-content\/uploads\/2023\/06\/Chalet-Aurore-1-e1685628051276.jpg 930w, https:\/\/courchevelchalets.fr\/wp-content\/uploads\/2023\/06\/Chalet-Aurore-1-e1685628051276-300x225.jpg 300w, https:\/\/courchevelchalets.fr\/wp-content\/uploads\/2023\/06\/Chalet-Aurore-1-e1685628051276-768x576.jpg 768w\" sizes=\"(max-width: 930px) 100vw, 930px\" style=\"width:100%;height:74.95%;max-width:930px;\" \/><\/div><\/a>\n\t\t\t\t<div class=\"elementor-post__text\">\n\t\t\t\t<h3 class=\"elementor-post__title\">\n\t\t\t<a href=\"https:\/\/courchevelchalets.fr\/fr\/rentals\/chalet-aurore\/\" >\n\t\t\t\tChalet Aurore\t\t\t<\/a>\n\t\t<\/h3>\n\t\t\t\t<div class=\"elementor-post__excerpt\">\n\t\t\t<p>400m\u00b2 &#8211; 7 Chambres &#8211; POA<\/p>\n\t\t<\/div>\n\t\t\t\t<\/div>\n\t\t\t\t\t<\/div>\n\t\t<\/article>\n\t\t\t\t<article class=\"elementor-post elementor-grid-item post-14079 chalets type-chalets status-publish has-post-thumbnail hentry category-luxe location-courchevel-1850 amenities-parking amenities-pool amenities-ski-in-ski-out amenities-ski-room amenities-spa amenities-staff type_of_rental-chalets entry\" role=\"listitem\">\n\t\t\t<div class=\"elementor-post__card\">\n\t\t\t\t<a class=\"elementor-post__thumbnail__link\" href=\"https:\/\/courchevelchalets.fr\/fr\/rentals\/chalet-monet\/\" tabindex=\"-1\" ><div class=\"elementor-post__thumbnail\"><img loading=\"lazy\" decoding=\"async\" width=\"930\" height=\"697\" src=\"https:\/\/courchevelchalets.fr\/wp-content\/uploads\/2023\/05\/luxury-ski-chalet-1850-monet-exterior-e1685556717277.jpg\" class=\"attachment-1536x1536 size-1536x1536 wp-image-10411\" alt=\"\" srcset=\"https:\/\/courchevelchalets.fr\/wp-content\/uploads\/2023\/05\/luxury-ski-chalet-1850-monet-exterior-e1685556717277.jpg 930w, https:\/\/courchevelchalets.fr\/wp-content\/uploads\/2023\/05\/luxury-ski-chalet-1850-monet-exterior-e1685556717277-300x225.jpg 300w, https:\/\/courchevelchalets.fr\/wp-content\/uploads\/2023\/05\/luxury-ski-chalet-1850-monet-exterior-e1685556717277-768x576.jpg 768w\" sizes=\"(max-width: 930px) 100vw, 930px\" style=\"width:100%;height:74.95%;max-width:930px;\" \/><\/div><\/a>\n\t\t\t\t<div class=\"elementor-post__text\">\n\t\t\t\t<h3 class=\"elementor-post__title\">\n\t\t\t<a href=\"https:\/\/courchevelchalets.fr\/fr\/rentals\/chalet-monet\/\" >\n\t\t\t\tChalet Monet\t\t\t<\/a>\n\t\t<\/h3>\n\t\t\t\t<div class=\"elementor-post__excerpt\">\n\t\t\t<p>600m\u00b2 &#8211; 7 Chambres &#8211; POA<\/p>\n\t\t<\/div>\n\t\t\t\t<\/div>\n\t\t\t\t\t<\/div>\n\t\t<\/article>\n\t\t\t\t<article class=\"elementor-post elementor-grid-item post-14085 chalets type-chalets status-publish has-post-thumbnail hentry category-luxe location-courchevel-1850 amenities-parking amenities-pool amenities-ski-in-ski-out amenities-ski-room amenities-spa amenities-staff type_of_rental-chalets entry\" role=\"listitem\">\n\t\t\t<div class=\"elementor-post__card\">\n\t\t\t\t<a class=\"elementor-post__thumbnail__link\" href=\"https:\/\/courchevelchalets.fr\/fr\/rentals\/chalet-le-coquelicot\/\" tabindex=\"-1\" ><div class=\"elementor-post__thumbnail\"><img loading=\"lazy\" decoding=\"async\" width=\"930\" height=\"697\" src=\"https:\/\/courchevelchalets.fr\/wp-content\/uploads\/2023\/05\/Chalet-Le-Coquelicot-1-e1685556343357.jpg\" class=\"attachment-1536x1536 size-1536x1536 wp-image-10357\" alt=\"\" srcset=\"https:\/\/courchevelchalets.fr\/wp-content\/uploads\/2023\/05\/Chalet-Le-Coquelicot-1-e1685556343357.jpg 930w, https:\/\/courchevelchalets.fr\/wp-content\/uploads\/2023\/05\/Chalet-Le-Coquelicot-1-e1685556343357-300x225.jpg 300w, https:\/\/courchevelchalets.fr\/wp-content\/uploads\/2023\/05\/Chalet-Le-Coquelicot-1-e1685556343357-768x576.jpg 768w\" sizes=\"(max-width: 930px) 100vw, 930px\" style=\"width:100%;height:74.95%;max-width:930px;\" \/><\/div><\/a>\n\t\t\t\t<div class=\"elementor-post__text\">\n\t\t\t\t<h3 class=\"elementor-post__title\">\n\t\t\t<a href=\"https:\/\/courchevelchalets.fr\/fr\/rentals\/chalet-le-coquelicot\/\" >\n\t\t\t\tChalet Le Coquelicot\t\t\t<\/a>\n\t\t<\/h3>\n\t\t\t\t<div class=\"elementor-post__excerpt\">\n\t\t\t<p>580m\u00b2 &#8211; 6 Chambres &#8211; POA<\/p>\n\t\t<\/div>\n\t\t\t\t<\/div>\n\t\t\t\t\t<\/div>\n\t\t<\/article>\n\t\t\t\t<article class=\"elementor-post elementor-grid-item post-14076 chalets type-chalets status-publish has-post-thumbnail hentry category-luxe location-courchevel-1850 amenities-pool amenities-ski-room amenities-spa amenities-staff type_of_rental-chalets entry\" role=\"listitem\">\n\t\t\t<div class=\"elementor-post__card\">\n\t\t\t\t<a class=\"elementor-post__thumbnail__link\" href=\"https:\/\/courchevelchalets.fr\/fr\/rentals\/chalet-larctique\/\" tabindex=\"-1\" ><div class=\"elementor-post__thumbnail\"><img loading=\"lazy\" decoding=\"async\" width=\"1536\" height=\"1152\" src=\"https:\/\/courchevelchalets.fr\/wp-content\/uploads\/2023\/05\/Chalet-LArctique-5-scaled-e1685545835318-1536x1152.jpg\" class=\"attachment-1536x1536 size-1536x1536 wp-image-10216\" alt=\"\" srcset=\"https:\/\/courchevelchalets.fr\/wp-content\/uploads\/2023\/05\/Chalet-LArctique-5-scaled-e1685545835318-1536x1152.jpg 1536w, https:\/\/courchevelchalets.fr\/wp-content\/uploads\/2023\/05\/Chalet-LArctique-5-scaled-e1685545835318-300x225.jpg 300w, https:\/\/courchevelchalets.fr\/wp-content\/uploads\/2023\/05\/Chalet-LArctique-5-scaled-e1685545835318-1024x768.jpg 1024w, https:\/\/courchevelchalets.fr\/wp-content\/uploads\/2023\/05\/Chalet-LArctique-5-scaled-e1685545835318-768x576.jpg 768w, https:\/\/courchevelchalets.fr\/wp-content\/uploads\/2023\/05\/Chalet-LArctique-5-scaled-e1685545835318-1568x1176.jpg 1568w, https:\/\/courchevelchalets.fr\/wp-content\/uploads\/2023\/05\/Chalet-LArctique-5-scaled-e1685545835318.jpg 1920w\" sizes=\"(max-width: 1536px) 100vw, 1536px\" style=\"width:100%;height:75%;max-width:1920px;\" \/><\/div><\/a>\n\t\t\t\t<div class=\"elementor-post__text\">\n\t\t\t\t<h3 class=\"elementor-post__title\">\n\t\t\t<a href=\"https:\/\/courchevelchalets.fr\/fr\/rentals\/chalet-larctique\/\" >\n\t\t\t\tChalet L&rsquo;Arctique\t\t\t<\/a>\n\t\t<\/h3>\n\t\t\t\t<div class=\"elementor-post__excerpt\">\n\t\t\t<p>330m\u00b2 &#8211; 6 Chambres &#8211; \u20ac30,000<\/p>\n\t\t<\/div>\n\t\t\t\t<\/div>\n\t\t\t\t\t<\/div>\n\t\t<\/article>\n\t\t\t\t<article class=\"elementor-post elementor-grid-item post-14063 chalets type-chalets status-publish has-post-thumbnail hentry category-luxe location-courchevel-1850 amenities-cinema amenities-pool amenities-ski-in-ski-out amenities-ski-room amenities-spa amenities-staff type_of_rental-chalets entry\" role=\"listitem\">\n\t\t\t<div class=\"elementor-post__card\">\n\t\t\t\t<a class=\"elementor-post__thumbnail__link\" href=\"https:\/\/courchevelchalets.fr\/fr\/rentals\/chalet-carat\/\" tabindex=\"-1\" ><div class=\"elementor-post__thumbnail\"><img loading=\"lazy\" decoding=\"async\" width=\"930\" height=\"697\" src=\"https:\/\/courchevelchalets.fr\/wp-content\/uploads\/2023\/05\/Chalet-Carat-2-e1685458311716.jpg\" class=\"attachment-1536x1536 size-1536x1536 wp-image-9907\" alt=\"\" srcset=\"https:\/\/courchevelchalets.fr\/wp-content\/uploads\/2023\/05\/Chalet-Carat-2-e1685458311716.jpg 930w, https:\/\/courchevelchalets.fr\/wp-content\/uploads\/2023\/05\/Chalet-Carat-2-e1685458311716-300x225.jpg 300w, https:\/\/courchevelchalets.fr\/wp-content\/uploads\/2023\/05\/Chalet-Carat-2-e1685458311716-768x576.jpg 768w\" sizes=\"(max-width: 930px) 100vw, 930px\" style=\"width:100%;height:74.95%;max-width:930px;\" \/><\/div><\/a>\n\t\t\t\t<div class=\"elementor-post__text\">\n\t\t\t\t<h3 class=\"elementor-post__title\">\n\t\t\t<a href=\"https:\/\/courchevelchalets.fr\/fr\/rentals\/chalet-carat\/\" >\n\t\t\t\tChalet Carat\t\t\t<\/a>\n\t\t<\/h3>\n\t\t\t\t<div class=\"elementor-post__excerpt\">\n\t\t\t<p>5 Chambres &#8211; 54 330<\/p>\n\t\t<\/div>\n\t\t\t\t<\/div>\n\t\t\t\t\t<\/div>\n\t\t<\/article>\n\t\t\t\t<article class=\"elementor-post elementor-grid-item post-14032 chalets type-chalets status-publish has-post-thumbnail hentry category-luxe location-courchevel-1850 amenities-parking amenities-pool amenities-ski-in-ski-out amenities-ski-room amenities-staff type_of_rental-chalets entry\" role=\"listitem\">\n\t\t\t<div class=\"elementor-post__card\">\n\t\t\t\t<a class=\"elementor-post__thumbnail__link\" href=\"https:\/\/courchevelchalets.fr\/fr\/rentals\/chalet-la-colombe\/\" tabindex=\"-1\" ><div class=\"elementor-post__thumbnail\"><img loading=\"lazy\" decoding=\"async\" width=\"930\" height=\"697\" src=\"https:\/\/courchevelchalets.fr\/wp-content\/uploads\/2023\/05\/Chalet-Colombe.jpg\" class=\"attachment-1536x1536 size-1536x1536 wp-image-14251\" alt=\"\" srcset=\"https:\/\/courchevelchalets.fr\/wp-content\/uploads\/2023\/05\/Chalet-Colombe.jpg 930w, https:\/\/courchevelchalets.fr\/wp-content\/uploads\/2023\/05\/Chalet-Colombe-300x225.jpg 300w, https:\/\/courchevelchalets.fr\/wp-content\/uploads\/2023\/05\/Chalet-Colombe-768x576.jpg 768w\" sizes=\"(max-width: 930px) 100vw, 930px\" style=\"width:100%;height:74.95%;max-width:930px;\" \/><\/div><\/a>\n\t\t\t\t<div class=\"elementor-post__text\">\n\t\t\t\t<h3 class=\"elementor-post__title\">\n\t\t\t<a href=\"https:\/\/courchevelchalets.fr\/fr\/rentals\/chalet-la-colombe\/\" >\n\t\t\t\tChalet La Colombe\t\t\t<\/a>\n\t\t<\/h3>\n\t\t\t\t<div class=\"elementor-post__excerpt\">\n\t\t\t<p>300m\u00b2 &#8211; 5 Chambres &#8211; \u20ac31,000<\/p>\n\t\t<\/div>\n\t\t\t\t<\/div>\n\t\t\t\t\t<\/div>\n\t\t<\/article>\n\t\t\t\t<article class=\"elementor-post elementor-grid-item post-14042 chalets type-chalets status-publish has-post-thumbnail hentry category-luxe location-courchevel-1850 amenities-cinema amenities-parking amenities-pool amenities-ski-in-ski-out amenities-ski-room amenities-spa amenities-staff type_of_rental-chalets entry\" role=\"listitem\">\n\t\t\t<div class=\"elementor-post__card\">\n\t\t\t\t<a class=\"elementor-post__thumbnail__link\" href=\"https:\/\/courchevelchalets.fr\/fr\/rentals\/chalet-perce-neige\/\" tabindex=\"-1\" ><div class=\"elementor-post__thumbnail\"><img loading=\"lazy\" decoding=\"async\" width=\"930\" height=\"697\" src=\"https:\/\/courchevelchalets.fr\/wp-content\/uploads\/2023\/05\/Chalet-Perce-Neige-10-e1685451396877.jpg\" class=\"attachment-1536x1536 size-1536x1536 wp-image-9685\" alt=\"\" srcset=\"https:\/\/courchevelchalets.fr\/wp-content\/uploads\/2023\/05\/Chalet-Perce-Neige-10-e1685451396877.jpg 930w, https:\/\/courchevelchalets.fr\/wp-content\/uploads\/2023\/05\/Chalet-Perce-Neige-10-e1685451396877-300x225.jpg 300w, https:\/\/courchevelchalets.fr\/wp-content\/uploads\/2023\/05\/Chalet-Perce-Neige-10-e1685451396877-768x576.jpg 768w\" sizes=\"(max-width: 930px) 100vw, 930px\" style=\"width:100%;height:74.95%;max-width:930px;\" \/><\/div><\/a>\n\t\t\t\t<div class=\"elementor-post__text\">\n\t\t\t\t<h3 class=\"elementor-post__title\">\n\t\t\t<a href=\"https:\/\/courchevelchalets.fr\/fr\/rentals\/chalet-perce-neige\/\" >\n\t\t\t\tChalet Perce Neige\t\t\t<\/a>\n\t\t<\/h3>\n\t\t\t\t<div class=\"elementor-post__excerpt\">\n\t\t\t<p>597m\u00b2- 7 chambres &#8211; \u20ac75,000<\/p>\n\t\t<\/div>\n\t\t\t\t<\/div>\n\t\t\t\t\t<\/div>\n\t\t<\/article>\n\t\t\t\t<article class=\"elementor-post elementor-grid-item post-14025 chalets type-chalets status-publish has-post-thumbnail hentry category-luxe location-courchevel-1850 amenities-cinema amenities-gym amenities-parking amenities-pool amenities-ski-in-ski-out amenities-ski-room amenities-spa amenities-staff type_of_rental-chalets entry\" role=\"listitem\">\n\t\t\t<div class=\"elementor-post__card\">\n\t\t\t\t<a class=\"elementor-post__thumbnail__link\" href=\"https:\/\/courchevelchalets.fr\/fr\/rentals\/chalet-edelweiss\/\" tabindex=\"-1\" ><div class=\"elementor-post__thumbnail\"><img loading=\"lazy\" decoding=\"async\" width=\"1536\" height=\"1150\" src=\"https:\/\/courchevelchalets.fr\/wp-content\/uploads\/2023\/05\/chalet-edelweiss-28-e1685026046609-1536x1150.jpg\" class=\"attachment-1536x1536 size-1536x1536 wp-image-9607\" alt=\"\" srcset=\"https:\/\/courchevelchalets.fr\/wp-content\/uploads\/2023\/05\/chalet-edelweiss-28-e1685026046609-1536x1150.jpg 1536w, https:\/\/courchevelchalets.fr\/wp-content\/uploads\/2023\/05\/chalet-edelweiss-28-e1685026046609-300x225.jpg 300w, https:\/\/courchevelchalets.fr\/wp-content\/uploads\/2023\/05\/chalet-edelweiss-28-e1685026046609-1024x767.jpg 1024w, https:\/\/courchevelchalets.fr\/wp-content\/uploads\/2023\/05\/chalet-edelweiss-28-e1685026046609-768x575.jpg 768w, https:\/\/courchevelchalets.fr\/wp-content\/uploads\/2023\/05\/chalet-edelweiss-28-e1685026046609-1568x1174.jpg 1568w, https:\/\/courchevelchalets.fr\/wp-content\/uploads\/2023\/05\/chalet-edelweiss-28-e1685026046609.jpg 2005w\" sizes=\"(max-width: 1536px) 100vw, 1536px\" style=\"width:100%;height:74.86%;max-width:2005px;\" \/><\/div><\/a>\n\t\t\t\t<div class=\"elementor-post__text\">\n\t\t\t\t<h3 class=\"elementor-post__title\">\n\t\t\t<a href=\"https:\/\/courchevelchalets.fr\/fr\/rentals\/chalet-edelweiss\/\" >\n\t\t\t\tChalet Edelweiss\t\t\t<\/a>\n\t\t<\/h3>\n\t\t\t\t<div class=\"elementor-post__excerpt\">\n\t\t\t<p>3,000m\u00b2 &#8211; 8 Chambres &#8211; \u20ac150,000<\/p>\n\t\t<\/div>\n\t\t\t\t<\/div>\n\t\t\t\t\t<\/div>\n\t\t<\/article>\n\t\t\t\t<article class=\"elementor-post elementor-grid-item post-14047 chalets type-chalets status-publish has-post-thumbnail hentry category-luxe location-courchevel-1850 amenities-gym amenities-parking amenities-pool amenities-ski-in-ski-out amenities-ski-room amenities-spa type_of_rental-chalets entry\" role=\"listitem\">\n\t\t\t<div class=\"elementor-post__card\">\n\t\t\t\t<a class=\"elementor-post__thumbnail__link\" href=\"https:\/\/courchevelchalets.fr\/fr\/rentals\/chalet-les-bruxellois\/\" tabindex=\"-1\" ><div class=\"elementor-post__thumbnail\"><img loading=\"lazy\" decoding=\"async\" width=\"930\" height=\"697\" src=\"https:\/\/courchevelchalets.fr\/wp-content\/uploads\/2023\/05\/Chalet-Les-Bruxellois-10-e1685015093409.jpg\" class=\"attachment-1536x1536 size-1536x1536 wp-image-9502\" alt=\"\" srcset=\"https:\/\/courchevelchalets.fr\/wp-content\/uploads\/2023\/05\/Chalet-Les-Bruxellois-10-e1685015093409.jpg 930w, https:\/\/courchevelchalets.fr\/wp-content\/uploads\/2023\/05\/Chalet-Les-Bruxellois-10-e1685015093409-300x225.jpg 300w, https:\/\/courchevelchalets.fr\/wp-content\/uploads\/2023\/05\/Chalet-Les-Bruxellois-10-e1685015093409-768x576.jpg 768w\" sizes=\"(max-width: 930px) 100vw, 930px\" style=\"width:100%;height:74.95%;max-width:930px;\" \/><\/div><\/a>\n\t\t\t\t<div class=\"elementor-post__text\">\n\t\t\t\t<h3 class=\"elementor-post__title\">\n\t\t\t<a href=\"https:\/\/courchevelchalets.fr\/fr\/rentals\/chalet-les-bruxellois\/\" >\n\t\t\t\tChalet Les Bruxellois\t\t\t<\/a>\n\t\t<\/h3>\n\t\t\t\t<div class=\"elementor-post__excerpt\">\n\t\t\t<p>837m\u00b2 &#8211; 7 Chambres &#8211; \u20ac100,000<\/p>\n\t\t<\/div>\n\t\t\t\t<\/div>\n\t\t\t\t\t<\/div>\n\t\t<\/article>\n\t\t\t\t<article class=\"elementor-post elementor-grid-item post-14037 chalets type-chalets status-publish has-post-thumbnail hentry category-luxe location-courchevel-1850 amenities-parking amenities-pool amenities-ski-in-ski-out amenities-ski-room amenities-spa amenities-staff type_of_rental-chalets entry\" role=\"listitem\">\n\t\t\t<div class=\"elementor-post__card\">\n\t\t\t\t<a class=\"elementor-post__thumbnail__link\" href=\"https:\/\/courchevelchalets.fr\/fr\/rentals\/shemshak-lodge\/\" tabindex=\"-1\" ><div class=\"elementor-post__thumbnail\"><img loading=\"lazy\" decoding=\"async\" width=\"930\" height=\"697\" src=\"https:\/\/courchevelchalets.fr\/wp-content\/uploads\/2023\/05\/Shemshak-Lodge-13-e1685010837701.jpg\" class=\"attachment-1536x1536 size-1536x1536 wp-image-9382\" alt=\"\" srcset=\"https:\/\/courchevelchalets.fr\/wp-content\/uploads\/2023\/05\/Shemshak-Lodge-13-e1685010837701.jpg 930w, https:\/\/courchevelchalets.fr\/wp-content\/uploads\/2023\/05\/Shemshak-Lodge-13-e1685010837701-300x225.jpg 300w, https:\/\/courchevelchalets.fr\/wp-content\/uploads\/2023\/05\/Shemshak-Lodge-13-e1685010837701-768x576.jpg 768w\" sizes=\"(max-width: 930px) 100vw, 930px\" style=\"width:100%;height:74.95%;max-width:930px;\" \/><\/div><\/a>\n\t\t\t\t<div class=\"elementor-post__text\">\n\t\t\t\t<h3 class=\"elementor-post__title\">\n\t\t\t<a href=\"https:\/\/courchevelchalets.fr\/fr\/rentals\/shemshak-lodge\/\" >\n\t\t\t\tShemshak Lodge\t\t\t<\/a>\n\t\t<\/h3>\n\t\t\t\t<div class=\"elementor-post__excerpt\">\n\t\t\t<p>400m\u00b2 &#8211; 6 Chambres &#8211; \u20ac46,500  <\/p>\n\t\t<\/div>\n\t\t\t\t<\/div>\n\t\t\t\t\t<\/div>\n\t\t<\/article>\n\t\t\t\t<article class=\"elementor-post elementor-grid-item post-14064 chalets type-chalets status-publish has-post-thumbnail hentry category-luxe location-courchevel-1850 amenities-pool amenities-ski-in-ski-out amenities-ski-room amenities-spa type_of_rental-chalets entry\" role=\"listitem\">\n\t\t\t<div class=\"elementor-post__card\">\n\t\t\t\t<a class=\"elementor-post__thumbnail__link\" href=\"https:\/\/courchevelchalets.fr\/fr\/rentals\/chalet-st-christophe\/\" tabindex=\"-1\" ><div class=\"elementor-post__thumbnail\"><img loading=\"lazy\" decoding=\"async\" width=\"1536\" height=\"1152\" src=\"https:\/\/courchevelchalets.fr\/wp-content\/uploads\/2023\/05\/Chalet-St-Christophe-10-e1685008094186-1536x1152.jpg\" class=\"attachment-1536x1536 size-1536x1536 wp-image-9292\" alt=\"\" srcset=\"https:\/\/courchevelchalets.fr\/wp-content\/uploads\/2023\/05\/Chalet-St-Christophe-10-e1685008094186-1536x1152.jpg 1536w, https:\/\/courchevelchalets.fr\/wp-content\/uploads\/2023\/05\/Chalet-St-Christophe-10-e1685008094186-300x225.jpg 300w, https:\/\/courchevelchalets.fr\/wp-content\/uploads\/2023\/05\/Chalet-St-Christophe-10-e1685008094186-1024x768.jpg 1024w, https:\/\/courchevelchalets.fr\/wp-content\/uploads\/2023\/05\/Chalet-St-Christophe-10-e1685008094186-768x576.jpg 768w, https:\/\/courchevelchalets.fr\/wp-content\/uploads\/2023\/05\/Chalet-St-Christophe-10-e1685008094186-1568x1176.jpg 1568w, https:\/\/courchevelchalets.fr\/wp-content\/uploads\/2023\/05\/Chalet-St-Christophe-10-e1685008094186.jpg 1980w\" sizes=\"(max-width: 1536px) 100vw, 1536px\" style=\"width:100%;height:75%;max-width:1980px;\" \/><\/div><\/a>\n\t\t\t\t<div class=\"elementor-post__text\">\n\t\t\t\t<h3 class=\"elementor-post__title\">\n\t\t\t<a href=\"https:\/\/courchevelchalets.fr\/fr\/rentals\/chalet-st-christophe\/\" >\n\t\t\t\tChalet St Christophe\t\t\t<\/a>\n\t\t<\/h3>\n\t\t\t\t<div class=\"elementor-post__excerpt\">\n\t\t\t<p>500m\u00b2 &#8211; 5 Chambres &#8211; \u20ac30,000<\/p>\n\t\t<\/div>\n\t\t\t\t<\/div>\n\t\t\t\t\t<\/div>\n\t\t<\/article>\n\t\t\t\t<article class=\"elementor-post elementor-grid-item post-14034 chalets type-chalets status-publish has-post-thumbnail hentry category-luxe location-courchevel-1850 amenities-parking amenities-pool amenities-ski-in-ski-out amenities-ski-room amenities-spa amenities-staff type_of_rental-chalets entry\" role=\"listitem\">\n\t\t\t<div class=\"elementor-post__card\">\n\t\t\t\t<a class=\"elementor-post__thumbnail__link\" href=\"https:\/\/courchevelchalets.fr\/fr\/rentals\/la-datcha\/\" tabindex=\"-1\" ><div class=\"elementor-post__thumbnail\"><img loading=\"lazy\" decoding=\"async\" width=\"1536\" height=\"1149\" src=\"https:\/\/courchevelchalets.fr\/wp-content\/uploads\/2023\/05\/3602d5c9-93c8-42f9-9af6-8e6ff66911a5-e1685180981728-1536x1149.webp\" class=\"attachment-1536x1536 size-1536x1536 wp-image-9616\" alt=\"\" srcset=\"https:\/\/courchevelchalets.fr\/wp-content\/uploads\/2023\/05\/3602d5c9-93c8-42f9-9af6-8e6ff66911a5-e1685180981728-1536x1149.webp 1536w, https:\/\/courchevelchalets.fr\/wp-content\/uploads\/2023\/05\/3602d5c9-93c8-42f9-9af6-8e6ff66911a5-e1685180981728-300x224.webp 300w, https:\/\/courchevelchalets.fr\/wp-content\/uploads\/2023\/05\/3602d5c9-93c8-42f9-9af6-8e6ff66911a5-e1685180981728-1024x766.webp 1024w, https:\/\/courchevelchalets.fr\/wp-content\/uploads\/2023\/05\/3602d5c9-93c8-42f9-9af6-8e6ff66911a5-e1685180981728-768x574.webp 768w, https:\/\/courchevelchalets.fr\/wp-content\/uploads\/2023\/05\/3602d5c9-93c8-42f9-9af6-8e6ff66911a5-e1685180981728-1568x1173.webp 1568w, https:\/\/courchevelchalets.fr\/wp-content\/uploads\/2023\/05\/3602d5c9-93c8-42f9-9af6-8e6ff66911a5-e1685180981728.webp 2046w\" sizes=\"(max-width: 1536px) 100vw, 1536px\" style=\"width:100%;height:74.78%;max-width:2046px;\" \/><\/div><\/a>\n\t\t\t\t<div class=\"elementor-post__text\">\n\t\t\t\t<h3 class=\"elementor-post__title\">\n\t\t\t<a href=\"https:\/\/courchevelchalets.fr\/fr\/rentals\/la-datcha\/\" >\n\t\t\t\tLa Datcha\t\t\t<\/a>\n\t\t<\/h3>\n\t\t\t\t<div class=\"elementor-post__excerpt\">\n\t\t\t<p>930m\u00b2 &#8211; 5 Chambres &#8211; \u20ac79,000<\/p>\n\t\t<\/div>\n\t\t\t\t<\/div>\n\t\t\t\t\t<\/div>\n\t\t<\/article>\n\t\t\t\t<article class=\"elementor-post elementor-grid-item post-14054 chalets type-chalets status-publish has-post-thumbnail hentry category-luxe location-courchevel-1850 amenities-parking amenities-pool amenities-ski-in-ski-out amenities-ski-room amenities-spa type_of_rental-chalets entry\" role=\"listitem\">\n\t\t\t<div class=\"elementor-post__card\">\n\t\t\t\t<a class=\"elementor-post__thumbnail__link\" href=\"https:\/\/courchevelchalets.fr\/fr\/rentals\/chalet-le-namaste\/\" tabindex=\"-1\" ><div class=\"elementor-post__thumbnail\"><img loading=\"lazy\" decoding=\"async\" width=\"930\" height=\"697\" src=\"https:\/\/courchevelchalets.fr\/wp-content\/uploads\/2023\/05\/chalet_namaste_courchevel_1850_chalet_img-e1683987940695.jpg\" class=\"attachment-1536x1536 size-1536x1536 wp-image-9208\" alt=\"\" srcset=\"https:\/\/courchevelchalets.fr\/wp-content\/uploads\/2023\/05\/chalet_namaste_courchevel_1850_chalet_img-e1683987940695.jpg 930w, https:\/\/courchevelchalets.fr\/wp-content\/uploads\/2023\/05\/chalet_namaste_courchevel_1850_chalet_img-e1683987940695-300x225.jpg 300w, https:\/\/courchevelchalets.fr\/wp-content\/uploads\/2023\/05\/chalet_namaste_courchevel_1850_chalet_img-e1683987940695-768x576.jpg 768w\" sizes=\"(max-width: 930px) 100vw, 930px\" style=\"width:100%;height:74.95%;max-width:930px;\" \/><\/div><\/a>\n\t\t\t\t<div class=\"elementor-post__text\">\n\t\t\t\t<h3 class=\"elementor-post__title\">\n\t\t\t<a href=\"https:\/\/courchevelchalets.fr\/fr\/rentals\/chalet-le-namaste\/\" >\n\t\t\t\tChalet Le Namaste\t\t\t<\/a>\n\t\t<\/h3>\n\t\t\t\t<div class=\"elementor-post__excerpt\">\n\t\t\t<p>300m\u00b2 &#8211; 6 Chambres &#8211; \u20ac48,500<\/p>\n\t\t<\/div>\n\t\t\t\t<\/div>\n\t\t\t\t\t<\/div>\n\t\t<\/article>\n\t\t\t\t<article class=\"elementor-post elementor-grid-item post-14024 chalets type-chalets status-publish has-post-thumbnail hentry category-luxe location-courchevel-1850 amenities-cinema amenities-gym amenities-parking amenities-pool amenities-ski-in-ski-out amenities-ski-room amenities-spa amenities-staff type_of_rental-chalets entry\" role=\"listitem\">\n\t\t\t<div class=\"elementor-post__card\">\n\t\t\t\t<a class=\"elementor-post__thumbnail__link\" href=\"https:\/\/courchevelchalets.fr\/fr\/rentals\/chalet-decosse\/\" tabindex=\"-1\" ><div class=\"elementor-post__thumbnail\"><img loading=\"lazy\" decoding=\"async\" width=\"1536\" height=\"1149\" src=\"https:\/\/courchevelchalets.fr\/wp-content\/uploads\/2023\/05\/Chalet-dEcosse-11-e1683117562545-1536x1149.jpg\" class=\"attachment-1536x1536 size-1536x1536 wp-image-8947\" alt=\"\" srcset=\"https:\/\/courchevelchalets.fr\/wp-content\/uploads\/2023\/05\/Chalet-dEcosse-11-e1683117562545-1536x1149.jpg 1536w, https:\/\/courchevelchalets.fr\/wp-content\/uploads\/2023\/05\/Chalet-dEcosse-11-e1683117562545-300x224.jpg 300w, https:\/\/courchevelchalets.fr\/wp-content\/uploads\/2023\/05\/Chalet-dEcosse-11-e1683117562545-1024x766.jpg 1024w, https:\/\/courchevelchalets.fr\/wp-content\/uploads\/2023\/05\/Chalet-dEcosse-11-e1683117562545-768x575.jpg 768w, https:\/\/courchevelchalets.fr\/wp-content\/uploads\/2023\/05\/Chalet-dEcosse-11-e1683117562545-1568x1173.jpg 1568w, https:\/\/courchevelchalets.fr\/wp-content\/uploads\/2023\/05\/Chalet-dEcosse-11-e1683117562545.jpg 2034w\" sizes=\"(max-width: 1536px) 100vw, 1536px\" style=\"width:100%;height:74.83%;max-width:2034px;\" \/><\/div><\/a>\n\t\t\t\t<div class=\"elementor-post__text\">\n\t\t\t\t<h3 class=\"elementor-post__title\">\n\t\t\t<a href=\"https:\/\/courchevelchalets.fr\/fr\/rentals\/chalet-decosse\/\" >\n\t\t\t\tChalet d&rsquo;Ecosse\t\t\t<\/a>\n\t\t<\/h3>\n\t\t\t\t<div class=\"elementor-post__excerpt\">\n\t\t\t<p>650m\u00b2 &#8211; 6 Chambres &#8211; POA<\/p>\n\t\t<\/div>\n\t\t\t\t<\/div>\n\t\t\t\t\t<\/div>\n\t\t<\/article>\n\t\t\t\t<article class=\"elementor-post elementor-grid-item post-13991 chalets type-chalets status-publish has-post-thumbnail hentry category-luxe location-courchevel-1850 amenities-cinema amenities-gym amenities-parking amenities-pool amenities-ski-in-ski-out amenities-ski-room amenities-spa type_of_rental-chalets entry\" role=\"listitem\">\n\t\t\t<div class=\"elementor-post__card\">\n\t\t\t\t<a class=\"elementor-post__thumbnail__link\" href=\"https:\/\/courchevelchalets.fr\/fr\/rentals\/les-arolles\/\" tabindex=\"-1\" ><div class=\"elementor-post__thumbnail\"><img loading=\"lazy\" decoding=\"async\" width=\"890\" height=\"667\" src=\"https:\/\/courchevelchalets.fr\/wp-content\/uploads\/2023\/05\/Les-Arolles-86-e1683021454306.jpg\" class=\"attachment-1536x1536 size-1536x1536 wp-image-8437\" alt=\"\" srcset=\"https:\/\/courchevelchalets.fr\/wp-content\/uploads\/2023\/05\/Les-Arolles-86-e1683021454306.jpg 890w, https:\/\/courchevelchalets.fr\/wp-content\/uploads\/2023\/05\/Les-Arolles-86-e1683021454306-300x225.jpg 300w, https:\/\/courchevelchalets.fr\/wp-content\/uploads\/2023\/05\/Les-Arolles-86-e1683021454306-768x576.jpg 768w\" sizes=\"(max-width: 890px) 100vw, 890px\" style=\"width:100%;height:74.94%;max-width:890px;\" \/><\/div><\/a>\n\t\t\t\t<div class=\"elementor-post__text\">\n\t\t\t\t<h3 class=\"elementor-post__title\">\n\t\t\t<a href=\"https:\/\/courchevelchalets.fr\/fr\/rentals\/les-arolles\/\" >\n\t\t\t\tLes Arolles\t\t\t<\/a>\n\t\t<\/h3>\n\t\t\t\t<div class=\"elementor-post__excerpt\">\n\t\t\t<p>600m\u00b2 &#8211; 6 Chambres &#8211; \u20ac52,500<\/p>\n\t\t<\/div>\n\t\t\t\t<\/div>\n\t\t\t\t\t<\/div>\n\t\t<\/article>\n\t\t\t\t<article class=\"elementor-post elementor-grid-item post-14007 chalets type-chalets status-publish has-post-thumbnail hentry category-luxe location-courchevel-1850 amenities-cinema amenities-gym amenities-parking amenities-pool amenities-ski-in-ski-out amenities-ski-room amenities-spa type_of_rental-chalets entry\" role=\"listitem\">\n\t\t\t<div class=\"elementor-post__card\">\n\t\t\t\t<a class=\"elementor-post__thumbnail__link\" href=\"https:\/\/courchevelchalets.fr\/fr\/rentals\/chalet-albaron\/\" tabindex=\"-1\" ><div class=\"elementor-post__thumbnail\"><img loading=\"lazy\" decoding=\"async\" width=\"791\" height=\"593\" src=\"https:\/\/courchevelchalets.fr\/wp-content\/uploads\/2023\/05\/Chalet-Albaron-13-e1683019696174.png\" class=\"attachment-1536x1536 size-1536x1536 wp-image-8347\" alt=\"\" srcset=\"https:\/\/courchevelchalets.fr\/wp-content\/uploads\/2023\/05\/Chalet-Albaron-13-e1683019696174.png 791w, https:\/\/courchevelchalets.fr\/wp-content\/uploads\/2023\/05\/Chalet-Albaron-13-e1683019696174-300x225.png 300w, https:\/\/courchevelchalets.fr\/wp-content\/uploads\/2023\/05\/Chalet-Albaron-13-e1683019696174-768x576.png 768w\" sizes=\"(max-width: 791px) 100vw, 791px\" style=\"width:100%;height:74.97%;max-width:791px;\" \/><\/div><\/a>\n\t\t\t\t<div class=\"elementor-post__text\">\n\t\t\t\t<h3 class=\"elementor-post__title\">\n\t\t\t<a href=\"https:\/\/courchevelchalets.fr\/fr\/rentals\/chalet-albaron\/\" >\n\t\t\t\tChalet Albaron\t\t\t<\/a>\n\t\t<\/h3>\n\t\t\t\t<div class=\"elementor-post__excerpt\">\n\t\t\t<p>500m\u00b2 &#8211; 6 Chambres &#8211; \u20ac20,000<\/p>\n\t\t<\/div>\n\t\t\t\t<\/div>\n\t\t\t\t\t<\/div>\n\t\t<\/article>\n\t\t\t\t<article class=\"elementor-post elementor-grid-item post-13977 chalets type-chalets status-publish has-post-thumbnail hentry category-luxe location-courchevel-1350 amenities-pool amenities-ski-room amenities-spa type_of_rental-chalets entry\" role=\"listitem\">\n\t\t\t<div class=\"elementor-post__card\">\n\t\t\t\t<a class=\"elementor-post__thumbnail__link\" href=\"https:\/\/courchevelchalets.fr\/fr\/rentals\/le-chalet-blanc\/\" tabindex=\"-1\" ><div class=\"elementor-post__thumbnail\"><img loading=\"lazy\" decoding=\"async\" width=\"1536\" height=\"1151\" src=\"https:\/\/courchevelchalets.fr\/wp-content\/uploads\/2023\/05\/white-chalet-e1683018043229-1536x1151.jpg\" class=\"attachment-1536x1536 size-1536x1536 wp-image-8293\" alt=\"\" srcset=\"https:\/\/courchevelchalets.fr\/wp-content\/uploads\/2023\/05\/white-chalet-e1683018043229-1536x1151.jpg 1536w, https:\/\/courchevelchalets.fr\/wp-content\/uploads\/2023\/05\/white-chalet-e1683018043229-300x225.jpg 300w, https:\/\/courchevelchalets.fr\/wp-content\/uploads\/2023\/05\/white-chalet-e1683018043229-1024x767.jpg 1024w, https:\/\/courchevelchalets.fr\/wp-content\/uploads\/2023\/05\/white-chalet-e1683018043229-768x575.jpg 768w, https:\/\/courchevelchalets.fr\/wp-content\/uploads\/2023\/05\/white-chalet-e1683018043229-1568x1175.jpg 1568w, https:\/\/courchevelchalets.fr\/wp-content\/uploads\/2023\/05\/white-chalet-e1683018043229.jpg 1775w\" sizes=\"(max-width: 1536px) 100vw, 1536px\" style=\"width:100%;height:74.93%;max-width:1775px;\" \/><\/div><\/a>\n\t\t\t\t<div class=\"elementor-post__text\">\n\t\t\t\t<h3 class=\"elementor-post__title\">\n\t\t\t<a href=\"https:\/\/courchevelchalets.fr\/fr\/rentals\/le-chalet-blanc\/\" >\n\t\t\t\tLe chalet blanc\t\t\t<\/a>\n\t\t<\/h3>\n\t\t\t\t<div class=\"elementor-post__excerpt\">\n\t\t\t<p>270m\u00b2 &#8211; 5 Chambres &#8211; POA<\/p>\n\t\t<\/div>\n\t\t\t\t<\/div>\n\t\t\t\t\t<\/div>\n\t\t<\/article>\n\t\t\t\t<article class=\"elementor-post elementor-grid-item post-14022 chalets type-chalets status-publish has-post-thumbnail hentry category-en-vedette category-luxe location-courchevel-1850 amenities-cinema amenities-gym amenities-parking amenities-pool amenities-ski-in-ski-out amenities-ski-room amenities-spa amenities-staff type_of_rental-chalets entry\" role=\"listitem\">\n\t\t\t<div class=\"elementor-post__card\">\n\t\t\t\t<a class=\"elementor-post__thumbnail__link\" href=\"https:\/\/courchevelchalets.fr\/fr\/rentals\/chalet-pearl\/\" tabindex=\"-1\" ><div class=\"elementor-post__thumbnail\"><img loading=\"lazy\" decoding=\"async\" width=\"631\" height=\"473\" src=\"https:\/\/courchevelchalets.fr\/wp-content\/uploads\/2023\/05\/Outside-2-e1698685334843-1-e1698685511457.jpg\" class=\"attachment-1536x1536 size-1536x1536 wp-image-11677\" alt=\"\" srcset=\"https:\/\/courchevelchalets.fr\/wp-content\/uploads\/2023\/05\/Outside-2-e1698685334843-1-e1698685511457.jpg 631w, https:\/\/courchevelchalets.fr\/wp-content\/uploads\/2023\/05\/Outside-2-e1698685334843-1-e1698685511457-300x225.jpg 300w\" sizes=\"(max-width: 631px) 100vw, 631px\" style=\"width:100%;height:74.96%;max-width:631px;\" \/><\/div><\/a>\n\t\t\t\t<div class=\"elementor-post__text\">\n\t\t\t\t<h3 class=\"elementor-post__title\">\n\t\t\t<a href=\"https:\/\/courchevelchalets.fr\/fr\/rentals\/chalet-pearl\/\" >\n\t\t\t\tChalet Pearl\t\t\t<\/a>\n\t\t<\/h3>\n\t\t\t\t<div class=\"elementor-post__excerpt\">\n\t\t\t<p>900m\u00b2 &#8211; 7 Chambres &#8211; \u20ac75,000<\/p>\n\t\t<\/div>\n\t\t\t\t<\/div>\n\t\t\t\t\t<\/div>\n\t\t<\/article>\n\t\t\t\t<article class=\"elementor-post elementor-grid-item post-13992 chalets type-chalets status-publish has-post-thumbnail hentry category-luxe location-courchevel-1850 amenities-cinema amenities-gym amenities-parking amenities-pool amenities-ski-in-ski-out amenities-ski-room amenities-spa amenities-staff type_of_rental-chalets entry\" role=\"listitem\">\n\t\t\t<div class=\"elementor-post__card\">\n\t\t\t\t<a class=\"elementor-post__thumbnail__link\" href=\"https:\/\/courchevelchalets.fr\/fr\/rentals\/le-petit-chateau\/\" tabindex=\"-1\" ><div class=\"elementor-post__thumbnail\"><img loading=\"lazy\" decoding=\"async\" width=\"1040\" height=\"781\" src=\"https:\/\/courchevelchalets.fr\/wp-content\/uploads\/2023\/04\/Le-Petit-Chateau-10-e1682591064675.jpg\" class=\"attachment-1536x1536 size-1536x1536 wp-image-7951\" alt=\"\" srcset=\"https:\/\/courchevelchalets.fr\/wp-content\/uploads\/2023\/04\/Le-Petit-Chateau-10-e1682591064675.jpg 1040w, https:\/\/courchevelchalets.fr\/wp-content\/uploads\/2023\/04\/Le-Petit-Chateau-10-e1682591064675-300x225.jpg 300w, https:\/\/courchevelchalets.fr\/wp-content\/uploads\/2023\/04\/Le-Petit-Chateau-10-e1682591064675-1024x769.jpg 1024w, https:\/\/courchevelchalets.fr\/wp-content\/uploads\/2023\/04\/Le-Petit-Chateau-10-e1682591064675-768x577.jpg 768w\" sizes=\"(max-width: 1040px) 100vw, 1040px\" style=\"width:100%;height:75.1%;max-width:1040px;\" \/><\/div><\/a>\n\t\t\t\t<div class=\"elementor-post__text\">\n\t\t\t\t<h3 class=\"elementor-post__title\">\n\t\t\t<a href=\"https:\/\/courchevelchalets.fr\/fr\/rentals\/le-petit-chateau\/\" >\n\t\t\t\tLe Petit Ch\u00e2teau\t\t\t<\/a>\n\t\t<\/h3>\n\t\t\t\t<div class=\"elementor-post__excerpt\">\n\t\t\t<p>755m\u00b2 &#8211; 7 Chambres &#8211; \u20ac48,000<\/p>\n\t\t<\/div>\n\t\t\t\t<\/div>\n\t\t\t\t\t<\/div>\n\t\t<\/article>\n\t\t\t\t<article class=\"elementor-post elementor-grid-item post-14005 chalets type-chalets status-publish has-post-thumbnail hentry category-luxe location-courchevel-1850 amenities-cinema amenities-gym amenities-parking amenities-pool amenities-ski-in-ski-out amenities-ski-room amenities-spa amenities-staff type_of_rental-chalets entry\" role=\"listitem\">\n\t\t\t<div class=\"elementor-post__card\">\n\t\t\t\t<a class=\"elementor-post__thumbnail__link\" href=\"https:\/\/courchevelchalets.fr\/fr\/rentals\/le-petit-palais\/\" tabindex=\"-1\" ><div class=\"elementor-post__thumbnail\"><img loading=\"lazy\" decoding=\"async\" width=\"1536\" height=\"1150\" src=\"https:\/\/courchevelchalets.fr\/wp-content\/uploads\/2023\/04\/lp-palais-outdoor-night-1-e1682589411301-1536x1150.jpg\" class=\"attachment-1536x1536 size-1536x1536 wp-image-7851\" alt=\"\" srcset=\"https:\/\/courchevelchalets.fr\/wp-content\/uploads\/2023\/04\/lp-palais-outdoor-night-1-e1682589411301-1536x1150.jpg 1536w, https:\/\/courchevelchalets.fr\/wp-content\/uploads\/2023\/04\/lp-palais-outdoor-night-1-e1682589411301-300x225.jpg 300w, https:\/\/courchevelchalets.fr\/wp-content\/uploads\/2023\/04\/lp-palais-outdoor-night-1-e1682589411301-1024x766.jpg 1024w, https:\/\/courchevelchalets.fr\/wp-content\/uploads\/2023\/04\/lp-palais-outdoor-night-1-e1682589411301-768x575.jpg 768w, https:\/\/courchevelchalets.fr\/wp-content\/uploads\/2023\/04\/lp-palais-outdoor-night-1-e1682589411301-1568x1174.jpg 1568w, https:\/\/courchevelchalets.fr\/wp-content\/uploads\/2023\/04\/lp-palais-outdoor-night-1-e1682589411301.jpg 2004w\" sizes=\"(max-width: 1536px) 100vw, 1536px\" style=\"width:100%;height:74.85%;max-width:2004px;\" \/><\/div><\/a>\n\t\t\t\t<div class=\"elementor-post__text\">\n\t\t\t\t<h3 class=\"elementor-post__title\">\n\t\t\t<a href=\"https:\/\/courchevelchalets.fr\/fr\/rentals\/le-petit-palais\/\" >\n\t\t\t\tLe Petit Palais\t\t\t<\/a>\n\t\t<\/h3>\n\t\t\t\t<div class=\"elementor-post__excerpt\">\n\t\t\t<p>  1672m\u00b2 &#8211; 7 Chambres &#8211; POA<\/p>\n\t\t<\/div>\n\t\t\t\t<\/div>\n\t\t\t\t\t<\/div>\n\t\t<\/article>\n\t\t\t\t<article class=\"elementor-post elementor-grid-item post-13976 chalets type-chalets status-publish has-post-thumbnail hentry category-luxe location-courchevel-1850 amenities-cinema amenities-gym amenities-parking amenities-pool amenities-ski-in-ski-out amenities-ski-room amenities-spa amenities-staff type_of_rental-chalets entry\" role=\"listitem\">\n\t\t\t<div class=\"elementor-post__card\">\n\t\t\t\t<a class=\"elementor-post__thumbnail__link\" href=\"https:\/\/courchevelchalets.fr\/fr\/rentals\/chalet-le-refuge\/\" tabindex=\"-1\" ><div class=\"elementor-post__thumbnail\"><img loading=\"lazy\" decoding=\"async\" width=\"1536\" height=\"1151\" src=\"https:\/\/courchevelchalets.fr\/wp-content\/uploads\/2023\/04\/Chalet-Le-Refuge-13-e1682520817967-1536x1151.jpeg\" class=\"attachment-1536x1536 size-1536x1536 wp-image-7842\" alt=\"\" srcset=\"https:\/\/courchevelchalets.fr\/wp-content\/uploads\/2023\/04\/Chalet-Le-Refuge-13-e1682520817967-1536x1151.jpeg 1536w, https:\/\/courchevelchalets.fr\/wp-content\/uploads\/2023\/04\/Chalet-Le-Refuge-13-e1682520817967-300x225.jpeg 300w, https:\/\/courchevelchalets.fr\/wp-content\/uploads\/2023\/04\/Chalet-Le-Refuge-13-e1682520817967-1024x767.jpeg 1024w, https:\/\/courchevelchalets.fr\/wp-content\/uploads\/2023\/04\/Chalet-Le-Refuge-13-e1682520817967-768x576.jpeg 768w, https:\/\/courchevelchalets.fr\/wp-content\/uploads\/2023\/04\/Chalet-Le-Refuge-13-e1682520817967-1568x1175.jpeg 1568w, https:\/\/courchevelchalets.fr\/wp-content\/uploads\/2023\/04\/Chalet-Le-Refuge-13-e1682520817967.jpeg 1920w\" sizes=\"(max-width: 1536px) 100vw, 1536px\" style=\"width:100%;height:74.95%;max-width:1920px;\" \/><\/div><\/a>\n\t\t\t\t<div class=\"elementor-post__text\">\n\t\t\t\t<h3 class=\"elementor-post__title\">\n\t\t\t<a href=\"https:\/\/courchevelchalets.fr\/fr\/rentals\/chalet-le-refuge\/\" >\n\t\t\t\tChalet Le Refuge\t\t\t<\/a>\n\t\t<\/h3>\n\t\t\t\t<div class=\"elementor-post__excerpt\">\n\t\t\t<p>1000m\u00b2 &#8211; 9 Chambres &#8211; POA<\/p>\n\t\t<\/div>\n\t\t\t\t<\/div>\n\t\t\t\t\t<\/div>\n\t\t<\/article>\n\t\t\t\t<article class=\"elementor-post elementor-grid-item post-13975 chalets type-chalets status-publish has-post-thumbnail hentry category-luxe location-courchevel-1850 amenities-cinema amenities-parking amenities-pool amenities-ski-in-ski-out amenities-ski-room amenities-spa type_of_rental-chalets entry\" role=\"listitem\">\n\t\t\t<div class=\"elementor-post__card\">\n\t\t\t\t<a class=\"elementor-post__thumbnail__link\" href=\"https:\/\/courchevelchalets.fr\/fr\/rentals\/chalet-dantan\/\" tabindex=\"-1\" ><div class=\"elementor-post__thumbnail\"><img loading=\"lazy\" decoding=\"async\" width=\"937\" height=\"702\" src=\"https:\/\/courchevelchalets.fr\/wp-content\/uploads\/2023\/04\/Chalet-dAntan-8-e1682440541260.jpg\" class=\"attachment-1536x1536 size-1536x1536 wp-image-7435\" alt=\"\" srcset=\"https:\/\/courchevelchalets.fr\/wp-content\/uploads\/2023\/04\/Chalet-dAntan-8-e1682440541260.jpg 937w, https:\/\/courchevelchalets.fr\/wp-content\/uploads\/2023\/04\/Chalet-dAntan-8-e1682440541260-300x225.jpg 300w, https:\/\/courchevelchalets.fr\/wp-content\/uploads\/2023\/04\/Chalet-dAntan-8-e1682440541260-768x575.jpg 768w\" sizes=\"(max-width: 937px) 100vw, 937px\" style=\"width:100%;height:74.92%;max-width:937px;\" \/><\/div><\/a>\n\t\t\t\t<div class=\"elementor-post__text\">\n\t\t\t\t<h3 class=\"elementor-post__title\">\n\t\t\t<a href=\"https:\/\/courchevelchalets.fr\/fr\/rentals\/chalet-dantan\/\" >\n\t\t\t\tChalet d&rsquo;Antan\t\t\t<\/a>\n\t\t<\/h3>\n\t\t\t\t<div class=\"elementor-post__excerpt\">\n\t\t\t<p>700m\u00b2 &#8211; 6 Chambres &#8211; \u20ac65,000<\/p>\n\t\t<\/div>\n\t\t\t\t<\/div>\n\t\t\t\t\t<\/div>\n\t\t<\/article>\n\t\t\t\t<article class=\"elementor-post elementor-grid-item post-13999 chalets type-chalets status-publish has-post-thumbnail hentry category-luxe location-courchevel-1850 amenities-pool amenities-ski-in-ski-out amenities-ski-room amenities-staff type_of_rental-chalets entry\" role=\"listitem\">\n\t\t\t<div class=\"elementor-post__card\">\n\t\t\t\t<a class=\"elementor-post__thumbnail__link\" href=\"https:\/\/courchevelchalets.fr\/fr\/rentals\/chalet-lya\/\" tabindex=\"-1\" ><div class=\"elementor-post__thumbnail\"><img loading=\"lazy\" decoding=\"async\" width=\"1077\" height=\"806\" src=\"https:\/\/courchevelchalets.fr\/wp-content\/uploads\/2023\/04\/Chalet-Lya-6-e1682440608511.png\" class=\"attachment-1536x1536 size-1536x1536 wp-image-7303\" alt=\"\" srcset=\"https:\/\/courchevelchalets.fr\/wp-content\/uploads\/2023\/04\/Chalet-Lya-6-e1682440608511.png 1077w, https:\/\/courchevelchalets.fr\/wp-content\/uploads\/2023\/04\/Chalet-Lya-6-e1682440608511-300x225.png 300w, https:\/\/courchevelchalets.fr\/wp-content\/uploads\/2023\/04\/Chalet-Lya-6-e1682440608511-1024x766.png 1024w, https:\/\/courchevelchalets.fr\/wp-content\/uploads\/2023\/04\/Chalet-Lya-6-e1682440608511-768x575.png 768w\" sizes=\"(max-width: 1077px) 100vw, 1077px\" style=\"width:100%;height:74.84%;max-width:1077px;\" \/><\/div><\/a>\n\t\t\t\t<div class=\"elementor-post__text\">\n\t\t\t\t<h3 class=\"elementor-post__title\">\n\t\t\t<a href=\"https:\/\/courchevelchalets.fr\/fr\/rentals\/chalet-lya\/\" >\n\t\t\t\tChalet Lya\t\t\t<\/a>\n\t\t<\/h3>\n\t\t\t\t<div class=\"elementor-post__excerpt\">\n\t\t\t<p>600m\u00b2 &#8211; 8 Chambres &#8211; \u20ac30,000<\/p>\n\t\t<\/div>\n\t\t\t\t<\/div>\n\t\t\t\t\t<\/div>\n\t\t<\/article>\n\t\t\t\t<article class=\"elementor-post elementor-grid-item post-13988 chalets type-chalets status-publish has-post-thumbnail hentry category-luxe location-courchevel-1850 amenities-cinema amenities-gym amenities-parking amenities-pool amenities-ski-in-ski-out amenities-ski-room amenities-spa amenities-staff type_of_rental-chalets entry\" role=\"listitem\">\n\t\t\t<div class=\"elementor-post__card\">\n\t\t\t\t<a class=\"elementor-post__thumbnail__link\" href=\"https:\/\/courchevelchalets.fr\/fr\/rentals\/chalet-midnight\/\" tabindex=\"-1\" ><div class=\"elementor-post__thumbnail\"><img loading=\"lazy\" decoding=\"async\" width=\"1111\" height=\"835\" src=\"https:\/\/courchevelchalets.fr\/wp-content\/uploads\/2023\/04\/Chalet-Midnight-4-1-e1682440699633.png\" class=\"attachment-1536x1536 size-1536x1536 wp-image-7210\" alt=\"\" srcset=\"https:\/\/courchevelchalets.fr\/wp-content\/uploads\/2023\/04\/Chalet-Midnight-4-1-e1682440699633.png 1111w, https:\/\/courchevelchalets.fr\/wp-content\/uploads\/2023\/04\/Chalet-Midnight-4-1-e1682440699633-300x225.png 300w, https:\/\/courchevelchalets.fr\/wp-content\/uploads\/2023\/04\/Chalet-Midnight-4-1-e1682440699633-1024x770.png 1024w, https:\/\/courchevelchalets.fr\/wp-content\/uploads\/2023\/04\/Chalet-Midnight-4-1-e1682440699633-768x577.png 768w\" sizes=\"(max-width: 1111px) 100vw, 1111px\" style=\"width:100%;height:75.16%;max-width:1111px;\" \/><\/div><\/a>\n\t\t\t\t<div class=\"elementor-post__text\">\n\t\t\t\t<h3 class=\"elementor-post__title\">\n\t\t\t<a href=\"https:\/\/courchevelchalets.fr\/fr\/rentals\/chalet-midnight\/\" >\n\t\t\t\tChalet Midnight\t\t\t<\/a>\n\t\t<\/h3>\n\t\t\t\t<div class=\"elementor-post__excerpt\">\n\t\t\t<p>1350m\u00b2 &#8211; 8 Chambres &#8211; \u20ac100,000<\/p>\n\t\t<\/div>\n\t\t\t\t<\/div>\n\t\t\t\t\t<\/div>\n\t\t<\/article>\n\t\t\t\t<\/div>\n\t\t\n\t\t\t\t\t\t<\/div>\n\t\t\t\t<\/div>\n\t\t\t\t\t<\/div>\n\t\t<\/div>\n\t\t\t\t\t<\/div>\n\t\t<\/section>\n\t\t\t\t<\/div>\n\t\t","protected":false},"excerpt":{"rendered":"<p>LOCATIONS AVEC PISCINE Location de chalets \u00e0 Courchevel avec piscine Disposer d&rsquo;une piscine dans un chalet \u00e0 Courchevel est un luxe important pour plusieurs raisons. Apr\u00e8s une longue journ\u00e9e sur les pistes, il n&rsquo;y a rien de mieux que de faire un plongeon dans une piscine chaude et relaxante pour soulager les muscles fatigu\u00e9s et&hellip; <a class=\"more-link\" href=\"https:\/\/courchevelchalets.fr\/fr\/rentals\/chalet-midnight\/\">Poursuivre la lecture <span class=\"screen-reader-text\">Chalet Midnight<\/span><\/a><\/p>\n","protected":false},"author":2,"featured_media":6721,"parent":0,"menu_order":0,"comment_status":"closed","ping_status":"closed","template":"elementor_header_footer","meta":{"_acf_changed":false,"footnotes":""},"class_list":["post-13456","page","type-page","status-publish","has-post-thumbnail","hentry","entry"],"acf":[],"yoast_head":"<!-- This site is optimized with the Yoast SEO plugin v25.6 - https:\/\/yoast.com\/wordpress\/plugins\/seo\/ -->\n<title>Location de chalet \u00e0 Courchevel avec piscine-Courchevel Chalets%%.<\/title>\n<meta name=\"description\" content=\"D\u00e9couvrez votre prochaine location de chalet Courchevel avec piscine pour les vacances d&#039;hiver et louez une maison \u00e0 Courchevel avec vos amis et votre famille.\" \/>\n<meta name=\"robots\" content=\"index, follow, max-snippet:-1, max-image-preview:large, max-video-preview:-1\" \/>\n<meta property=\"og:locale\" content=\"fr_FR\" \/>\n<meta property=\"og:type\" content=\"article\" \/>\n<meta property=\"og:title\" content=\"Location de chalet \u00e0 Courchevel avec piscine-Courchevel Chalets%%.\" \/>\n<meta property=\"og:description\" content=\"D\u00e9couvrez votre prochaine location de chalet Courchevel avec piscine pour les vacances d&#039;hiver et louez une maison \u00e0 Courchevel avec vos amis et votre famille.\" \/>\n<meta property=\"og:url\" content=\"https:\/\/courchevelchalets.fr\/fr\/avec-piscine\/\" \/>\n<meta property=\"og:site_name\" content=\"Courchevel Chalets\" \/>\n<meta property=\"article:modified_time\" content=\"2024-01-29T11:41:24+00:00\" \/>\n<meta property=\"og:image\" content=\"https:\/\/courchevelchalets.fr\/wp-content\/uploads\/2022\/09\/Villa-Illona-18.jpg\" \/>\n\t<meta property=\"og:image:width\" content=\"2000\" \/>\n\t<meta property=\"og:image:height\" content=\"1334\" \/>\n\t<meta property=\"og:image:type\" content=\"image\/jpeg\" \/>\n<meta name=\"twitter:card\" content=\"summary_large_image\" \/>\n<meta name=\"twitter:label1\" content=\"Dur\u00e9e de lecture estim\u00e9e\" \/>\n\t<meta name=\"twitter:data1\" content=\"1 minute\" \/>\n<script type=\"application\/ld+json\" class=\"yoast-schema-graph\">{\"@context\":\"https:\/\/schema.org\",\"@graph\":[{\"@type\":\"WebPage\",\"@id\":\"https:\/\/courchevelchalets.fr\/fr\/avec-piscine\/\",\"url\":\"https:\/\/courchevelchalets.fr\/fr\/avec-piscine\/\",\"name\":\"Location de chalet \u00e0 Courchevel avec piscine-Courchevel Chalets%%.\",\"isPartOf\":{\"@id\":\"https:\/\/courchevelchalets.fr\/fr\/#website\"},\"primaryImageOfPage\":{\"@id\":\"https:\/\/courchevelchalets.fr\/fr\/avec-piscine\/#primaryimage\"},\"image\":{\"@id\":\"https:\/\/courchevelchalets.fr\/fr\/avec-piscine\/#primaryimage\"},\"thumbnailUrl\":\"https:\/\/courchevelchalets.fr\/wp-content\/uploads\/2022\/09\/Villa-Illona-18.jpg\",\"datePublished\":\"2022-01-16T08:22:25+00:00\",\"dateModified\":\"2024-01-29T11:41:24+00:00\",\"description\":\"D\u00e9couvrez votre prochaine location de chalet Courchevel avec piscine pour les vacances d'hiver et louez une maison \u00e0 Courchevel avec vos amis et votre famille.\",\"breadcrumb\":{\"@id\":\"https:\/\/courchevelchalets.fr\/fr\/avec-piscine\/#breadcrumb\"},\"inLanguage\":\"fr-FR\",\"potentialAction\":[{\"@type\":\"ReadAction\",\"target\":[\"https:\/\/courchevelchalets.fr\/fr\/avec-piscine\/\"]}]},{\"@type\":\"ImageObject\",\"inLanguage\":\"fr-FR\",\"@id\":\"https:\/\/courchevelchalets.fr\/fr\/avec-piscine\/#primaryimage\",\"url\":\"https:\/\/courchevelchalets.fr\/wp-content\/uploads\/2022\/09\/Villa-Illona-18.jpg\",\"contentUrl\":\"https:\/\/courchevelchalets.fr\/wp-content\/uploads\/2022\/09\/Villa-Illona-18.jpg\",\"width\":2000,\"height\":1334},{\"@type\":\"BreadcrumbList\",\"@id\":\"https:\/\/courchevelchalets.fr\/fr\/avec-piscine\/#breadcrumb\",\"itemListElement\":[{\"@type\":\"ListItem\",\"position\":1,\"name\":\"Home\",\"item\":\"https:\/\/courchevelchalets.fr\/fr\/\"},{\"@type\":\"ListItem\",\"position\":2,\"name\":\"Avec piscine\"}]},{\"@type\":\"WebSite\",\"@id\":\"https:\/\/courchevelchalets.fr\/fr\/#website\",\"url\":\"https:\/\/courchevelchalets.fr\/fr\/\",\"name\":\"Courchevel Chalets\",\"description\":\"Courchevel Chalets\",\"publisher\":{\"@id\":\"https:\/\/courchevelchalets.fr\/fr\/#organization\"},\"potentialAction\":[{\"@type\":\"SearchAction\",\"target\":{\"@type\":\"EntryPoint\",\"urlTemplate\":\"https:\/\/courchevelchalets.fr\/fr\/?s={search_term_string}\"},\"query-input\":{\"@type\":\"PropertyValueSpecification\",\"valueRequired\":true,\"valueName\":\"search_term_string\"}}],\"inLanguage\":\"fr-FR\"},{\"@type\":\"Organization\",\"@id\":\"https:\/\/courchevelchalets.fr\/fr\/#organization\",\"name\":\"Courchevel Chalets\",\"url\":\"https:\/\/courchevelchalets.fr\/fr\/\",\"logo\":{\"@type\":\"ImageObject\",\"inLanguage\":\"fr-FR\",\"@id\":\"https:\/\/courchevelchalets.fr\/fr\/#\/schema\/logo\/image\/\",\"url\":\"\",\"contentUrl\":\"\",\"caption\":\"Courchevel Chalets\"},\"image\":{\"@id\":\"https:\/\/courchevelchalets.fr\/fr\/#\/schema\/logo\/image\/\"}}]}<\/script>\n<!-- \/ Yoast SEO plugin. -->","yoast_head_json":{"title":"Location de chalet \u00e0 Courchevel avec piscine-Courchevel Chalets%%.","description":"D\u00e9couvrez votre prochaine location de chalet Courchevel avec piscine pour les vacances d'hiver et louez une maison \u00e0 Courchevel avec vos amis et votre famille.","robots":{"index":"index","follow":"follow","max-snippet":"max-snippet:-1","max-image-preview":"max-image-preview:large","max-video-preview":"max-video-preview:-1"},"og_locale":"fr_FR","og_type":"article","og_title":"Location de chalet \u00e0 Courchevel avec piscine-Courchevel Chalets%%.","og_description":"D\u00e9couvrez votre prochaine location de chalet Courchevel avec piscine pour les vacances d'hiver et louez une maison \u00e0 Courchevel avec vos amis et votre famille.","og_url":"https:\/\/courchevelchalets.fr\/fr\/avec-piscine\/","og_site_name":"Courchevel Chalets","article_modified_time":"2024-01-29T11:41:24+00:00","og_image":[{"width":2000,"height":1334,"url":"https:\/\/courchevelchalets.fr\/wp-content\/uploads\/2022\/09\/Villa-Illona-18.jpg","type":"image\/jpeg"}],"twitter_card":"summary_large_image","twitter_misc":{"Dur\u00e9e de lecture estim\u00e9e":"1 minute"},"schema":{"@context":"https:\/\/schema.org","@graph":[{"@type":"WebPage","@id":"https:\/\/courchevelchalets.fr\/fr\/avec-piscine\/","url":"https:\/\/courchevelchalets.fr\/fr\/avec-piscine\/","name":"Location de chalet \u00e0 Courchevel avec piscine-Courchevel Chalets%%.","isPartOf":{"@id":"https:\/\/courchevelchalets.fr\/fr\/#website"},"primaryImageOfPage":{"@id":"https:\/\/courchevelchalets.fr\/fr\/avec-piscine\/#primaryimage"},"image":{"@id":"https:\/\/courchevelchalets.fr\/fr\/avec-piscine\/#primaryimage"},"thumbnailUrl":"https:\/\/courchevelchalets.fr\/wp-content\/uploads\/2022\/09\/Villa-Illona-18.jpg","datePublished":"2022-01-16T08:22:25+00:00","dateModified":"2024-01-29T11:41:24+00:00","description":"D\u00e9couvrez votre prochaine location de chalet Courchevel avec piscine pour les vacances d'hiver et louez une maison \u00e0 Courchevel avec vos amis et votre famille.","breadcrumb":{"@id":"https:\/\/courchevelchalets.fr\/fr\/avec-piscine\/#breadcrumb"},"inLanguage":"fr-FR","potentialAction":[{"@type":"ReadAction","target":["https:\/\/courchevelchalets.fr\/fr\/avec-piscine\/"]}]},{"@type":"ImageObject","inLanguage":"fr-FR","@id":"https:\/\/courchevelchalets.fr\/fr\/avec-piscine\/#primaryimage","url":"https:\/\/courchevelchalets.fr\/wp-content\/uploads\/2022\/09\/Villa-Illona-18.jpg","contentUrl":"https:\/\/courchevelchalets.fr\/wp-content\/uploads\/2022\/09\/Villa-Illona-18.jpg","width":2000,"height":1334},{"@type":"BreadcrumbList","@id":"https:\/\/courchevelchalets.fr\/fr\/avec-piscine\/#breadcrumb","itemListElement":[{"@type":"ListItem","position":1,"name":"Home","item":"https:\/\/courchevelchalets.fr\/fr\/"},{"@type":"ListItem","position":2,"name":"Avec piscine"}]},{"@type":"WebSite","@id":"https:\/\/courchevelchalets.fr\/fr\/#website","url":"https:\/\/courchevelchalets.fr\/fr\/","name":"Courchevel Chalets","description":"Courchevel Chalets","publisher":{"@id":"https:\/\/courchevelchalets.fr\/fr\/#organization"},"potentialAction":[{"@type":"SearchAction","target":{"@type":"EntryPoint","urlTemplate":"https:\/\/courchevelchalets.fr\/fr\/?s={search_term_string}"},"query-input":{"@type":"PropertyValueSpecification","valueRequired":true,"valueName":"search_term_string"}}],"inLanguage":"fr-FR"},{"@type":"Organization","@id":"https:\/\/courchevelchalets.fr\/fr\/#organization","name":"Courchevel Chalets","url":"https:\/\/courchevelchalets.fr\/fr\/","logo":{"@type":"ImageObject","inLanguage":"fr-FR","@id":"https:\/\/courchevelchalets.fr\/fr\/#\/schema\/logo\/image\/","url":"","contentUrl":"","caption":"Courchevel Chalets"},"image":{"@id":"https:\/\/courchevelchalets.fr\/fr\/#\/schema\/logo\/image\/"}}]}},"distributor_meta":false,"distributor_terms":false,"distributor_media":false,"distributor_original_site_name":"Courchevel Chalets","distributor_original_site_url":"https:\/\/courchevelchalets.fr\/fr\/","push-errors":false,"_links":{"self":[{"href":"https:\/\/courchevelchalets.fr\/fr\/wp-json\/wp\/v2\/pages\/13456"}],"collection":[{"href":"https:\/\/courchevelchalets.fr\/fr\/wp-json\/wp\/v2\/pages"}],"about":[{"href":"https:\/\/courchevelchalets.fr\/fr\/wp-json\/wp\/v2\/types\/page"}],"author":[{"embeddable":true,"href":"https:\/\/courchevelchalets.fr\/fr\/wp-json\/wp\/v2\/users\/2"}],"replies":[{"embeddable":true,"href":"https:\/\/courchevelchalets.fr\/fr\/wp-json\/wp\/v2\/comments?post=13456"}],"version-history":[{"count":0,"href":"https:\/\/courchevelchalets.fr\/fr\/wp-json\/wp\/v2\/pages\/13456\/revisions"}],"wp:featuredmedia":[{"embeddable":true,"href":"https:\/\/courchevelchalets.fr\/fr\/wp-json\/wp\/v2\/media\/6721"}],"wp:attachment":[{"href":"https:\/\/courchevelchalets.fr\/fr\/wp-json\/wp\/v2\/media?parent=13456"}],"curies":[{"name":"wp","href":"https:\/\/api.w.org\/{rel}","templated":true}]}}